{"id":37615,"date":"2024-08-01T10:24:22","date_gmt":"2024-08-01T08:24:22","guid":{"rendered":"https:\/\/ekoenergetyka.com\/?post_type=podcast&#038;p=37615"},"modified":"2024-08-01T10:26:00","modified_gmt":"2024-08-01T08:26:00","slug":"zakonczenie-sezonu-ev-generation-refleksje-i-przyszlosc-elektromobilnosci","status":"publish","type":"podcast","link":"https:\/\/ekoenergetyka.com\/pl\/podcast\/zakonczenie-sezonu-ev-generation-refleksje-i-przyszlosc-elektromobilnosci\/","title":{"rendered":"Zako\u0144czenie sezonu EV Generation: Refleksje i przysz\u0142o\u015b\u0107 elektromobilno\u015bci"},"content":{"rendered":"\n<iframe loading=\"lazy\" class=\"iframe-yt\" width=\"100%\" height=\"562\" src=\"https:\/\/www.youtube.com\/embed\/lNMCjzRvsus?si=QL5zgp-1P_5CMrq4\" title=\"Zako\u0144czenie sezonu EV Generation: Refleksje i przysz\u0142o\u015b\u0107 elektromobilno\u015bci\" frameborder=\"0\" allow=\"accelerometer; autoplay; clipboard-write; encrypted-media; gyroscope; picture-in-picture; web-share\" allowfullscreen><\/iframe>\n\n\n\n<div style=\"height:1em\" aria-hidden=\"true\" class=\"wp-block-spacer\"><\/div>\n\n\n\n<p><strong>LUB POS\u0141UCHAJ:<\/strong><\/p>\n\n\n\n<a class=\"spreaker-player\" href=\"https:\/\/www.spreaker.com\/episode\/zakonczenie-sezonu-ev-generation-refleksje-i-przyszlosc-elektromobilnosci--60881753\" data-resource=\"episode_id=60881753\" data-width=\"100%\" data-height=\"200px\" data-theme=\"light\" data-playlist=\"false\" data-playlist-continuous=\"false\" data-chapters-image=\"true\" data-episode-image-position=\"left\" data-hide-logo=\"true\" data-hide-likes=\"true\" data-hide-comments=\"true\" data-hide-sharing=\"true\" data-hide-download=\"true\" data-color=\"0096a0\">Pos\u0142uchaj \"Zako\u0144czenie sezonu EV Generation: Refleksje i przysz\u0142o\u015b\u0107 elektromobilno\u015bci\" na Spreaker.<\/a>\n\n\n\n<div style=\"height:1em\" aria-hidden=\"true\" class=\"wp-block-spacer\"><\/div>\n\n\n\n<p>Do\u0142\u0105cz do <strong>Mariny Vitovtovej<\/strong> i <strong>Agaty Rz\u0119dowskiej<\/strong> w wyj\u0105tkowym odcinku podsumowuj\u0105cym pierwszy sezon podcastu EV Generation. Po czterech intensywnych miesi\u0105cach i 19 inspiruj\u0105cych rozmowach, nasze prowadz\u0105ce dziel\u0105 si\u0119 niezapomnianymi momentami, najwi\u0119kszymi wyzwaniami i tym, co okaza\u0142o si\u0119 najbardziej inspiruj\u0105ce.<\/p>\n\n\n\n<p>\ud83d\udd0d Marina i Agata przybli\u017caj\u0105 g\u0142\u00f3wne wyzwania bran\u017cy elektromobilno\u015bci i rozwijaj\u0105 temat zielonych miejsc pracy, kt\u00f3re by\u0142y jednym z wa\u017cnych w\u0105tk\u00f3w ich dyskusji. Odkryj, co nasze prowadz\u0105ce s\u0105dzi\u0142y o zarabianiu na elektromobilno\u015bci \u2013 temat, kt\u00f3ry wielokrotnie pojawia\u0142 si\u0119 w rozmowach.<\/p>\n\n\n\n<p>\ud83d\ude04 Nie zabraknie te\u017c lekkich anegdot i zabawnych historii, kt\u00f3re przytrafi\u0142y si\u0119 podczas nagrywania!<\/p>\n\n\n\n<p>\ud83d\udd04 W tym odcinku Marina i Agata odpowiadaj\u0105 na pytanie, kt\u00f3re wcze\u015bniej zadawali swoim go\u015bciom: Gdyby mog\u0142y zmieni\u0107 jedn\u0105 rzecz w \u015bwiecie elektromobilno\u015bci, co by to by\u0142o? A jak\u0105 zmian\u0119 Ty by\u015b wprowadzi\u0142? Podziel si\u0119 swoj\u0105 opini\u0105 w komentarzach!<\/p>\n\n\n\n<p>\ud83c\udf1f Ka\u017cdy koniec to tak\u017ce nowy pocz\u0105tek. Cho\u0107 \u017cegnamy pierwszy sezon, ju\u017c przygotowujemy kolejne niespodzianki i nowo\u015bci dla naszych s\u0142uchaczy. B\u0105d\u017a na bie\u017c\u0105co!<\/p>\n\n\n\n<p>\ud83d\udcec Do\u0142\u0105cz do naszego <strong><a href=\"#newsletter\"><u>newslettera<\/u><\/a><\/strong> i otrzymuj najnowsze wiadomo\u015bci, trendy i artyku\u0142y bezpo\u015brednio na swoj\u0105 skrzynk\u0119 e-mailow\u0105.<\/p>\n","protected":false},"excerpt":{"rendered":"<p>Do\u0142\u0105cz do Mariny Vitovtovej i Agaty Rz\u0119dowskiej w wyj\u0105tkowym odcinku podsumowuj\u0105cym pierwszy sezon podcastu EV Generation. Po czterech intensywnych miesi\u0105cach i 19 inspiruj\u0105cych rozmowach, nasze prowadz\u0105ce dziel\u0105 si\u0119 niezapomnianymi momentami, najwi\u0119kszymi wyzwaniami i tym, co okaza\u0142o si\u0119 najbardziej inspiruj\u0105ce.<\/p>\n","protected":false},"featured_media":37616,"template":"","class_list":["post-37615","podcast","type-podcast","status-publish","has-post-thumbnail","hentry"],"acf":[],"yoast_head":"<!-- This site is optimized with the Yoast SEO Premium plugin v27.3 (Yoast SEO v27.4) - https:\/\/yoast.com\/product\/yoast-seo-premium-wordpress\/ -->\n<title>Zako\u0144czenie sezonu EV Generation: Refleksje i przysz\u0142o\u015b\u0107 elektromobilno\u015bci | Ekoenergetyka<\/title>\n<meta name=\"description\" content=\"Do\u0142\u0105cz do Mariny Vitovtovej i Agaty Rz\u0119dowskiej w wyj\u0105tkowym odcinku podsumowuj\u0105cym pierwszy sezon podcastu EV Generation.\" \/>\n<meta name=\"robots\" content=\"index, follow, max-snippet:-1, max-image-preview:large, max-video-preview:-1\" \/>\n<link rel=\"canonical\" href=\"https:\/\/ekoenergetyka.com\/pl\/podcast\/zakonczenie-sezonu-ev-generation-refleksje-i-przyszlosc-elektromobilnosci\/\" \/>\n<meta property=\"og:locale\" content=\"pl_PL\" \/>\n<meta property=\"og:type\" content=\"article\" \/>\n<meta property=\"og:title\" content=\"Zako\u0144czenie sezonu EV Generation: Refleksje i przysz\u0142o\u015b\u0107 elektromobilno\u015bci\" \/>\n<meta property=\"og:description\" content=\"Do\u0142\u0105cz do Mariny Vitovtovej i Agaty Rz\u0119dowskiej w wyj\u0105tkowym odcinku podsumowuj\u0105cym pierwszy sezon podcastu EV Generation.\" \/>\n<meta property=\"og:url\" content=\"https:\/\/ekoenergetyka.com\/pl\/podcast\/zakonczenie-sezonu-ev-generation-refleksje-i-przyszlosc-elektromobilnosci\/\" \/>\n<meta property=\"og:site_name\" content=\"Ekoenergetyka\" \/>\n<meta property=\"article:publisher\" content=\"https:\/\/www.facebook.com\/ekoenergetykaPolska\/\" \/>\n<meta property=\"article:modified_time\" content=\"2024-08-01T08:26:00+00:00\" \/>\n<meta property=\"og:image\" content=\"https:\/\/ekoenergetyka.com\/wp-content\/uploads\/2024\/08\/podsumowanie-ev-generation.jpg\" \/>\n\t<meta property=\"og:image:width\" content=\"1920\" \/>\n\t<meta property=\"og:image:height\" content=\"1080\" \/>\n\t<meta property=\"og:image:type\" content=\"image\/jpeg\" \/>\n<meta name=\"twitter:card\" content=\"summary_large_image\" \/>\n<meta name=\"twitter:label1\" content=\"Szacowany czas czytania\" \/>\n\t<meta name=\"twitter:data1\" content=\"2 minuty\" \/>\n<script type=\"application\/ld+json\" class=\"yoast-schema-graph\">{\"@context\":\"https:\\\/\\\/schema.org\",\"@graph\":[{\"@type\":\"WebPage\",\"@id\":\"https:\\\/\\\/ekoenergetyka.com\\\/pl\\\/podcast\\\/zakonczenie-sezonu-ev-generation-refleksje-i-przyszlosc-elektromobilnosci\\\/\",\"url\":\"https:\\\/\\\/ekoenergetyka.com\\\/pl\\\/podcast\\\/zakonczenie-sezonu-ev-generation-refleksje-i-przyszlosc-elektromobilnosci\\\/\",\"name\":\"Zako\u0144czenie sezonu EV Generation: Refleksje i przysz\u0142o\u015b\u0107 elektromobilno\u015bci | Ekoenergetyka\",\"isPartOf\":{\"@id\":\"https:\\\/\\\/ekoenergetyka.com\\\/pl\\\/#website\"},\"primaryImageOfPage\":{\"@id\":\"https:\\\/\\\/ekoenergetyka.com\\\/pl\\\/podcast\\\/zakonczenie-sezonu-ev-generation-refleksje-i-przyszlosc-elektromobilnosci\\\/#primaryimage\"},\"image\":{\"@id\":\"https:\\\/\\\/ekoenergetyka.com\\\/pl\\\/podcast\\\/zakonczenie-sezonu-ev-generation-refleksje-i-przyszlosc-elektromobilnosci\\\/#primaryimage\"},\"thumbnailUrl\":\"https:\\\/\\\/ekoenergetyka.com\\\/wp-content\\\/uploads\\\/2024\\\/08\\\/podsumowanie-ev-generation.jpg\",\"datePublished\":\"2024-08-01T08:24:22+00:00\",\"dateModified\":\"2024-08-01T08:26:00+00:00\",\"description\":\"Do\u0142\u0105cz do Mariny Vitovtovej i Agaty Rz\u0119dowskiej w wyj\u0105tkowym odcinku podsumowuj\u0105cym pierwszy sezon podcastu EV Generation.\",\"breadcrumb\":{\"@id\":\"https:\\\/\\\/ekoenergetyka.com\\\/pl\\\/podcast\\\/zakonczenie-sezonu-ev-generation-refleksje-i-przyszlosc-elektromobilnosci\\\/#breadcrumb\"},\"inLanguage\":\"pl-PL\",\"potentialAction\":[{\"@type\":\"ReadAction\",\"target\":[\"https:\\\/\\\/ekoenergetyka.com\\\/pl\\\/podcast\\\/zakonczenie-sezonu-ev-generation-refleksje-i-przyszlosc-elektromobilnosci\\\/\"]}]},{\"@type\":\"ImageObject\",\"inLanguage\":\"pl-PL\",\"@id\":\"https:\\\/\\\/ekoenergetyka.com\\\/pl\\\/podcast\\\/zakonczenie-sezonu-ev-generation-refleksje-i-przyszlosc-elektromobilnosci\\\/#primaryimage\",\"url\":\"https:\\\/\\\/ekoenergetyka.com\\\/wp-content\\\/uploads\\\/2024\\\/08\\\/podsumowanie-ev-generation.jpg\",\"contentUrl\":\"https:\\\/\\\/ekoenergetyka.com\\\/wp-content\\\/uploads\\\/2024\\\/08\\\/podsumowanie-ev-generation.jpg\",\"width\":1920,\"height\":1080},{\"@type\":\"BreadcrumbList\",\"@id\":\"https:\\\/\\\/ekoenergetyka.com\\\/pl\\\/podcast\\\/zakonczenie-sezonu-ev-generation-refleksje-i-przyszlosc-elektromobilnosci\\\/#breadcrumb\",\"itemListElement\":[{\"@type\":\"ListItem\",\"position\":1,\"name\":\"Strona G\u0142\u00f3wna\",\"item\":\"https:\\\/\\\/ekoenergetyka.com\\\/pl\\\/\"},{\"@type\":\"ListItem\",\"position\":2,\"name\":\"Podcast\",\"item\":\"https:\\\/\\\/ekoenergetyka.com\\\/pl\\\/podcast\\\/\"},{\"@type\":\"ListItem\",\"position\":3,\"name\":\"Zako\u0144czenie sezonu EV Generation: Refleksje i przysz\u0142o\u015b\u0107 elektromobilno\u015bci\"}]},{\"@type\":\"WebSite\",\"@id\":\"https:\\\/\\\/ekoenergetyka.com\\\/pl\\\/#website\",\"url\":\"https:\\\/\\\/ekoenergetyka.com\\\/pl\\\/\",\"name\":\"Ekoenergetyka\",\"description\":\"\",\"publisher\":{\"@id\":\"https:\\\/\\\/ekoenergetyka.com\\\/pl\\\/#organization\"},\"potentialAction\":[{\"@type\":\"SearchAction\",\"target\":{\"@type\":\"EntryPoint\",\"urlTemplate\":\"https:\\\/\\\/ekoenergetyka.com\\\/pl\\\/?s={search_term_string}\"},\"query-input\":{\"@type\":\"PropertyValueSpecification\",\"valueRequired\":true,\"valueName\":\"search_term_string\"}}],\"inLanguage\":\"pl-PL\"},{\"@type\":\"Organization\",\"@id\":\"https:\\\/\\\/ekoenergetyka.com\\\/pl\\\/#organization\",\"name\":\"Ekoenergetyka - Polska S.A.\",\"url\":\"https:\\\/\\\/ekoenergetyka.com\\\/pl\\\/\",\"logo\":{\"@type\":\"ImageObject\",\"inLanguage\":\"pl-PL\",\"@id\":\"https:\\\/\\\/ekoenergetyka.com\\\/pl\\\/#\\\/schema\\\/logo\\\/image\\\/\",\"url\":\"https:\\\/\\\/ekoenergetyka.com\\\/wp-content\\\/uploads\\\/2024\\\/11\\\/cropped-sygnet-bez-tla-black-1-2.png\",\"contentUrl\":\"https:\\\/\\\/ekoenergetyka.com\\\/wp-content\\\/uploads\\\/2024\\\/11\\\/cropped-sygnet-bez-tla-black-1-2.png\",\"width\":512,\"height\":512,\"caption\":\"Ekoenergetyka - Polska S.A.\"},\"image\":{\"@id\":\"https:\\\/\\\/ekoenergetyka.com\\\/pl\\\/#\\\/schema\\\/logo\\\/image\\\/\"},\"sameAs\":[\"https:\\\/\\\/www.facebook.com\\\/ekoenergetykaPolska\\\/\",\"https:\\\/\\\/www.linkedin.com\\\/company\\\/ekoenergetyka\",\"https:\\\/\\\/www.youtube.com\\\/channel\\\/UCfZM_rPDdrv6D0JB-uhWi8Q\\\/videos\"],\"description\":\"Established in 2009 Poland with a sole purpose of providing charging solutions, we are one of the pioneers in the e-mobility industry. In a decade, Ekoenergetyka has grown from 2 to more than 400 employees (currently around 1,000) and has acquired customers throughout Europe and are now a Central and Eastern European leader in charging technologies.\",\"email\":\"contact@ekoenergetyka.com.pl\",\"telephone\":\"+ 48 68 328 20 68\",\"numberOfEmployees\":{\"@type\":\"QuantitativeValue\",\"minValue\":\"501\",\"maxValue\":\"1000\"}}]}<\/script>\n<!-- \/ Yoast SEO Premium plugin. -->","yoast_head_json":{"title":"Zako\u0144czenie sezonu EV Generation: Refleksje i przysz\u0142o\u015b\u0107 elektromobilno\u015bci | Ekoenergetyka","description":"Do\u0142\u0105cz do Mariny Vitovtovej i Agaty Rz\u0119dowskiej w wyj\u0105tkowym odcinku podsumowuj\u0105cym pierwszy sezon podcastu EV Generation.","robots":{"index":"index","follow":"follow","max-snippet":"max-snippet:-1","max-image-preview":"max-image-preview:large","max-video-preview":"max-video-preview:-1"},"canonical":"https:\/\/ekoenergetyka.com\/pl\/podcast\/zakonczenie-sezonu-ev-generation-refleksje-i-przyszlosc-elektromobilnosci\/","og_locale":"pl_PL","og_type":"article","og_title":"Zako\u0144czenie sezonu EV Generation: Refleksje i przysz\u0142o\u015b\u0107 elektromobilno\u015bci","og_description":"Do\u0142\u0105cz do Mariny Vitovtovej i Agaty Rz\u0119dowskiej w wyj\u0105tkowym odcinku podsumowuj\u0105cym pierwszy sezon podcastu EV Generation.","og_url":"https:\/\/ekoenergetyka.com\/pl\/podcast\/zakonczenie-sezonu-ev-generation-refleksje-i-przyszlosc-elektromobilnosci\/","og_site_name":"Ekoenergetyka","article_publisher":"https:\/\/www.facebook.com\/ekoenergetykaPolska\/","article_modified_time":"2024-08-01T08:26:00+00:00","og_image":[{"width":1920,"height":1080,"url":"https:\/\/ekoenergetyka.com\/wp-content\/uploads\/2024\/08\/podsumowanie-ev-generation.jpg","type":"image\/jpeg"}],"twitter_card":"summary_large_image","twitter_misc":{"Szacowany czas czytania":"2 minuty"},"schema":{"@context":"https:\/\/schema.org","@graph":[{"@type":"WebPage","@id":"https:\/\/ekoenergetyka.com\/pl\/podcast\/zakonczenie-sezonu-ev-generation-refleksje-i-przyszlosc-elektromobilnosci\/","url":"https:\/\/ekoenergetyka.com\/pl\/podcast\/zakonczenie-sezonu-ev-generation-refleksje-i-przyszlosc-elektromobilnosci\/","name":"Zako\u0144czenie sezonu EV Generation: Refleksje i przysz\u0142o\u015b\u0107 elektromobilno\u015bci | Ekoenergetyka","isPartOf":{"@id":"https:\/\/ekoenergetyka.com\/pl\/#website"},"primaryImageOfPage":{"@id":"https:\/\/ekoenergetyka.com\/pl\/podcast\/zakonczenie-sezonu-ev-generation-refleksje-i-przyszlosc-elektromobilnosci\/#primaryimage"},"image":{"@id":"https:\/\/ekoenergetyka.com\/pl\/podcast\/zakonczenie-sezonu-ev-generation-refleksje-i-przyszlosc-elektromobilnosci\/#primaryimage"},"thumbnailUrl":"https:\/\/ekoenergetyka.com\/wp-content\/uploads\/2024\/08\/podsumowanie-ev-generation.jpg","datePublished":"2024-08-01T08:24:22+00:00","dateModified":"2024-08-01T08:26:00+00:00","description":"Do\u0142\u0105cz do Mariny Vitovtovej i Agaty Rz\u0119dowskiej w wyj\u0105tkowym odcinku podsumowuj\u0105cym pierwszy sezon podcastu EV Generation.","breadcrumb":{"@id":"https:\/\/ekoenergetyka.com\/pl\/podcast\/zakonczenie-sezonu-ev-generation-refleksje-i-przyszlosc-elektromobilnosci\/#breadcrumb"},"inLanguage":"pl-PL","potentialAction":[{"@type":"ReadAction","target":["https:\/\/ekoenergetyka.com\/pl\/podcast\/zakonczenie-sezonu-ev-generation-refleksje-i-przyszlosc-elektromobilnosci\/"]}]},{"@type":"ImageObject","inLanguage":"pl-PL","@id":"https:\/\/ekoenergetyka.com\/pl\/podcast\/zakonczenie-sezonu-ev-generation-refleksje-i-przyszlosc-elektromobilnosci\/#primaryimage","url":"https:\/\/ekoenergetyka.com\/wp-content\/uploads\/2024\/08\/podsumowanie-ev-generation.jpg","contentUrl":"https:\/\/ekoenergetyka.com\/wp-content\/uploads\/2024\/08\/podsumowanie-ev-generation.jpg","width":1920,"height":1080},{"@type":"BreadcrumbList","@id":"https:\/\/ekoenergetyka.com\/pl\/podcast\/zakonczenie-sezonu-ev-generation-refleksje-i-przyszlosc-elektromobilnosci\/#breadcrumb","itemListElement":[{"@type":"ListItem","position":1,"name":"Strona G\u0142\u00f3wna","item":"https:\/\/ekoenergetyka.com\/pl\/"},{"@type":"ListItem","position":2,"name":"Podcast","item":"https:\/\/ekoenergetyka.com\/pl\/podcast\/"},{"@type":"ListItem","position":3,"name":"Zako\u0144czenie sezonu EV Generation: Refleksje i przysz\u0142o\u015b\u0107 elektromobilno\u015bci"}]},{"@type":"WebSite","@id":"https:\/\/ekoenergetyka.com\/pl\/#website","url":"https:\/\/ekoenergetyka.com\/pl\/","name":"Ekoenergetyka","description":"","publisher":{"@id":"https:\/\/ekoenergetyka.com\/pl\/#organization"},"potentialAction":[{"@type":"SearchAction","target":{"@type":"EntryPoint","urlTemplate":"https:\/\/ekoenergetyka.com\/pl\/?s={search_term_string}"},"query-input":{"@type":"PropertyValueSpecification","valueRequired":true,"valueName":"search_term_string"}}],"inLanguage":"pl-PL"},{"@type":"Organization","@id":"https:\/\/ekoenergetyka.com\/pl\/#organization","name":"Ekoenergetyka - Polska S.A.","url":"https:\/\/ekoenergetyka.com\/pl\/","logo":{"@type":"ImageObject","inLanguage":"pl-PL","@id":"https:\/\/ekoenergetyka.com\/pl\/#\/schema\/logo\/image\/","url":"https:\/\/ekoenergetyka.com\/wp-content\/uploads\/2024\/11\/cropped-sygnet-bez-tla-black-1-2.png","contentUrl":"https:\/\/ekoenergetyka.com\/wp-content\/uploads\/2024\/11\/cropped-sygnet-bez-tla-black-1-2.png","width":512,"height":512,"caption":"Ekoenergetyka - Polska S.A."},"image":{"@id":"https:\/\/ekoenergetyka.com\/pl\/#\/schema\/logo\/image\/"},"sameAs":["https:\/\/www.facebook.com\/ekoenergetykaPolska\/","https:\/\/www.linkedin.com\/company\/ekoenergetyka","https:\/\/www.youtube.com\/channel\/UCfZM_rPDdrv6D0JB-uhWi8Q\/videos"],"description":"Established in 2009 Poland with a sole purpose of providing charging solutions, we are one of the pioneers in the e-mobility industry. In a decade, Ekoenergetyka has grown from 2 to more than 400 employees (currently around 1,000) and has acquired customers throughout Europe and are now a Central and Eastern European leader in charging technologies.","email":"contact@ekoenergetyka.com.pl","telephone":"+ 48 68 328 20 68","numberOfEmployees":{"@type":"QuantitativeValue","minValue":"501","maxValue":"1000"}}]}},"_links":{"self":[{"href":"https:\/\/ekoenergetyka.com\/pl\/wp-json\/wp\/v2\/podcast\/37615","targetHints":{"allow":["GET"]}}],"collection":[{"href":"https:\/\/ekoenergetyka.com\/pl\/wp-json\/wp\/v2\/podcast"}],"about":[{"href":"https:\/\/ekoenergetyka.com\/pl\/wp-json\/wp\/v2\/types\/podcast"}],"wp:featuredmedia":[{"embeddable":true,"href":"https:\/\/ekoenergetyka.com\/pl\/wp-json\/wp\/v2\/media\/37616"}],"wp:attachment":[{"href":"https:\/\/ekoenergetyka.com\/pl\/wp-json\/wp\/v2\/media?parent=37615"}],"curies":[{"name":"wp","href":"https:\/\/api.w.org\/{rel}","templated":true}]}}