{"id":37432,"date":"2024-07-25T12:39:36","date_gmt":"2024-07-25T10:39:36","guid":{"rendered":"https:\/\/ekoenergetyka.com\/?post_type=podcast&#038;p=37432"},"modified":"2024-07-25T12:42:27","modified_gmt":"2024-07-25T10:42:27","slug":"elektromobilnosc-fakty-mity-i-przyszlosc-z-ekspertami-ev-generation","status":"publish","type":"podcast","link":"https:\/\/ekoenergetyka.com\/pl\/podcast\/elektromobilnosc-fakty-mity-i-przyszlosc-z-ekspertami-ev-generation\/","title":{"rendered":"Elektromobilno\u015b\u0107: Fakty, mity i przysz\u0142o\u015b\u0107 z ekspertami EV Generation!"},"content":{"rendered":"\n<iframe loading=\"lazy\" class=\"iframe-yt\" width=\"100%\" height=\"562\" src=\"https:\/\/www.youtube.com\/embed\/nLzAqyho9WA?si=eCOfZ1rC3-2BlJtV\" title=\"Elektromobilno\u015b\u0107: Fakty, mity i przysz\u0142o\u015b\u0107 z ekspertami EV Generation!\" frameborder=\"0\" allow=\"accelerometer; autoplay; clipboard-write; encrypted-media; gyroscope; picture-in-picture; web-share\" allowfullscreen><\/iframe>\n\n\n\n<div style=\"height:1em\" aria-hidden=\"true\" class=\"wp-block-spacer\"><\/div>\n\n\n\n<p><strong>LUB POS\u0141UCHAJ:<\/strong><\/p>\n\n\n\n<a class=\"spreaker-player\" href=\"https:\/\/www.spreaker.com\/episode\/elektromobilnosc-fakty-mity-i-przyszlosc-z-ekspertami-ev-generation--60798327\" data-resource=\"episode_id=60798327\" data-width=\"100%\" data-height=\"200px\" data-theme=\"light\" data-playlist=\"false\" data-playlist-continuous=\"false\" data-chapters-image=\"true\" data-episode-image-position=\"left\" data-hide-logo=\"true\" data-hide-likes=\"true\" data-hide-comments=\"true\" data-hide-sharing=\"true\" data-hide-download=\"true\" data-color=\"0096a0\">Pos\u0142uchaj \"Elektromobilno\u015b\u0107: Fakty, mity i przysz\u0142o\u015b\u0107 z ekspertami EV Generation!\" na Spreaker.<\/a>\n\n\n\n<div style=\"height:1em\" aria-hidden=\"true\" class=\"wp-block-spacer\"><\/div>\n\n\n\n<p>\ud83d\ude97\ud83d\udd0b Czas na specjalny odcinek EV Generation z najwi\u0119kszego pikniku motoryzacyjnego w Polsce!<\/p>\n\n\n\n<p>Spotkali\u015bmy si\u0119 z ekspertami, kt\u00f3rych mieli\u015bmy ju\u017c okazj\u0119 go\u015bci\u0107 oraz z tymi, kt\u00f3rych chcieliby\u015bmy zaprosi\u0107 w przysz\u0142o\u015bci. Oto, czego dowiecie si\u0119 w tym odcinku:<\/p>\n\n\n\n<p>\ud83d\udc68\u200d\ud83d\udd27 Z Bartoszem Jeziora\u0144skim, Dyrektorem generalnym EV Repare Garage, rozmawiali\u015bmy o warsztatach i naprawach aut elektrycznych. Czy elektryk po st\u0142uczce nadal nadaje si\u0119 do jazdy?<\/p>\n\n\n\n<p>\ud83d\udc69\u200d\ud83d\udcbc Kasia Sob\u00f3tka odpowiada\u0142a na pytanie, czy elektromobilno\u015b\u0107 jest kobiet\u0105. Jak zmieni\u0142a si\u0119 ta bran\u017ca w ci\u0105gu ostatnich 5 lat? Czy przysz\u0142o\u015b\u0107 nale\u017cy do pojazd\u00f3w bateryjnych czy wodorowych?<\/p>\n\n\n\n<p>\ud83d\ude97\ud83d\udca8 Norbert Ca\u0142a z Techlove opowiedzia\u0142, jak przejecha\u0107 ponad 2000 km elektrykiem w 24 godziny. Czy to w og\u00f3le mo\u017cliwe?<\/p>\n\n\n\n<p>\ud83d\udcc9 Z Maciejem Mazurem, Prezesem PSBM, rozprawiali\u015bmy si\u0119 z mitami o zaniku elektromobilno\u015bci. Jakie megatrendy nap\u0119dzaj\u0105 rozw\u00f3j tej bran\u017cy?\ud83c\uddf8\ud83c\uddea Agata Rz\u0119dowska podzieli\u0142a si\u0119, czego mo\u017cemy nauczy\u0107 si\u0119 od skandynawskiej elektromobilno\u015bci.<\/p>\n\n\n\n<p>\ud83d\udcc8 Micha\u0142 Baranowski, cz\u0142onek zarz\u0105du Elocity, m\u00f3wi\u0142 o wyzwaniach przy elektryfikacji flot i sposobach ich rozwi\u0105zywania.\ud83c\udde8\ud83c\uddf3 Z Paw\u0142em Pilarczykiem, dziennikarzem technologicznym, dyskutowali\u015bmy o wp\u0142ywie chi\u0144skich marek na europejsk\u0105 elektromobilno\u015b\u0107.<\/p>\n\n\n\n<p>\ud83d\ude97\ud83d\udcac Pawe\u0142 Kacperek z Na\u0142adowani TV zdradzi\u0142, czy jest miejsce, do kt\u00f3rego nie pojecha\u0142by samochodem elektrycznym.<\/p>\n\n\n\n<p>Zapraszamy do wys\u0142uchania tego pe\u0142nego ciekawych rozm\u00f3w odcinka! \ud83c\udf99\ufe0f\ud83d\udd0b<\/p>\n\n\n\n<p>\ud83d\udcec Do\u0142\u0105cz do naszego <strong><a href=\"#newsletter\"><u>newslettera<\/u><\/a><\/strong> i otrzymuj najnowsze wiadomo\u015bci, trendy i artyku\u0142y bezpo\u015brednio na swoj\u0105 skrzynk\u0119 e-mailow\u0105.<\/p>\n","protected":false},"excerpt":{"rendered":"<p>Czas na specjalny odcinek EV Generation z najwi\u0119kszego pikniku motoryzacyjnego w Polsce! Spotkali\u015bmy si\u0119 z ekspertami, kt\u00f3rych mieli\u015bmy ju\u017c okazj\u0119 go\u015bci\u0107 oraz z tymi, kt\u00f3rych chcieliby\u015bmy zaprosi\u0107 w przysz\u0142o\u015bci. Oto, czego dowiecie si\u0119 w tym odcinku&#8230;<\/p>\n","protected":false},"featured_media":37439,"template":"","class_list":["post-37432","podcast","type-podcast","status-publish","has-post-thumbnail","hentry"],"acf":[],"yoast_head":"<!-- This site is optimized with the Yoast SEO Premium plugin v27.3 (Yoast SEO v27.4) - https:\/\/yoast.com\/product\/yoast-seo-premium-wordpress\/ -->\n<title>Elektromobilno\u015b\u0107: Fakty, mity i przysz\u0142o\u015b\u0107 z ekspertami EV Generation! | Ekoenergetyka<\/title>\n<meta name=\"description\" content=\"Czas na specjalny odcinek EV Generation z najwi\u0119kszego pikniku motoryzacyjnego w Polsce! Spotkali\u015bmy si\u0119 z ekspertami, kt\u00f3rych mieli\u015bmy ju\u017c okazj\u0119 go\u015bci\u0107 oraz z tymi, kt\u00f3rych chcieliby\u015bmy zaprosi\u0107 w przysz\u0142o\u015bci.\" \/>\n<meta name=\"robots\" content=\"index, follow, max-snippet:-1, max-image-preview:large, max-video-preview:-1\" \/>\n<link rel=\"canonical\" href=\"https:\/\/ekoenergetyka.com\/pl\/podcast\/elektromobilnosc-fakty-mity-i-przyszlosc-z-ekspertami-ev-generation\/\" \/>\n<meta property=\"og:locale\" content=\"pl_PL\" \/>\n<meta property=\"og:type\" content=\"article\" \/>\n<meta property=\"og:title\" content=\"Elektromobilno\u015b\u0107: Fakty, mity i przysz\u0142o\u015b\u0107 z ekspertami EV Generation!\" \/>\n<meta property=\"og:description\" content=\"Czas na specjalny odcinek EV Generation z najwi\u0119kszego pikniku motoryzacyjnego w Polsce! Spotkali\u015bmy si\u0119 z ekspertami, kt\u00f3rych mieli\u015bmy ju\u017c okazj\u0119 go\u015bci\u0107 oraz z tymi, kt\u00f3rych chcieliby\u015bmy zaprosi\u0107 w przysz\u0142o\u015bci.\" \/>\n<meta property=\"og:url\" content=\"https:\/\/ekoenergetyka.com\/pl\/podcast\/elektromobilnosc-fakty-mity-i-przyszlosc-z-ekspertami-ev-generation\/\" \/>\n<meta property=\"og:site_name\" content=\"Ekoenergetyka\" \/>\n<meta property=\"article:publisher\" content=\"https:\/\/www.facebook.com\/ekoenergetykaPolska\/\" \/>\n<meta property=\"article:modified_time\" content=\"2024-07-25T10:42:27+00:00\" \/>\n<meta property=\"og:image\" content=\"https:\/\/ekoenergetyka.com\/wp-content\/uploads\/2024\/07\/ev-generation-fakty-i-mity-hd.jpg\" \/>\n\t<meta property=\"og:image:width\" content=\"1920\" \/>\n\t<meta property=\"og:image:height\" content=\"1080\" \/>\n\t<meta property=\"og:image:type\" content=\"image\/jpeg\" \/>\n<meta name=\"twitter:card\" content=\"summary_large_image\" \/>\n<meta name=\"twitter:label1\" content=\"Szacowany czas czytania\" \/>\n\t<meta name=\"twitter:data1\" content=\"2 minuty\" \/>\n<script type=\"application\/ld+json\" class=\"yoast-schema-graph\">{\"@context\":\"https:\\\/\\\/schema.org\",\"@graph\":[{\"@type\":\"WebPage\",\"@id\":\"https:\\\/\\\/ekoenergetyka.com\\\/pl\\\/podcast\\\/elektromobilnosc-fakty-mity-i-przyszlosc-z-ekspertami-ev-generation\\\/\",\"url\":\"https:\\\/\\\/ekoenergetyka.com\\\/pl\\\/podcast\\\/elektromobilnosc-fakty-mity-i-przyszlosc-z-ekspertami-ev-generation\\\/\",\"name\":\"Elektromobilno\u015b\u0107: Fakty, mity i przysz\u0142o\u015b\u0107 z ekspertami EV Generation! | Ekoenergetyka\",\"isPartOf\":{\"@id\":\"https:\\\/\\\/ekoenergetyka.com\\\/pl\\\/#website\"},\"primaryImageOfPage\":{\"@id\":\"https:\\\/\\\/ekoenergetyka.com\\\/pl\\\/podcast\\\/elektromobilnosc-fakty-mity-i-przyszlosc-z-ekspertami-ev-generation\\\/#primaryimage\"},\"image\":{\"@id\":\"https:\\\/\\\/ekoenergetyka.com\\\/pl\\\/podcast\\\/elektromobilnosc-fakty-mity-i-przyszlosc-z-ekspertami-ev-generation\\\/#primaryimage\"},\"thumbnailUrl\":\"https:\\\/\\\/ekoenergetyka.com\\\/wp-content\\\/uploads\\\/2024\\\/07\\\/ev-generation-fakty-i-mity-hd.jpg\",\"datePublished\":\"2024-07-25T10:39:36+00:00\",\"dateModified\":\"2024-07-25T10:42:27+00:00\",\"description\":\"Czas na specjalny odcinek EV Generation z najwi\u0119kszego pikniku motoryzacyjnego w Polsce! Spotkali\u015bmy si\u0119 z ekspertami, kt\u00f3rych mieli\u015bmy ju\u017c okazj\u0119 go\u015bci\u0107 oraz z tymi, kt\u00f3rych chcieliby\u015bmy zaprosi\u0107 w przysz\u0142o\u015bci.\",\"breadcrumb\":{\"@id\":\"https:\\\/\\\/ekoenergetyka.com\\\/pl\\\/podcast\\\/elektromobilnosc-fakty-mity-i-przyszlosc-z-ekspertami-ev-generation\\\/#breadcrumb\"},\"inLanguage\":\"pl-PL\",\"potentialAction\":[{\"@type\":\"ReadAction\",\"target\":[\"https:\\\/\\\/ekoenergetyka.com\\\/pl\\\/podcast\\\/elektromobilnosc-fakty-mity-i-przyszlosc-z-ekspertami-ev-generation\\\/\"]}]},{\"@type\":\"ImageObject\",\"inLanguage\":\"pl-PL\",\"@id\":\"https:\\\/\\\/ekoenergetyka.com\\\/pl\\\/podcast\\\/elektromobilnosc-fakty-mity-i-przyszlosc-z-ekspertami-ev-generation\\\/#primaryimage\",\"url\":\"https:\\\/\\\/ekoenergetyka.com\\\/wp-content\\\/uploads\\\/2024\\\/07\\\/ev-generation-fakty-i-mity-hd.jpg\",\"contentUrl\":\"https:\\\/\\\/ekoenergetyka.com\\\/wp-content\\\/uploads\\\/2024\\\/07\\\/ev-generation-fakty-i-mity-hd.jpg\",\"width\":1920,\"height\":1080},{\"@type\":\"BreadcrumbList\",\"@id\":\"https:\\\/\\\/ekoenergetyka.com\\\/pl\\\/podcast\\\/elektromobilnosc-fakty-mity-i-przyszlosc-z-ekspertami-ev-generation\\\/#breadcrumb\",\"itemListElement\":[{\"@type\":\"ListItem\",\"position\":1,\"name\":\"Strona G\u0142\u00f3wna\",\"item\":\"https:\\\/\\\/ekoenergetyka.com\\\/pl\\\/\"},{\"@type\":\"ListItem\",\"position\":2,\"name\":\"Podcast\",\"item\":\"https:\\\/\\\/ekoenergetyka.com\\\/pl\\\/podcast\\\/\"},{\"@type\":\"ListItem\",\"position\":3,\"name\":\"Elektromobilno\u015b\u0107: Fakty, mity i przysz\u0142o\u015b\u0107 z ekspertami EV Generation!\"}]},{\"@type\":\"WebSite\",\"@id\":\"https:\\\/\\\/ekoenergetyka.com\\\/pl\\\/#website\",\"url\":\"https:\\\/\\\/ekoenergetyka.com\\\/pl\\\/\",\"name\":\"Ekoenergetyka\",\"description\":\"\",\"publisher\":{\"@id\":\"https:\\\/\\\/ekoenergetyka.com\\\/pl\\\/#organization\"},\"potentialAction\":[{\"@type\":\"SearchAction\",\"target\":{\"@type\":\"EntryPoint\",\"urlTemplate\":\"https:\\\/\\\/ekoenergetyka.com\\\/pl\\\/?s={search_term_string}\"},\"query-input\":{\"@type\":\"PropertyValueSpecification\",\"valueRequired\":true,\"valueName\":\"search_term_string\"}}],\"inLanguage\":\"pl-PL\"},{\"@type\":\"Organization\",\"@id\":\"https:\\\/\\\/ekoenergetyka.com\\\/pl\\\/#organization\",\"name\":\"Ekoenergetyka - Polska S.A.\",\"url\":\"https:\\\/\\\/ekoenergetyka.com\\\/pl\\\/\",\"logo\":{\"@type\":\"ImageObject\",\"inLanguage\":\"pl-PL\",\"@id\":\"https:\\\/\\\/ekoenergetyka.com\\\/pl\\\/#\\\/schema\\\/logo\\\/image\\\/\",\"url\":\"https:\\\/\\\/ekoenergetyka.com\\\/wp-content\\\/uploads\\\/2024\\\/11\\\/cropped-sygnet-bez-tla-black-1-2.png\",\"contentUrl\":\"https:\\\/\\\/ekoenergetyka.com\\\/wp-content\\\/uploads\\\/2024\\\/11\\\/cropped-sygnet-bez-tla-black-1-2.png\",\"width\":512,\"height\":512,\"caption\":\"Ekoenergetyka - Polska S.A.\"},\"image\":{\"@id\":\"https:\\\/\\\/ekoenergetyka.com\\\/pl\\\/#\\\/schema\\\/logo\\\/image\\\/\"},\"sameAs\":[\"https:\\\/\\\/www.facebook.com\\\/ekoenergetykaPolska\\\/\",\"https:\\\/\\\/www.linkedin.com\\\/company\\\/ekoenergetyka\",\"https:\\\/\\\/www.youtube.com\\\/channel\\\/UCfZM_rPDdrv6D0JB-uhWi8Q\\\/videos\"],\"description\":\"Established in 2009 Poland with a sole purpose of providing charging solutions, we are one of the pioneers in the e-mobility industry. In a decade, Ekoenergetyka has grown from 2 to more than 400 employees (currently around 1,000) and has acquired customers throughout Europe and are now a Central and Eastern European leader in charging technologies.\",\"email\":\"contact@ekoenergetyka.com.pl\",\"telephone\":\"+ 48 68 328 20 68\",\"numberOfEmployees\":{\"@type\":\"QuantitativeValue\",\"minValue\":\"501\",\"maxValue\":\"1000\"}}]}<\/script>\n<!-- \/ Yoast SEO Premium plugin. -->","yoast_head_json":{"title":"Elektromobilno\u015b\u0107: Fakty, mity i przysz\u0142o\u015b\u0107 z ekspertami EV Generation! | Ekoenergetyka","description":"Czas na specjalny odcinek EV Generation z najwi\u0119kszego pikniku motoryzacyjnego w Polsce! Spotkali\u015bmy si\u0119 z ekspertami, kt\u00f3rych mieli\u015bmy ju\u017c okazj\u0119 go\u015bci\u0107 oraz z tymi, kt\u00f3rych chcieliby\u015bmy zaprosi\u0107 w przysz\u0142o\u015bci.","robots":{"index":"index","follow":"follow","max-snippet":"max-snippet:-1","max-image-preview":"max-image-preview:large","max-video-preview":"max-video-preview:-1"},"canonical":"https:\/\/ekoenergetyka.com\/pl\/podcast\/elektromobilnosc-fakty-mity-i-przyszlosc-z-ekspertami-ev-generation\/","og_locale":"pl_PL","og_type":"article","og_title":"Elektromobilno\u015b\u0107: Fakty, mity i przysz\u0142o\u015b\u0107 z ekspertami EV Generation!","og_description":"Czas na specjalny odcinek EV Generation z najwi\u0119kszego pikniku motoryzacyjnego w Polsce! Spotkali\u015bmy si\u0119 z ekspertami, kt\u00f3rych mieli\u015bmy ju\u017c okazj\u0119 go\u015bci\u0107 oraz z tymi, kt\u00f3rych chcieliby\u015bmy zaprosi\u0107 w przysz\u0142o\u015bci.","og_url":"https:\/\/ekoenergetyka.com\/pl\/podcast\/elektromobilnosc-fakty-mity-i-przyszlosc-z-ekspertami-ev-generation\/","og_site_name":"Ekoenergetyka","article_publisher":"https:\/\/www.facebook.com\/ekoenergetykaPolska\/","article_modified_time":"2024-07-25T10:42:27+00:00","og_image":[{"width":1920,"height":1080,"url":"https:\/\/ekoenergetyka.com\/wp-content\/uploads\/2024\/07\/ev-generation-fakty-i-mity-hd.jpg","type":"image\/jpeg"}],"twitter_card":"summary_large_image","twitter_misc":{"Szacowany czas czytania":"2 minuty"},"schema":{"@context":"https:\/\/schema.org","@graph":[{"@type":"WebPage","@id":"https:\/\/ekoenergetyka.com\/pl\/podcast\/elektromobilnosc-fakty-mity-i-przyszlosc-z-ekspertami-ev-generation\/","url":"https:\/\/ekoenergetyka.com\/pl\/podcast\/elektromobilnosc-fakty-mity-i-przyszlosc-z-ekspertami-ev-generation\/","name":"Elektromobilno\u015b\u0107: Fakty, mity i przysz\u0142o\u015b\u0107 z ekspertami EV Generation! | Ekoenergetyka","isPartOf":{"@id":"https:\/\/ekoenergetyka.com\/pl\/#website"},"primaryImageOfPage":{"@id":"https:\/\/ekoenergetyka.com\/pl\/podcast\/elektromobilnosc-fakty-mity-i-przyszlosc-z-ekspertami-ev-generation\/#primaryimage"},"image":{"@id":"https:\/\/ekoenergetyka.com\/pl\/podcast\/elektromobilnosc-fakty-mity-i-przyszlosc-z-ekspertami-ev-generation\/#primaryimage"},"thumbnailUrl":"https:\/\/ekoenergetyka.com\/wp-content\/uploads\/2024\/07\/ev-generation-fakty-i-mity-hd.jpg","datePublished":"2024-07-25T10:39:36+00:00","dateModified":"2024-07-25T10:42:27+00:00","description":"Czas na specjalny odcinek EV Generation z najwi\u0119kszego pikniku motoryzacyjnego w Polsce! Spotkali\u015bmy si\u0119 z ekspertami, kt\u00f3rych mieli\u015bmy ju\u017c okazj\u0119 go\u015bci\u0107 oraz z tymi, kt\u00f3rych chcieliby\u015bmy zaprosi\u0107 w przysz\u0142o\u015bci.","breadcrumb":{"@id":"https:\/\/ekoenergetyka.com\/pl\/podcast\/elektromobilnosc-fakty-mity-i-przyszlosc-z-ekspertami-ev-generation\/#breadcrumb"},"inLanguage":"pl-PL","potentialAction":[{"@type":"ReadAction","target":["https:\/\/ekoenergetyka.com\/pl\/podcast\/elektromobilnosc-fakty-mity-i-przyszlosc-z-ekspertami-ev-generation\/"]}]},{"@type":"ImageObject","inLanguage":"pl-PL","@id":"https:\/\/ekoenergetyka.com\/pl\/podcast\/elektromobilnosc-fakty-mity-i-przyszlosc-z-ekspertami-ev-generation\/#primaryimage","url":"https:\/\/ekoenergetyka.com\/wp-content\/uploads\/2024\/07\/ev-generation-fakty-i-mity-hd.jpg","contentUrl":"https:\/\/ekoenergetyka.com\/wp-content\/uploads\/2024\/07\/ev-generation-fakty-i-mity-hd.jpg","width":1920,"height":1080},{"@type":"BreadcrumbList","@id":"https:\/\/ekoenergetyka.com\/pl\/podcast\/elektromobilnosc-fakty-mity-i-przyszlosc-z-ekspertami-ev-generation\/#breadcrumb","itemListElement":[{"@type":"ListItem","position":1,"name":"Strona G\u0142\u00f3wna","item":"https:\/\/ekoenergetyka.com\/pl\/"},{"@type":"ListItem","position":2,"name":"Podcast","item":"https:\/\/ekoenergetyka.com\/pl\/podcast\/"},{"@type":"ListItem","position":3,"name":"Elektromobilno\u015b\u0107: Fakty, mity i przysz\u0142o\u015b\u0107 z ekspertami EV Generation!"}]},{"@type":"WebSite","@id":"https:\/\/ekoenergetyka.com\/pl\/#website","url":"https:\/\/ekoenergetyka.com\/pl\/","name":"Ekoenergetyka","description":"","publisher":{"@id":"https:\/\/ekoenergetyka.com\/pl\/#organization"},"potentialAction":[{"@type":"SearchAction","target":{"@type":"EntryPoint","urlTemplate":"https:\/\/ekoenergetyka.com\/pl\/?s={search_term_string}"},"query-input":{"@type":"PropertyValueSpecification","valueRequired":true,"valueName":"search_term_string"}}],"inLanguage":"pl-PL"},{"@type":"Organization","@id":"https:\/\/ekoenergetyka.com\/pl\/#organization","name":"Ekoenergetyka - Polska S.A.","url":"https:\/\/ekoenergetyka.com\/pl\/","logo":{"@type":"ImageObject","inLanguage":"pl-PL","@id":"https:\/\/ekoenergetyka.com\/pl\/#\/schema\/logo\/image\/","url":"https:\/\/ekoenergetyka.com\/wp-content\/uploads\/2024\/11\/cropped-sygnet-bez-tla-black-1-2.png","contentUrl":"https:\/\/ekoenergetyka.com\/wp-content\/uploads\/2024\/11\/cropped-sygnet-bez-tla-black-1-2.png","width":512,"height":512,"caption":"Ekoenergetyka - Polska S.A."},"image":{"@id":"https:\/\/ekoenergetyka.com\/pl\/#\/schema\/logo\/image\/"},"sameAs":["https:\/\/www.facebook.com\/ekoenergetykaPolska\/","https:\/\/www.linkedin.com\/company\/ekoenergetyka","https:\/\/www.youtube.com\/channel\/UCfZM_rPDdrv6D0JB-uhWi8Q\/videos"],"description":"Established in 2009 Poland with a sole purpose of providing charging solutions, we are one of the pioneers in the e-mobility industry. In a decade, Ekoenergetyka has grown from 2 to more than 400 employees (currently around 1,000) and has acquired customers throughout Europe and are now a Central and Eastern European leader in charging technologies.","email":"contact@ekoenergetyka.com.pl","telephone":"+ 48 68 328 20 68","numberOfEmployees":{"@type":"QuantitativeValue","minValue":"501","maxValue":"1000"}}]}},"_links":{"self":[{"href":"https:\/\/ekoenergetyka.com\/pl\/wp-json\/wp\/v2\/podcast\/37432","targetHints":{"allow":["GET"]}}],"collection":[{"href":"https:\/\/ekoenergetyka.com\/pl\/wp-json\/wp\/v2\/podcast"}],"about":[{"href":"https:\/\/ekoenergetyka.com\/pl\/wp-json\/wp\/v2\/types\/podcast"}],"wp:featuredmedia":[{"embeddable":true,"href":"https:\/\/ekoenergetyka.com\/pl\/wp-json\/wp\/v2\/media\/37439"}],"wp:attachment":[{"href":"https:\/\/ekoenergetyka.com\/pl\/wp-json\/wp\/v2\/media?parent=37432"}],"curies":[{"name":"wp","href":"https:\/\/api.w.org\/{rel}","templated":true}]}}