{"id":37335,"date":"2024-07-18T14:59:30","date_gmt":"2024-07-18T12:59:30","guid":{"rendered":"https:\/\/ekoenergetyka.com\/?post_type=podcast&#038;p=37335"},"modified":"2024-07-18T14:59:32","modified_gmt":"2024-07-18T12:59:32","slug":"elektromobilnosc-na-pelnych-obrotach-najnowsze-trendy-w-infrastrukturze-ladowania","status":"publish","type":"podcast","link":"https:\/\/ekoenergetyka.com\/pl\/podcast\/elektromobilnosc-na-pelnych-obrotach-najnowsze-trendy-w-infrastrukturze-ladowania\/","title":{"rendered":"Elektromobilno\u015b\u0107 na pe\u0142nych obrotach: najnowsze trendy w infrastrukturze \u0142adowania"},"content":{"rendered":"\n<iframe loading=\"lazy\" class=\"iframe-yt\" width=\"100%\" height=\"562\" src=\"https:\/\/www.youtube.com\/embed\/_zN5iET-k9I?si=B1pkgcAKMCSr1SO7\" title=\"Elektromobilno\u015b\u0107 na pe\u0142nych obrotach: najnowsze trendy w infrastrukturze \u0142adowania\" frameborder=\"0\" allow=\"accelerometer; autoplay; clipboard-write; encrypted-media; gyroscope; picture-in-picture; web-share\" allowfullscreen><\/iframe>\n\n\n\n<div style=\"height:1em\" aria-hidden=\"true\" class=\"wp-block-spacer\"><\/div>\n\n\n\n<p><strong>LUB POS\u0141UCHAJ:<\/strong><\/p>\n\n\n\n<a class=\"spreaker-player\" href=\"https:\/\/www.spreaker.com\/episode\/elektromobilnosc-na-pelnych-obrotach-najnowsze-trendy-w-infrastrukturze-ladowania--60727459\" data-resource=\"episode_id=60727459\" data-width=\"100%\" data-height=\"200px\" data-theme=\"light\" data-playlist=\"false\" data-playlist-continuous=\"false\" data-chapters-image=\"true\" data-episode-image-position=\"left\" data-hide-logo=\"true\" data-hide-likes=\"true\" data-hide-comments=\"true\" data-hide-sharing=\"true\" data-hide-download=\"true\" data-color=\"0096a0\">Pos\u0142uchaj \"Elektromobilno\u015b\u0107 na pe\u0142nych obrotach: najnowsze trendy w infrastrukturze \u0142adowania\" na Spreaker.<\/a>\n\n\n\n<div style=\"height:1em\" aria-hidden=\"true\" class=\"wp-block-spacer\"><\/div>\n\n\n\n<p>W dzisiejszym odcinku ponownie go\u015bcimy <strong>Paw\u0142a Pilarczyka<\/strong>, dziennikarza technologicznego i gospodarza podcastu \u201eElektrycznie tematyczni\u201d. Razem kontynuujemy pasjonuj\u0105c\u0105 rozmow\u0119 o najnowszych trendach w elektromobilno\u015bci. W poprzednim odcinku skupili\u015bmy si\u0119 na samochodach elektrycznych, a teraz zag\u0142\u0119bimy si\u0119 w temat infrastruktury.<\/p>\n\n\n\n<p>Na przestrzeni lat obserwujemy dynamiczne zmiany w liczbie samochod\u00f3w elektrycznych przypadaj\u0105cych na jeden punkt \u0142adowania w Polsce. Jeszcze pod koniec 2019 roku by\u0142o to poni\u017cej 9, w 2021 roku wzros\u0142o do ponad 12, a obecnie to ju\u017c prawie 18. Czy ten trend si\u0119 utrzyma, czy mo\u017ce uda nam si\u0119 prze\u0142ama\u0107 t\u0119 barier\u0119?<\/p>\n\n\n\n<p>Innym trendem jest rosn\u0105ca liczba ultraszybkich stacji \u0142adowania o mocy co najmniej 150 kW. Pod koniec 2023 roku znajdowa\u0142y si\u0119 one w 88 lokalizacjach w Polsce, podczas gdy rok wcze\u015bniej by\u0142o ich tylko 20. Czy liczba tych stacji b\u0119dzie nadal ros\u0142a?Podr\u00f3\u017cowanie po Europie wci\u0105\u017c wi\u0105\u017ce si\u0119 z konieczno\u015bci\u0105 posiadania wielu aplikacji do \u0142adowania. Kiedy w ko\u0144cu b\u0119dziemy mogli swobodnie porusza\u0107 si\u0119, p\u0142ac\u0105c \u0142atwo kart\u0105?<\/p>\n\n\n\n<p>R\u00f3wnie\u017c wzrasta liczba stacji \u0142adowania w modelu \u201edestination charging\u201d, czyli dost\u0119pnych w miejscach cz\u0119sto odwiedzanych przez kierowc\u00f3w EV. W 2023 roku znacznie przyspieszy\u0142 proces budowy takich stacji przy sklepach wielkopowierzchniowych i supermarketach. Czy ten trend b\u0119dzie si\u0119 dalej rozwija\u0142? Jakie nowe inicjatywy zwi\u0105zane z \u201edestination charging\u201d mog\u0105 si\u0119 pojawi\u0107?<\/p>\n\n\n\n<p>Odpowiedzi na te pytania znajdziecie w dzisiejszym odcinku.&nbsp;<\/p>\n\n\n\n<p>Zapraszamy do wys\u0142uchania tego odcinka i zg\u0142\u0119biania tajnik\u00f3w elektromobilno\u015bci wraz z nami!<\/p>\n\n\n\n<p>\ud83d\udcec Do\u0142\u0105cz do naszego <strong><a href=\"#newsletter\"><u>newslettera<\/u><\/a><\/strong> i otrzymuj najnowsze wiadomo\u015bci, trendy i artyku\u0142y bezpo\u015brednio na swoj\u0105 skrzynk\u0119 e-mailow\u0105.<\/p>\n","protected":false},"excerpt":{"rendered":"<p>W dzisiejszym odcinku ponownie go\u015bcimy Paw\u0142a Pilarczyka, dziennikarza technologicznego i gospodarza podcastu \u201eElektrycznie tematyczni\u201d. Razem kontynuujemy pasjonuj\u0105c\u0105 rozmow\u0119 o najnowszych trendach w elektromobilno\u015bci. W poprzednim odcinku skupili\u015bmy si\u0119 na samochodach elektrycznych, a teraz zag\u0142\u0119bimy si\u0119 w temat infrastruktury.<\/p>\n","protected":false},"featured_media":37012,"template":"","class_list":["post-37335","podcast","type-podcast","status-publish","has-post-thumbnail","hentry"],"acf":[],"yoast_head":"<!-- This site is optimized with the Yoast SEO Premium plugin v27.3 (Yoast SEO v27.4) - https:\/\/yoast.com\/product\/yoast-seo-premium-wordpress\/ -->\n<title>Elektromobilno\u015b\u0107 na pe\u0142nych obrotach: najnowsze trendy w infrastrukturze \u0142adowania | Ekoenergetyka<\/title>\n<meta name=\"description\" content=\"Na przestrzeni lat obserwujemy dynamiczne zmiany w liczbie samochod\u00f3w elektrycznych przypadaj\u0105cych na jeden punkt \u0142adowania w Polsce\" \/>\n<meta name=\"robots\" content=\"index, follow, max-snippet:-1, max-image-preview:large, max-video-preview:-1\" \/>\n<link rel=\"canonical\" href=\"https:\/\/ekoenergetyka.com\/pl\/podcast\/elektromobilnosc-na-pelnych-obrotach-najnowsze-trendy-w-infrastrukturze-ladowania\/\" \/>\n<meta property=\"og:locale\" content=\"pl_PL\" \/>\n<meta property=\"og:type\" content=\"article\" \/>\n<meta property=\"og:title\" content=\"Elektromobilno\u015b\u0107 na pe\u0142nych obrotach: najnowsze trendy w infrastrukturze \u0142adowania\" \/>\n<meta property=\"og:description\" content=\"Na przestrzeni lat obserwujemy dynamiczne zmiany w liczbie samochod\u00f3w elektrycznych przypadaj\u0105cych na jeden punkt \u0142adowania w Polsce\" \/>\n<meta property=\"og:url\" content=\"https:\/\/ekoenergetyka.com\/pl\/podcast\/elektromobilnosc-na-pelnych-obrotach-najnowsze-trendy-w-infrastrukturze-ladowania\/\" \/>\n<meta property=\"og:site_name\" content=\"Ekoenergetyka\" \/>\n<meta property=\"article:publisher\" content=\"https:\/\/www.facebook.com\/ekoenergetykaPolska\/\" \/>\n<meta property=\"article:modified_time\" content=\"2024-07-18T12:59:32+00:00\" \/>\n<meta property=\"og:image\" content=\"https:\/\/ekoenergetyka.com\/wp-content\/uploads\/2024\/07\/pawel-pilarczyk-2-4-1.jpg\" \/>\n\t<meta property=\"og:image:width\" content=\"1920\" \/>\n\t<meta property=\"og:image:height\" content=\"1080\" \/>\n\t<meta property=\"og:image:type\" content=\"image\/jpeg\" \/>\n<meta name=\"twitter:card\" content=\"summary_large_image\" \/>\n<meta name=\"twitter:label1\" content=\"Szacowany czas czytania\" \/>\n\t<meta name=\"twitter:data1\" content=\"2 minuty\" \/>\n<script type=\"application\/ld+json\" class=\"yoast-schema-graph\">{\"@context\":\"https:\\\/\\\/schema.org\",\"@graph\":[{\"@type\":\"WebPage\",\"@id\":\"https:\\\/\\\/ekoenergetyka.com\\\/pl\\\/podcast\\\/elektromobilnosc-na-pelnych-obrotach-najnowsze-trendy-w-infrastrukturze-ladowania\\\/\",\"url\":\"https:\\\/\\\/ekoenergetyka.com\\\/pl\\\/podcast\\\/elektromobilnosc-na-pelnych-obrotach-najnowsze-trendy-w-infrastrukturze-ladowania\\\/\",\"name\":\"Elektromobilno\u015b\u0107 na pe\u0142nych obrotach: najnowsze trendy w infrastrukturze \u0142adowania | Ekoenergetyka\",\"isPartOf\":{\"@id\":\"https:\\\/\\\/ekoenergetyka.com\\\/pl\\\/#website\"},\"primaryImageOfPage\":{\"@id\":\"https:\\\/\\\/ekoenergetyka.com\\\/pl\\\/podcast\\\/elektromobilnosc-na-pelnych-obrotach-najnowsze-trendy-w-infrastrukturze-ladowania\\\/#primaryimage\"},\"image\":{\"@id\":\"https:\\\/\\\/ekoenergetyka.com\\\/pl\\\/podcast\\\/elektromobilnosc-na-pelnych-obrotach-najnowsze-trendy-w-infrastrukturze-ladowania\\\/#primaryimage\"},\"thumbnailUrl\":\"https:\\\/\\\/ekoenergetyka.com\\\/wp-content\\\/uploads\\\/2024\\\/07\\\/pawel-pilarczyk-2-4-1.jpg\",\"datePublished\":\"2024-07-18T12:59:30+00:00\",\"dateModified\":\"2024-07-18T12:59:32+00:00\",\"description\":\"Na przestrzeni lat obserwujemy dynamiczne zmiany w liczbie samochod\u00f3w elektrycznych przypadaj\u0105cych na jeden punkt \u0142adowania w Polsce\",\"breadcrumb\":{\"@id\":\"https:\\\/\\\/ekoenergetyka.com\\\/pl\\\/podcast\\\/elektromobilnosc-na-pelnych-obrotach-najnowsze-trendy-w-infrastrukturze-ladowania\\\/#breadcrumb\"},\"inLanguage\":\"pl-PL\",\"potentialAction\":[{\"@type\":\"ReadAction\",\"target\":[\"https:\\\/\\\/ekoenergetyka.com\\\/pl\\\/podcast\\\/elektromobilnosc-na-pelnych-obrotach-najnowsze-trendy-w-infrastrukturze-ladowania\\\/\"]}]},{\"@type\":\"ImageObject\",\"inLanguage\":\"pl-PL\",\"@id\":\"https:\\\/\\\/ekoenergetyka.com\\\/pl\\\/podcast\\\/elektromobilnosc-na-pelnych-obrotach-najnowsze-trendy-w-infrastrukturze-ladowania\\\/#primaryimage\",\"url\":\"https:\\\/\\\/ekoenergetyka.com\\\/wp-content\\\/uploads\\\/2024\\\/07\\\/pawel-pilarczyk-2-4-1.jpg\",\"contentUrl\":\"https:\\\/\\\/ekoenergetyka.com\\\/wp-content\\\/uploads\\\/2024\\\/07\\\/pawel-pilarczyk-2-4-1.jpg\",\"width\":1920,\"height\":1080},{\"@type\":\"BreadcrumbList\",\"@id\":\"https:\\\/\\\/ekoenergetyka.com\\\/pl\\\/podcast\\\/elektromobilnosc-na-pelnych-obrotach-najnowsze-trendy-w-infrastrukturze-ladowania\\\/#breadcrumb\",\"itemListElement\":[{\"@type\":\"ListItem\",\"position\":1,\"name\":\"Strona G\u0142\u00f3wna\",\"item\":\"https:\\\/\\\/ekoenergetyka.com\\\/pl\\\/\"},{\"@type\":\"ListItem\",\"position\":2,\"name\":\"Podcast\",\"item\":\"https:\\\/\\\/ekoenergetyka.com\\\/pl\\\/podcast\\\/\"},{\"@type\":\"ListItem\",\"position\":3,\"name\":\"Elektromobilno\u015b\u0107 na pe\u0142nych obrotach: najnowsze trendy w infrastrukturze \u0142adowania\"}]},{\"@type\":\"WebSite\",\"@id\":\"https:\\\/\\\/ekoenergetyka.com\\\/pl\\\/#website\",\"url\":\"https:\\\/\\\/ekoenergetyka.com\\\/pl\\\/\",\"name\":\"Ekoenergetyka\",\"description\":\"\",\"publisher\":{\"@id\":\"https:\\\/\\\/ekoenergetyka.com\\\/pl\\\/#organization\"},\"potentialAction\":[{\"@type\":\"SearchAction\",\"target\":{\"@type\":\"EntryPoint\",\"urlTemplate\":\"https:\\\/\\\/ekoenergetyka.com\\\/pl\\\/?s={search_term_string}\"},\"query-input\":{\"@type\":\"PropertyValueSpecification\",\"valueRequired\":true,\"valueName\":\"search_term_string\"}}],\"inLanguage\":\"pl-PL\"},{\"@type\":\"Organization\",\"@id\":\"https:\\\/\\\/ekoenergetyka.com\\\/pl\\\/#organization\",\"name\":\"Ekoenergetyka - Polska S.A.\",\"url\":\"https:\\\/\\\/ekoenergetyka.com\\\/pl\\\/\",\"logo\":{\"@type\":\"ImageObject\",\"inLanguage\":\"pl-PL\",\"@id\":\"https:\\\/\\\/ekoenergetyka.com\\\/pl\\\/#\\\/schema\\\/logo\\\/image\\\/\",\"url\":\"https:\\\/\\\/ekoenergetyka.com\\\/wp-content\\\/uploads\\\/2024\\\/11\\\/cropped-sygnet-bez-tla-black-1-2.png\",\"contentUrl\":\"https:\\\/\\\/ekoenergetyka.com\\\/wp-content\\\/uploads\\\/2024\\\/11\\\/cropped-sygnet-bez-tla-black-1-2.png\",\"width\":512,\"height\":512,\"caption\":\"Ekoenergetyka - Polska S.A.\"},\"image\":{\"@id\":\"https:\\\/\\\/ekoenergetyka.com\\\/pl\\\/#\\\/schema\\\/logo\\\/image\\\/\"},\"sameAs\":[\"https:\\\/\\\/www.facebook.com\\\/ekoenergetykaPolska\\\/\",\"https:\\\/\\\/www.linkedin.com\\\/company\\\/ekoenergetyka\",\"https:\\\/\\\/www.youtube.com\\\/channel\\\/UCfZM_rPDdrv6D0JB-uhWi8Q\\\/videos\"],\"description\":\"Established in 2009 Poland with a sole purpose of providing charging solutions, we are one of the pioneers in the e-mobility industry. In a decade, Ekoenergetyka has grown from 2 to more than 400 employees (currently around 1,000) and has acquired customers throughout Europe and are now a Central and Eastern European leader in charging technologies.\",\"email\":\"contact@ekoenergetyka.com.pl\",\"telephone\":\"+ 48 68 328 20 68\",\"numberOfEmployees\":{\"@type\":\"QuantitativeValue\",\"minValue\":\"501\",\"maxValue\":\"1000\"}}]}<\/script>\n<!-- \/ Yoast SEO Premium plugin. -->","yoast_head_json":{"title":"Elektromobilno\u015b\u0107 na pe\u0142nych obrotach: najnowsze trendy w infrastrukturze \u0142adowania | Ekoenergetyka","description":"Na przestrzeni lat obserwujemy dynamiczne zmiany w liczbie samochod\u00f3w elektrycznych przypadaj\u0105cych na jeden punkt \u0142adowania w Polsce","robots":{"index":"index","follow":"follow","max-snippet":"max-snippet:-1","max-image-preview":"max-image-preview:large","max-video-preview":"max-video-preview:-1"},"canonical":"https:\/\/ekoenergetyka.com\/pl\/podcast\/elektromobilnosc-na-pelnych-obrotach-najnowsze-trendy-w-infrastrukturze-ladowania\/","og_locale":"pl_PL","og_type":"article","og_title":"Elektromobilno\u015b\u0107 na pe\u0142nych obrotach: najnowsze trendy w infrastrukturze \u0142adowania","og_description":"Na przestrzeni lat obserwujemy dynamiczne zmiany w liczbie samochod\u00f3w elektrycznych przypadaj\u0105cych na jeden punkt \u0142adowania w Polsce","og_url":"https:\/\/ekoenergetyka.com\/pl\/podcast\/elektromobilnosc-na-pelnych-obrotach-najnowsze-trendy-w-infrastrukturze-ladowania\/","og_site_name":"Ekoenergetyka","article_publisher":"https:\/\/www.facebook.com\/ekoenergetykaPolska\/","article_modified_time":"2024-07-18T12:59:32+00:00","og_image":[{"width":1920,"height":1080,"url":"https:\/\/ekoenergetyka.com\/wp-content\/uploads\/2024\/07\/pawel-pilarczyk-2-4-1.jpg","type":"image\/jpeg"}],"twitter_card":"summary_large_image","twitter_misc":{"Szacowany czas czytania":"2 minuty"},"schema":{"@context":"https:\/\/schema.org","@graph":[{"@type":"WebPage","@id":"https:\/\/ekoenergetyka.com\/pl\/podcast\/elektromobilnosc-na-pelnych-obrotach-najnowsze-trendy-w-infrastrukturze-ladowania\/","url":"https:\/\/ekoenergetyka.com\/pl\/podcast\/elektromobilnosc-na-pelnych-obrotach-najnowsze-trendy-w-infrastrukturze-ladowania\/","name":"Elektromobilno\u015b\u0107 na pe\u0142nych obrotach: najnowsze trendy w infrastrukturze \u0142adowania | Ekoenergetyka","isPartOf":{"@id":"https:\/\/ekoenergetyka.com\/pl\/#website"},"primaryImageOfPage":{"@id":"https:\/\/ekoenergetyka.com\/pl\/podcast\/elektromobilnosc-na-pelnych-obrotach-najnowsze-trendy-w-infrastrukturze-ladowania\/#primaryimage"},"image":{"@id":"https:\/\/ekoenergetyka.com\/pl\/podcast\/elektromobilnosc-na-pelnych-obrotach-najnowsze-trendy-w-infrastrukturze-ladowania\/#primaryimage"},"thumbnailUrl":"https:\/\/ekoenergetyka.com\/wp-content\/uploads\/2024\/07\/pawel-pilarczyk-2-4-1.jpg","datePublished":"2024-07-18T12:59:30+00:00","dateModified":"2024-07-18T12:59:32+00:00","description":"Na przestrzeni lat obserwujemy dynamiczne zmiany w liczbie samochod\u00f3w elektrycznych przypadaj\u0105cych na jeden punkt \u0142adowania w Polsce","breadcrumb":{"@id":"https:\/\/ekoenergetyka.com\/pl\/podcast\/elektromobilnosc-na-pelnych-obrotach-najnowsze-trendy-w-infrastrukturze-ladowania\/#breadcrumb"},"inLanguage":"pl-PL","potentialAction":[{"@type":"ReadAction","target":["https:\/\/ekoenergetyka.com\/pl\/podcast\/elektromobilnosc-na-pelnych-obrotach-najnowsze-trendy-w-infrastrukturze-ladowania\/"]}]},{"@type":"ImageObject","inLanguage":"pl-PL","@id":"https:\/\/ekoenergetyka.com\/pl\/podcast\/elektromobilnosc-na-pelnych-obrotach-najnowsze-trendy-w-infrastrukturze-ladowania\/#primaryimage","url":"https:\/\/ekoenergetyka.com\/wp-content\/uploads\/2024\/07\/pawel-pilarczyk-2-4-1.jpg","contentUrl":"https:\/\/ekoenergetyka.com\/wp-content\/uploads\/2024\/07\/pawel-pilarczyk-2-4-1.jpg","width":1920,"height":1080},{"@type":"BreadcrumbList","@id":"https:\/\/ekoenergetyka.com\/pl\/podcast\/elektromobilnosc-na-pelnych-obrotach-najnowsze-trendy-w-infrastrukturze-ladowania\/#breadcrumb","itemListElement":[{"@type":"ListItem","position":1,"name":"Strona G\u0142\u00f3wna","item":"https:\/\/ekoenergetyka.com\/pl\/"},{"@type":"ListItem","position":2,"name":"Podcast","item":"https:\/\/ekoenergetyka.com\/pl\/podcast\/"},{"@type":"ListItem","position":3,"name":"Elektromobilno\u015b\u0107 na pe\u0142nych obrotach: najnowsze trendy w infrastrukturze \u0142adowania"}]},{"@type":"WebSite","@id":"https:\/\/ekoenergetyka.com\/pl\/#website","url":"https:\/\/ekoenergetyka.com\/pl\/","name":"Ekoenergetyka","description":"","publisher":{"@id":"https:\/\/ekoenergetyka.com\/pl\/#organization"},"potentialAction":[{"@type":"SearchAction","target":{"@type":"EntryPoint","urlTemplate":"https:\/\/ekoenergetyka.com\/pl\/?s={search_term_string}"},"query-input":{"@type":"PropertyValueSpecification","valueRequired":true,"valueName":"search_term_string"}}],"inLanguage":"pl-PL"},{"@type":"Organization","@id":"https:\/\/ekoenergetyka.com\/pl\/#organization","name":"Ekoenergetyka - Polska S.A.","url":"https:\/\/ekoenergetyka.com\/pl\/","logo":{"@type":"ImageObject","inLanguage":"pl-PL","@id":"https:\/\/ekoenergetyka.com\/pl\/#\/schema\/logo\/image\/","url":"https:\/\/ekoenergetyka.com\/wp-content\/uploads\/2024\/11\/cropped-sygnet-bez-tla-black-1-2.png","contentUrl":"https:\/\/ekoenergetyka.com\/wp-content\/uploads\/2024\/11\/cropped-sygnet-bez-tla-black-1-2.png","width":512,"height":512,"caption":"Ekoenergetyka - Polska S.A."},"image":{"@id":"https:\/\/ekoenergetyka.com\/pl\/#\/schema\/logo\/image\/"},"sameAs":["https:\/\/www.facebook.com\/ekoenergetykaPolska\/","https:\/\/www.linkedin.com\/company\/ekoenergetyka","https:\/\/www.youtube.com\/channel\/UCfZM_rPDdrv6D0JB-uhWi8Q\/videos"],"description":"Established in 2009 Poland with a sole purpose of providing charging solutions, we are one of the pioneers in the e-mobility industry. In a decade, Ekoenergetyka has grown from 2 to more than 400 employees (currently around 1,000) and has acquired customers throughout Europe and are now a Central and Eastern European leader in charging technologies.","email":"contact@ekoenergetyka.com.pl","telephone":"+ 48 68 328 20 68","numberOfEmployees":{"@type":"QuantitativeValue","minValue":"501","maxValue":"1000"}}]}},"_links":{"self":[{"href":"https:\/\/ekoenergetyka.com\/pl\/wp-json\/wp\/v2\/podcast\/37335","targetHints":{"allow":["GET"]}}],"collection":[{"href":"https:\/\/ekoenergetyka.com\/pl\/wp-json\/wp\/v2\/podcast"}],"about":[{"href":"https:\/\/ekoenergetyka.com\/pl\/wp-json\/wp\/v2\/types\/podcast"}],"wp:featuredmedia":[{"embeddable":true,"href":"https:\/\/ekoenergetyka.com\/pl\/wp-json\/wp\/v2\/media\/37012"}],"wp:attachment":[{"href":"https:\/\/ekoenergetyka.com\/pl\/wp-json\/wp\/v2\/media?parent=37335"}],"curies":[{"name":"wp","href":"https:\/\/api.w.org\/{rel}","templated":true}]}}