{"id":37011,"date":"2024-07-11T14:29:33","date_gmt":"2024-07-11T12:29:33","guid":{"rendered":"https:\/\/ekoenergetyka.com\/?post_type=podcast&#038;p=37011"},"modified":"2024-07-12T14:38:49","modified_gmt":"2024-07-12T12:38:49","slug":"przyszlosc-i-ceny-samochodow-elektrycznych-pawel-pilarczyk-o-trendach-technologicznych","status":"publish","type":"podcast","link":"https:\/\/ekoenergetyka.com\/pl\/podcast\/przyszlosc-i-ceny-samochodow-elektrycznych-pawel-pilarczyk-o-trendach-technologicznych\/","title":{"rendered":"Przysz\u0142o\u015b\u0107 i ceny samochod\u00f3w elektrycznych: Pawe\u0142 Pilarczyk o trendach technologicznych"},"content":{"rendered":"\n<iframe loading=\"lazy\" class=\"iframe-yt\" width=\"100%\" height=\"562\" src=\"https:\/\/www.youtube.com\/embed\/XLLIJQAWZfU?si=ONUwqUSxxZ3Yplju\" title=\"Przysz\u0142o\u015b\u0107 i ceny samochod\u00f3w elektrycznych: Pawe\u0142 Pilarczyk o trendach technologicznych\" frameborder=\"0\" allow=\"accelerometer; autoplay; clipboard-write; encrypted-media; gyroscope; picture-in-picture; web-share\" allowfullscreen><\/iframe>\n\n\n\n<div style=\"height:1em\" aria-hidden=\"true\" class=\"wp-block-spacer\"><\/div>\n\n\n\n<p><strong>LUB POS\u0141UCHAJ:<\/strong><\/p>\n\n\n\n<a class=\"spreaker-player\" href=\"https:\/\/www.spreaker.com\/episode\/przyszlosc-i-ceny-samochodow-elektrycznych-pawel-pilarczyk-o-trendach-technologicznych--60661789\" data-resource=\"episode_id=60661789\" data-width=\"100%\" data-height=\"200px\" data-theme=\"light\" data-playlist=\"false\" data-playlist-continuous=\"false\" data-chapters-image=\"true\" data-episode-image-position=\"left\" data-hide-logo=\"true\" data-hide-likes=\"true\" data-hide-comments=\"true\" data-hide-sharing=\"true\" data-hide-download=\"true\" data-color=\"0096a0\">Pos\u0142uchaj \"Przysz\u0142o\u015b\u0107 i ceny samochod\u00f3w elektrycznych: Pawe\u0142 Pilarczyk o trendach technologicznych\" na Spreaker.<\/a>\n\n\n\n<div style=\"height:1em\" aria-hidden=\"true\" class=\"wp-block-spacer\"><\/div>\n\n\n\n<p>W dzisiejszym odcinku mamy przyjemno\u015b\u0107 go\u015bci\u0107 Paw\u0142a Pilarczyka, dziennikarza technologicznego i gospodarza podcastu \"Elektrycznie tematyczni\". Wsp\u00f3lnie porozmawiamy o najnowszych trendach zwi\u0105zanych z samochodami elektrycznymi. \ud83d\ude97\ud83d\udca1Instytut Bada\u0144 Rynku Motoryzacyjnego Samar regularnie raportuje o cenach samochod\u00f3w elektrycznych w Polsce. Na koniec 2023 roku \u015brednia cena wynosi\u0142a rekordowe 278,2 tysi\u0105ca z\u0142otych, co oznacza wzrost o blisko 14% w por\u00f3wnaniu do roku poprzedniego. Dla por\u00f3wnania, \u015brednia cena nowego samochodu osobowego to 176 tysi\u0119cy z\u0142otych.<\/p>\n\n\n\n<p>Ta dysproporcja, jak podkre\u015bla Jacek Opala z Exact Systems, jest zaporowa dla wi\u0119kszo\u015bci kierowc\u00f3w. Czy ten trend si\u0119 utrzyma, czy mo\u017ce ulegnie zmianie? Co wp\u0142yn\u0119\u0142o na taki wzrost cen? \ud83d\udccaAnalizujemy \ud83d\udd0d cztery g\u0142\u00f3wne czynniki, kt\u00f3re mia\u0142y wp\u0142yw na obecn\u0105 sytuacj\u0119. Pandemia, kt\u00f3ra rozpocz\u0119\u0142a si\u0119 cztery lata temu, zmieni\u0142a oczekiwania dotycz\u0105ce mobilno\u015bci. Producenci samochod\u00f3w znacznie zmniejszyli swoje prognozy sprzeda\u017cy i zam\u00f3wienia na komponenty, podczas gdy konsumenci zacz\u0119li preferowa\u0107 posiadanie w\u0142asnych pojazd\u00f3w zamiast korzystania z transportu publicznego. To niespodziewane zapotrzebowanie spowodowa\u0142o gwa\u0142towny wzrost cen.Czy osi\u0105gn\u0119li\u015bmy ju\u017c najwy\u017cszy szczyt cenowy \ud83d\udcc8 i teraz zaczynamy z niego schodzi\u0107? Co przynios\u0105 nadchodz\u0105ce miesi\u0105ce i lata?<\/p>\n\n\n\n<p>Przygl\u0105damy si\u0119 tak\u017ce prognozom dotycz\u0105cym rynku samochod\u00f3w elektrycznych. Czy Tesla rzeczywi\u015bcie b\u0119dzie jedynym globalnym \ud83c\udf10 graczem do momentu, gdy konkurenci wprowadz\u0105 platformy nowej generacji w latach 2026\u20132027? Jakie s\u0105 trendy w technologii bateryjnej? Czy mo\u017cemy spodziewa\u0107 si\u0119 prze\u0142omu technologicznego i uniezale\u017cnienia si\u0119 od litu?Odpowiedzi na te pytania znajdziecie w dzisiejszym odcinku. Zapraszamy do s\u0142uchania!<\/p>\n\n\n\n<p>\ud83d\udcec Do\u0142\u0105cz do naszego <strong><a href=\"#newsletter\"><u>newslettera<\/u><\/a><\/strong> i otrzymuj najnowsze wiadomo\u015bci, trendy i artyku\u0142y bezpo\u015brednio na swoj\u0105 skrzynk\u0119 e-mailow\u0105.<\/p>\n","protected":false},"excerpt":{"rendered":"<p>W dzisiejszym odcinku mamy przyjemno\u015b\u0107 go\u015bci\u0107 Paw\u0142a Pilarczyka, dziennikarza technologicznego i gospodarza podcastu &#8222;Elektrycznie tematyczni&#8221;. Wsp\u00f3lnie porozmawiamy o najnowszych trendach zwi\u0105zanych z samochodami elektrycznymi. Instytut Bada\u0144 Rynku Motoryzacyjnego Samar regularnie raportuje o cenach samochod\u00f3w elektrycznych w Polsce. <\/p>\n","protected":false},"featured_media":37012,"template":"","class_list":["post-37011","podcast","type-podcast","status-publish","has-post-thumbnail","hentry"],"acf":[],"yoast_head":"<!-- This site is optimized with the Yoast SEO Premium plugin v27.3 (Yoast SEO v27.4) - https:\/\/yoast.com\/product\/yoast-seo-premium-wordpress\/ -->\n<title>Przysz\u0142o\u015b\u0107 i ceny samochod\u00f3w elektrycznych: Pawe\u0142 Pilarczyk o trendach technologicznych | Ekoenergetyka<\/title>\n<meta name=\"description\" content=\"W dzisiejszym odcinku mamy przyjemno\u015b\u0107 go\u015bci\u0107 Paw\u0142a Pilarczyka, dziennikarza technologicznego i gospodarza podcastu &quot;Elektrycznie tematyczni&quot;\" \/>\n<meta name=\"robots\" content=\"index, follow, max-snippet:-1, max-image-preview:large, max-video-preview:-1\" \/>\n<link rel=\"canonical\" href=\"https:\/\/ekoenergetyka.com\/pl\/podcast\/przyszlosc-i-ceny-samochodow-elektrycznych-pawel-pilarczyk-o-trendach-technologicznych\/\" \/>\n<meta property=\"og:locale\" content=\"pl_PL\" \/>\n<meta property=\"og:type\" content=\"article\" \/>\n<meta property=\"og:title\" content=\"Przysz\u0142o\u015b\u0107 i ceny samochod\u00f3w elektrycznych: Pawe\u0142 Pilarczyk o trendach technologicznych\" \/>\n<meta property=\"og:description\" content=\"W dzisiejszym odcinku mamy przyjemno\u015b\u0107 go\u015bci\u0107 Paw\u0142a Pilarczyka, dziennikarza technologicznego i gospodarza podcastu &quot;Elektrycznie tematyczni&quot;\" \/>\n<meta property=\"og:url\" content=\"https:\/\/ekoenergetyka.com\/pl\/podcast\/przyszlosc-i-ceny-samochodow-elektrycznych-pawel-pilarczyk-o-trendach-technologicznych\/\" \/>\n<meta property=\"og:site_name\" content=\"Ekoenergetyka\" \/>\n<meta property=\"article:publisher\" content=\"https:\/\/www.facebook.com\/ekoenergetykaPolska\/\" \/>\n<meta property=\"article:modified_time\" content=\"2024-07-12T12:38:49+00:00\" \/>\n<meta property=\"og:image\" content=\"https:\/\/ekoenergetyka.com\/wp-content\/uploads\/2024\/07\/pawel-pilarczyk-2-4-1.jpg\" \/>\n\t<meta property=\"og:image:width\" content=\"1920\" \/>\n\t<meta property=\"og:image:height\" content=\"1080\" \/>\n\t<meta property=\"og:image:type\" content=\"image\/jpeg\" \/>\n<meta name=\"twitter:card\" content=\"summary_large_image\" \/>\n<meta name=\"twitter:label1\" content=\"Szacowany czas czytania\" \/>\n\t<meta name=\"twitter:data1\" content=\"2 minuty\" \/>\n<script type=\"application\/ld+json\" class=\"yoast-schema-graph\">{\"@context\":\"https:\\\/\\\/schema.org\",\"@graph\":[{\"@type\":\"WebPage\",\"@id\":\"https:\\\/\\\/ekoenergetyka.com\\\/pl\\\/podcast\\\/przyszlosc-i-ceny-samochodow-elektrycznych-pawel-pilarczyk-o-trendach-technologicznych\\\/\",\"url\":\"https:\\\/\\\/ekoenergetyka.com\\\/pl\\\/podcast\\\/przyszlosc-i-ceny-samochodow-elektrycznych-pawel-pilarczyk-o-trendach-technologicznych\\\/\",\"name\":\"Przysz\u0142o\u015b\u0107 i ceny samochod\u00f3w elektrycznych: Pawe\u0142 Pilarczyk o trendach technologicznych | Ekoenergetyka\",\"isPartOf\":{\"@id\":\"https:\\\/\\\/ekoenergetyka.com\\\/pl\\\/#website\"},\"primaryImageOfPage\":{\"@id\":\"https:\\\/\\\/ekoenergetyka.com\\\/pl\\\/podcast\\\/przyszlosc-i-ceny-samochodow-elektrycznych-pawel-pilarczyk-o-trendach-technologicznych\\\/#primaryimage\"},\"image\":{\"@id\":\"https:\\\/\\\/ekoenergetyka.com\\\/pl\\\/podcast\\\/przyszlosc-i-ceny-samochodow-elektrycznych-pawel-pilarczyk-o-trendach-technologicznych\\\/#primaryimage\"},\"thumbnailUrl\":\"https:\\\/\\\/ekoenergetyka.com\\\/wp-content\\\/uploads\\\/2024\\\/07\\\/pawel-pilarczyk-2-4-1.jpg\",\"datePublished\":\"2024-07-11T12:29:33+00:00\",\"dateModified\":\"2024-07-12T12:38:49+00:00\",\"description\":\"W dzisiejszym odcinku mamy przyjemno\u015b\u0107 go\u015bci\u0107 Paw\u0142a Pilarczyka, dziennikarza technologicznego i gospodarza podcastu \\\"Elektrycznie tematyczni\\\"\",\"breadcrumb\":{\"@id\":\"https:\\\/\\\/ekoenergetyka.com\\\/pl\\\/podcast\\\/przyszlosc-i-ceny-samochodow-elektrycznych-pawel-pilarczyk-o-trendach-technologicznych\\\/#breadcrumb\"},\"inLanguage\":\"pl-PL\",\"potentialAction\":[{\"@type\":\"ReadAction\",\"target\":[\"https:\\\/\\\/ekoenergetyka.com\\\/pl\\\/podcast\\\/przyszlosc-i-ceny-samochodow-elektrycznych-pawel-pilarczyk-o-trendach-technologicznych\\\/\"]}]},{\"@type\":\"ImageObject\",\"inLanguage\":\"pl-PL\",\"@id\":\"https:\\\/\\\/ekoenergetyka.com\\\/pl\\\/podcast\\\/przyszlosc-i-ceny-samochodow-elektrycznych-pawel-pilarczyk-o-trendach-technologicznych\\\/#primaryimage\",\"url\":\"https:\\\/\\\/ekoenergetyka.com\\\/wp-content\\\/uploads\\\/2024\\\/07\\\/pawel-pilarczyk-2-4-1.jpg\",\"contentUrl\":\"https:\\\/\\\/ekoenergetyka.com\\\/wp-content\\\/uploads\\\/2024\\\/07\\\/pawel-pilarczyk-2-4-1.jpg\",\"width\":1920,\"height\":1080},{\"@type\":\"BreadcrumbList\",\"@id\":\"https:\\\/\\\/ekoenergetyka.com\\\/pl\\\/podcast\\\/przyszlosc-i-ceny-samochodow-elektrycznych-pawel-pilarczyk-o-trendach-technologicznych\\\/#breadcrumb\",\"itemListElement\":[{\"@type\":\"ListItem\",\"position\":1,\"name\":\"Strona G\u0142\u00f3wna\",\"item\":\"https:\\\/\\\/ekoenergetyka.com\\\/pl\\\/\"},{\"@type\":\"ListItem\",\"position\":2,\"name\":\"Podcast\",\"item\":\"https:\\\/\\\/ekoenergetyka.com\\\/pl\\\/podcast\\\/\"},{\"@type\":\"ListItem\",\"position\":3,\"name\":\"Przysz\u0142o\u015b\u0107 i ceny samochod\u00f3w elektrycznych: Pawe\u0142 Pilarczyk o trendach technologicznych\"}]},{\"@type\":\"WebSite\",\"@id\":\"https:\\\/\\\/ekoenergetyka.com\\\/pl\\\/#website\",\"url\":\"https:\\\/\\\/ekoenergetyka.com\\\/pl\\\/\",\"name\":\"Ekoenergetyka\",\"description\":\"\",\"publisher\":{\"@id\":\"https:\\\/\\\/ekoenergetyka.com\\\/pl\\\/#organization\"},\"potentialAction\":[{\"@type\":\"SearchAction\",\"target\":{\"@type\":\"EntryPoint\",\"urlTemplate\":\"https:\\\/\\\/ekoenergetyka.com\\\/pl\\\/?s={search_term_string}\"},\"query-input\":{\"@type\":\"PropertyValueSpecification\",\"valueRequired\":true,\"valueName\":\"search_term_string\"}}],\"inLanguage\":\"pl-PL\"},{\"@type\":\"Organization\",\"@id\":\"https:\\\/\\\/ekoenergetyka.com\\\/pl\\\/#organization\",\"name\":\"Ekoenergetyka - Polska S.A.\",\"url\":\"https:\\\/\\\/ekoenergetyka.com\\\/pl\\\/\",\"logo\":{\"@type\":\"ImageObject\",\"inLanguage\":\"pl-PL\",\"@id\":\"https:\\\/\\\/ekoenergetyka.com\\\/pl\\\/#\\\/schema\\\/logo\\\/image\\\/\",\"url\":\"https:\\\/\\\/ekoenergetyka.com\\\/wp-content\\\/uploads\\\/2024\\\/11\\\/cropped-sygnet-bez-tla-black-1-2.png\",\"contentUrl\":\"https:\\\/\\\/ekoenergetyka.com\\\/wp-content\\\/uploads\\\/2024\\\/11\\\/cropped-sygnet-bez-tla-black-1-2.png\",\"width\":512,\"height\":512,\"caption\":\"Ekoenergetyka - Polska S.A.\"},\"image\":{\"@id\":\"https:\\\/\\\/ekoenergetyka.com\\\/pl\\\/#\\\/schema\\\/logo\\\/image\\\/\"},\"sameAs\":[\"https:\\\/\\\/www.facebook.com\\\/ekoenergetykaPolska\\\/\",\"https:\\\/\\\/www.linkedin.com\\\/company\\\/ekoenergetyka\",\"https:\\\/\\\/www.youtube.com\\\/channel\\\/UCfZM_rPDdrv6D0JB-uhWi8Q\\\/videos\"],\"description\":\"Established in 2009 Poland with a sole purpose of providing charging solutions, we are one of the pioneers in the e-mobility industry. In a decade, Ekoenergetyka has grown from 2 to more than 400 employees (currently around 1,000) and has acquired customers throughout Europe and are now a Central and Eastern European leader in charging technologies.\",\"email\":\"contact@ekoenergetyka.com.pl\",\"telephone\":\"+ 48 68 328 20 68\",\"numberOfEmployees\":{\"@type\":\"QuantitativeValue\",\"minValue\":\"501\",\"maxValue\":\"1000\"}}]}<\/script>\n<!-- \/ Yoast SEO Premium plugin. -->","yoast_head_json":{"title":"Przysz\u0142o\u015b\u0107 i ceny samochod\u00f3w elektrycznych: Pawe\u0142 Pilarczyk o trendach technologicznych | Ekoenergetyka","description":"W dzisiejszym odcinku mamy przyjemno\u015b\u0107 go\u015bci\u0107 Paw\u0142a Pilarczyka, dziennikarza technologicznego i gospodarza podcastu \"Elektrycznie tematyczni\"","robots":{"index":"index","follow":"follow","max-snippet":"max-snippet:-1","max-image-preview":"max-image-preview:large","max-video-preview":"max-video-preview:-1"},"canonical":"https:\/\/ekoenergetyka.com\/pl\/podcast\/przyszlosc-i-ceny-samochodow-elektrycznych-pawel-pilarczyk-o-trendach-technologicznych\/","og_locale":"pl_PL","og_type":"article","og_title":"Przysz\u0142o\u015b\u0107 i ceny samochod\u00f3w elektrycznych: Pawe\u0142 Pilarczyk o trendach technologicznych","og_description":"W dzisiejszym odcinku mamy przyjemno\u015b\u0107 go\u015bci\u0107 Paw\u0142a Pilarczyka, dziennikarza technologicznego i gospodarza podcastu \"Elektrycznie tematyczni\"","og_url":"https:\/\/ekoenergetyka.com\/pl\/podcast\/przyszlosc-i-ceny-samochodow-elektrycznych-pawel-pilarczyk-o-trendach-technologicznych\/","og_site_name":"Ekoenergetyka","article_publisher":"https:\/\/www.facebook.com\/ekoenergetykaPolska\/","article_modified_time":"2024-07-12T12:38:49+00:00","og_image":[{"width":1920,"height":1080,"url":"https:\/\/ekoenergetyka.com\/wp-content\/uploads\/2024\/07\/pawel-pilarczyk-2-4-1.jpg","type":"image\/jpeg"}],"twitter_card":"summary_large_image","twitter_misc":{"Szacowany czas czytania":"2 minuty"},"schema":{"@context":"https:\/\/schema.org","@graph":[{"@type":"WebPage","@id":"https:\/\/ekoenergetyka.com\/pl\/podcast\/przyszlosc-i-ceny-samochodow-elektrycznych-pawel-pilarczyk-o-trendach-technologicznych\/","url":"https:\/\/ekoenergetyka.com\/pl\/podcast\/przyszlosc-i-ceny-samochodow-elektrycznych-pawel-pilarczyk-o-trendach-technologicznych\/","name":"Przysz\u0142o\u015b\u0107 i ceny samochod\u00f3w elektrycznych: Pawe\u0142 Pilarczyk o trendach technologicznych | Ekoenergetyka","isPartOf":{"@id":"https:\/\/ekoenergetyka.com\/pl\/#website"},"primaryImageOfPage":{"@id":"https:\/\/ekoenergetyka.com\/pl\/podcast\/przyszlosc-i-ceny-samochodow-elektrycznych-pawel-pilarczyk-o-trendach-technologicznych\/#primaryimage"},"image":{"@id":"https:\/\/ekoenergetyka.com\/pl\/podcast\/przyszlosc-i-ceny-samochodow-elektrycznych-pawel-pilarczyk-o-trendach-technologicznych\/#primaryimage"},"thumbnailUrl":"https:\/\/ekoenergetyka.com\/wp-content\/uploads\/2024\/07\/pawel-pilarczyk-2-4-1.jpg","datePublished":"2024-07-11T12:29:33+00:00","dateModified":"2024-07-12T12:38:49+00:00","description":"W dzisiejszym odcinku mamy przyjemno\u015b\u0107 go\u015bci\u0107 Paw\u0142a Pilarczyka, dziennikarza technologicznego i gospodarza podcastu \"Elektrycznie tematyczni\"","breadcrumb":{"@id":"https:\/\/ekoenergetyka.com\/pl\/podcast\/przyszlosc-i-ceny-samochodow-elektrycznych-pawel-pilarczyk-o-trendach-technologicznych\/#breadcrumb"},"inLanguage":"pl-PL","potentialAction":[{"@type":"ReadAction","target":["https:\/\/ekoenergetyka.com\/pl\/podcast\/przyszlosc-i-ceny-samochodow-elektrycznych-pawel-pilarczyk-o-trendach-technologicznych\/"]}]},{"@type":"ImageObject","inLanguage":"pl-PL","@id":"https:\/\/ekoenergetyka.com\/pl\/podcast\/przyszlosc-i-ceny-samochodow-elektrycznych-pawel-pilarczyk-o-trendach-technologicznych\/#primaryimage","url":"https:\/\/ekoenergetyka.com\/wp-content\/uploads\/2024\/07\/pawel-pilarczyk-2-4-1.jpg","contentUrl":"https:\/\/ekoenergetyka.com\/wp-content\/uploads\/2024\/07\/pawel-pilarczyk-2-4-1.jpg","width":1920,"height":1080},{"@type":"BreadcrumbList","@id":"https:\/\/ekoenergetyka.com\/pl\/podcast\/przyszlosc-i-ceny-samochodow-elektrycznych-pawel-pilarczyk-o-trendach-technologicznych\/#breadcrumb","itemListElement":[{"@type":"ListItem","position":1,"name":"Strona G\u0142\u00f3wna","item":"https:\/\/ekoenergetyka.com\/pl\/"},{"@type":"ListItem","position":2,"name":"Podcast","item":"https:\/\/ekoenergetyka.com\/pl\/podcast\/"},{"@type":"ListItem","position":3,"name":"Przysz\u0142o\u015b\u0107 i ceny samochod\u00f3w elektrycznych: Pawe\u0142 Pilarczyk o trendach technologicznych"}]},{"@type":"WebSite","@id":"https:\/\/ekoenergetyka.com\/pl\/#website","url":"https:\/\/ekoenergetyka.com\/pl\/","name":"Ekoenergetyka","description":"","publisher":{"@id":"https:\/\/ekoenergetyka.com\/pl\/#organization"},"potentialAction":[{"@type":"SearchAction","target":{"@type":"EntryPoint","urlTemplate":"https:\/\/ekoenergetyka.com\/pl\/?s={search_term_string}"},"query-input":{"@type":"PropertyValueSpecification","valueRequired":true,"valueName":"search_term_string"}}],"inLanguage":"pl-PL"},{"@type":"Organization","@id":"https:\/\/ekoenergetyka.com\/pl\/#organization","name":"Ekoenergetyka - Polska S.A.","url":"https:\/\/ekoenergetyka.com\/pl\/","logo":{"@type":"ImageObject","inLanguage":"pl-PL","@id":"https:\/\/ekoenergetyka.com\/pl\/#\/schema\/logo\/image\/","url":"https:\/\/ekoenergetyka.com\/wp-content\/uploads\/2024\/11\/cropped-sygnet-bez-tla-black-1-2.png","contentUrl":"https:\/\/ekoenergetyka.com\/wp-content\/uploads\/2024\/11\/cropped-sygnet-bez-tla-black-1-2.png","width":512,"height":512,"caption":"Ekoenergetyka - Polska S.A."},"image":{"@id":"https:\/\/ekoenergetyka.com\/pl\/#\/schema\/logo\/image\/"},"sameAs":["https:\/\/www.facebook.com\/ekoenergetykaPolska\/","https:\/\/www.linkedin.com\/company\/ekoenergetyka","https:\/\/www.youtube.com\/channel\/UCfZM_rPDdrv6D0JB-uhWi8Q\/videos"],"description":"Established in 2009 Poland with a sole purpose of providing charging solutions, we are one of the pioneers in the e-mobility industry. In a decade, Ekoenergetyka has grown from 2 to more than 400 employees (currently around 1,000) and has acquired customers throughout Europe and are now a Central and Eastern European leader in charging technologies.","email":"contact@ekoenergetyka.com.pl","telephone":"+ 48 68 328 20 68","numberOfEmployees":{"@type":"QuantitativeValue","minValue":"501","maxValue":"1000"}}]}},"_links":{"self":[{"href":"https:\/\/ekoenergetyka.com\/pl\/wp-json\/wp\/v2\/podcast\/37011","targetHints":{"allow":["GET"]}}],"collection":[{"href":"https:\/\/ekoenergetyka.com\/pl\/wp-json\/wp\/v2\/podcast"}],"about":[{"href":"https:\/\/ekoenergetyka.com\/pl\/wp-json\/wp\/v2\/types\/podcast"}],"wp:featuredmedia":[{"embeddable":true,"href":"https:\/\/ekoenergetyka.com\/pl\/wp-json\/wp\/v2\/media\/37012"}],"wp:attachment":[{"href":"https:\/\/ekoenergetyka.com\/pl\/wp-json\/wp\/v2\/media?parent=37011"}],"curies":[{"name":"wp","href":"https:\/\/api.w.org\/{rel}","templated":true}]}}