{"id":36874,"date":"2024-07-05T08:41:29","date_gmt":"2024-07-05T06:41:29","guid":{"rendered":"https:\/\/ekoenergetyka.com\/?post_type=podcast&#038;p=36874"},"modified":"2024-07-05T08:43:56","modified_gmt":"2024-07-05T06:43:56","slug":"elektromobilnosc-w-polsce-jak-wyglada-przyszlosc","status":"publish","type":"podcast","link":"https:\/\/ekoenergetyka.com\/pl\/podcast\/elektromobilnosc-w-polsce-jak-wyglada-przyszlosc\/","title":{"rendered":"Elektromobilno\u015b\u0107 w Polsce: Jak Wygl\u0105da Przysz\u0142o\u015b\u0107?"},"content":{"rendered":"\n<iframe loading=\"lazy\" class=\"iframe-yt\" width=\"100%\" height=\"562\" src=\"https:\/\/www.youtube.com\/embed\/3mngGu204XE?si=vnIKf6BNU8L2l1iM\" title=\"Elektromobilno\u015b\u0107 w Polsce: Jak Wygl\u0105da Przysz\u0142o\u015b\u0107?\" frameborder=\"0\" allow=\"accelerometer; autoplay; clipboard-write; encrypted-media; gyroscope; picture-in-picture; web-share\" allowfullscreen><\/iframe>\n\n\n\n<div style=\"height:1em\" aria-hidden=\"true\" class=\"wp-block-spacer\"><\/div>\n\n\n\n<p><strong>LUB POS\u0141UCHAJ:<\/strong><\/p>\n\n\n\n<a class=\"spreaker-player\" href=\"https:\/\/www.spreaker.com\/episode\/elektromobilnosc-w-polsce-jak-wyglada-przyszlosc--60598015\" data-resource=\"episode_id=60598015\" data-width=\"100%\" data-height=\"200px\" data-theme=\"light\" data-playlist=\"false\" data-playlist-continuous=\"false\" data-chapters-image=\"true\" data-episode-image-position=\"left\" data-hide-logo=\"true\" data-hide-likes=\"true\" data-hide-comments=\"true\" data-hide-sharing=\"true\" data-hide-download=\"true\" data-color=\"0096a0\">Pos\u0142uchaj \"Elektromobilno\u015b\u0107 w Polsce: Jak Wygl\u0105da Przysz\u0142o\u015b\u0107?\" na Spreaker.<\/a>\n\n\n\n<div style=\"height:1em\" aria-hidden=\"true\" class=\"wp-block-spacer\"><\/div>\n\n\n\n<p>Czy Polska jest gotowa na rewolucj\u0119 elektromobilno\u015bci? W najnowszym odcinku EV Generation go\u015bcimy <strong>Kasi\u0119 Sob\u00f3tk\u0119<\/strong>, ekspertk\u0119 ds. elektromobilno\u015bci, kt\u00f3ra dzieli si\u0119 swoimi spostrze\u017ceniami na temat przysz\u0142o\u015bci elektrycznych pojazd\u00f3w w Polsce.W latach 2018-2020 Polska potroi\u0142a liczb\u0119 rejestracji pojazd\u00f3w elektrycznych do 6000. W 2020 r. warianty elektryczne stanowi\u0142y 1,5% wszystkich rejestracji nowych samochod\u00f3w w Polsce. <\/p>\n\n\n\n<p>Wed\u0142ug prognoz Euromonitor International, do 2040 r. 8 na 10 nowych samochod\u00f3w rejestrowanych w Polsce b\u0119dzie mia\u0142o nap\u0119d elektryczny. Czy Kasia zgadza si\u0119 z t\u0105 prognoz\u0105?Obserwujemy dwa kluczowe globalne trendy: spadek wydobycia ropy oraz wzrost sprzeda\u017cy samochod\u00f3w elektrycznych. Prognoza S&amp;P Global Mobility na 2024 r. przewiduje, \u017ce pojazdy elektryczne osi\u0105gn\u0105 sprzeda\u017c 13,3 mln sztuk na ca\u0142ym \u015bwiecie, co stanowi 16,2% globalnej sprzeda\u017cy pojazd\u00f3w osobowych. <\/p>\n\n\n\n<p>Jak te globalne zmiany wp\u0142yn\u0105 na rynek polski?Kasia Sob\u00f3tka omawia r\u00f3wnie\u017c g\u0142\u00f3wne przeszkody w rozwoju sprzeda\u017cy EV w Polsce, takie jak brak edukacji, dezinformacja i brak korzystnych ofert wynajmu samochod\u00f3w elektrycznych.Liczba \u0142adowarek AC i DC na ca\u0142ym \u015bwiecie wzros\u0142a z 3 milion\u00f3w w 2019 roku do ponad 10 milion\u00f3w w 2022 roku, a prognozy na 2030 rok m\u00f3wi\u0105 o 70 milionach. Jak wygl\u0105da dost\u0119pno\u015b\u0107 \u0142adowania w Polsce i jaka jest polityka rz\u0105du w tej kwestii?Pos\u0142uchaj naszego najnowszego odcinka, aby dowiedzie\u0107 si\u0119 wi\u0119cej o przysz\u0142o\u015bci elektromobilno\u015bci w Polsce i wyzwaniach, kt\u00f3re przed nami stoj\u0105!<\/p>\n\n\n\n<p>\ud83d\udcec Do\u0142\u0105cz do naszego <strong><a href=\"#newsletter\"><u>newslettera<\/u><\/a><\/strong> i otrzymuj najnowsze wiadomo\u015bci, trendy i artyku\u0142y bezpo\u015brednio na swoj\u0105 skrzynk\u0119 e-mailow\u0105.<\/p>\n","protected":false},"excerpt":{"rendered":"<p>Czy Polska jest gotowa na rewolucj\u0119 elektromobilno\u015bci? W najnowszym odcinku EV Generation go\u015bcimy Kasi\u0119 Sob\u00f3tk\u0119, ekspertk\u0119 ds. elektromobilno\u015bci, kt\u00f3ra dzieli si\u0119 swoimi spostrze\u017ceniami na temat przysz\u0142o\u015bci elektrycznych pojazd\u00f3w w Polsce. W latach 2018-2020 Polska potroi\u0142a liczb\u0119 rejestracji pojazd\u00f3w elektrycznych do 6000. W 2020 r. warianty elektryczne stanowi\u0142y 1,5% wszystkich rejestracji nowych samochod\u00f3w w Polsce. <\/p>\n","protected":false},"featured_media":36876,"template":"","class_list":["post-36874","podcast","type-podcast","status-publish","has-post-thumbnail","hentry"],"acf":[],"yoast_head":"<!-- This site is optimized with the Yoast SEO Premium plugin v27.3 (Yoast SEO v27.4) - https:\/\/yoast.com\/product\/yoast-seo-premium-wordpress\/ -->\n<title>Elektromobilno\u015b\u0107 w Polsce: Jak Wygl\u0105da Przysz\u0142o\u015b\u0107? | Ekoenergetyka<\/title>\n<meta name=\"description\" content=\"Czy Polska jest gotowa na rewolucj\u0119 elektromobilno\u015bci? W najnowszym odcinku EV Generation go\u015bcimy Kasi\u0119 Sob\u00f3tk\u0119, ekspertk\u0119 ds. elektromobilno\u015bci, kt\u00f3ra dzieli si\u0119 swoimi spostrze\u017ceniami na temat przysz\u0142o\u015bci elektrycznych pojazd\u00f3w w Polsce.\" \/>\n<meta name=\"robots\" content=\"index, follow, max-snippet:-1, max-image-preview:large, max-video-preview:-1\" \/>\n<link rel=\"canonical\" href=\"https:\/\/ekoenergetyka.com\/pl\/podcast\/elektromobilnosc-w-polsce-jak-wyglada-przyszlosc\/\" \/>\n<meta property=\"og:locale\" content=\"pl_PL\" \/>\n<meta property=\"og:type\" content=\"article\" \/>\n<meta property=\"og:title\" content=\"Elektromobilno\u015b\u0107 w Polsce: Jak Wygl\u0105da Przysz\u0142o\u015b\u0107?\" \/>\n<meta property=\"og:description\" content=\"Czy Polska jest gotowa na rewolucj\u0119 elektromobilno\u015bci? W najnowszym odcinku EV Generation go\u015bcimy Kasi\u0119 Sob\u00f3tk\u0119, ekspertk\u0119 ds. elektromobilno\u015bci, kt\u00f3ra dzieli si\u0119 swoimi spostrze\u017ceniami na temat przysz\u0142o\u015bci elektrycznych pojazd\u00f3w w Polsce.\" \/>\n<meta property=\"og:url\" content=\"https:\/\/ekoenergetyka.com\/pl\/podcast\/elektromobilnosc-w-polsce-jak-wyglada-przyszlosc\/\" \/>\n<meta property=\"og:site_name\" content=\"Ekoenergetyka\" \/>\n<meta property=\"article:publisher\" content=\"https:\/\/www.facebook.com\/ekoenergetykaPolska\/\" \/>\n<meta property=\"article:modified_time\" content=\"2024-07-05T06:43:56+00:00\" \/>\n<meta property=\"og:image\" content=\"https:\/\/ekoenergetyka.com\/wp-content\/uploads\/2024\/07\/evgeneration-jak-wyglada-przyszlosc-elektomoblinosci-w-polsce.jpg\" \/>\n\t<meta property=\"og:image:width\" content=\"1920\" \/>\n\t<meta property=\"og:image:height\" content=\"1066\" \/>\n\t<meta property=\"og:image:type\" content=\"image\/jpeg\" \/>\n<meta name=\"twitter:card\" content=\"summary_large_image\" \/>\n<meta name=\"twitter:label1\" content=\"Szacowany czas czytania\" \/>\n\t<meta name=\"twitter:data1\" content=\"2 minuty\" \/>\n<script type=\"application\/ld+json\" class=\"yoast-schema-graph\">{\"@context\":\"https:\\\/\\\/schema.org\",\"@graph\":[{\"@type\":\"WebPage\",\"@id\":\"https:\\\/\\\/ekoenergetyka.com\\\/pl\\\/podcast\\\/elektromobilnosc-w-polsce-jak-wyglada-przyszlosc\\\/\",\"url\":\"https:\\\/\\\/ekoenergetyka.com\\\/pl\\\/podcast\\\/elektromobilnosc-w-polsce-jak-wyglada-przyszlosc\\\/\",\"name\":\"Elektromobilno\u015b\u0107 w Polsce: Jak Wygl\u0105da Przysz\u0142o\u015b\u0107? | Ekoenergetyka\",\"isPartOf\":{\"@id\":\"https:\\\/\\\/ekoenergetyka.com\\\/pl\\\/#website\"},\"primaryImageOfPage\":{\"@id\":\"https:\\\/\\\/ekoenergetyka.com\\\/pl\\\/podcast\\\/elektromobilnosc-w-polsce-jak-wyglada-przyszlosc\\\/#primaryimage\"},\"image\":{\"@id\":\"https:\\\/\\\/ekoenergetyka.com\\\/pl\\\/podcast\\\/elektromobilnosc-w-polsce-jak-wyglada-przyszlosc\\\/#primaryimage\"},\"thumbnailUrl\":\"https:\\\/\\\/ekoenergetyka.com\\\/wp-content\\\/uploads\\\/2024\\\/07\\\/evgeneration-jak-wyglada-przyszlosc-elektomoblinosci-w-polsce.jpg\",\"datePublished\":\"2024-07-05T06:41:29+00:00\",\"dateModified\":\"2024-07-05T06:43:56+00:00\",\"description\":\"Czy Polska jest gotowa na rewolucj\u0119 elektromobilno\u015bci? W najnowszym odcinku EV Generation go\u015bcimy Kasi\u0119 Sob\u00f3tk\u0119, ekspertk\u0119 ds. elektromobilno\u015bci, kt\u00f3ra dzieli si\u0119 swoimi spostrze\u017ceniami na temat przysz\u0142o\u015bci elektrycznych pojazd\u00f3w w Polsce.\",\"breadcrumb\":{\"@id\":\"https:\\\/\\\/ekoenergetyka.com\\\/pl\\\/podcast\\\/elektromobilnosc-w-polsce-jak-wyglada-przyszlosc\\\/#breadcrumb\"},\"inLanguage\":\"pl-PL\",\"potentialAction\":[{\"@type\":\"ReadAction\",\"target\":[\"https:\\\/\\\/ekoenergetyka.com\\\/pl\\\/podcast\\\/elektromobilnosc-w-polsce-jak-wyglada-przyszlosc\\\/\"]}]},{\"@type\":\"ImageObject\",\"inLanguage\":\"pl-PL\",\"@id\":\"https:\\\/\\\/ekoenergetyka.com\\\/pl\\\/podcast\\\/elektromobilnosc-w-polsce-jak-wyglada-przyszlosc\\\/#primaryimage\",\"url\":\"https:\\\/\\\/ekoenergetyka.com\\\/wp-content\\\/uploads\\\/2024\\\/07\\\/evgeneration-jak-wyglada-przyszlosc-elektomoblinosci-w-polsce.jpg\",\"contentUrl\":\"https:\\\/\\\/ekoenergetyka.com\\\/wp-content\\\/uploads\\\/2024\\\/07\\\/evgeneration-jak-wyglada-przyszlosc-elektomoblinosci-w-polsce.jpg\",\"width\":1920,\"height\":1066},{\"@type\":\"BreadcrumbList\",\"@id\":\"https:\\\/\\\/ekoenergetyka.com\\\/pl\\\/podcast\\\/elektromobilnosc-w-polsce-jak-wyglada-przyszlosc\\\/#breadcrumb\",\"itemListElement\":[{\"@type\":\"ListItem\",\"position\":1,\"name\":\"Strona G\u0142\u00f3wna\",\"item\":\"https:\\\/\\\/ekoenergetyka.com\\\/pl\\\/\"},{\"@type\":\"ListItem\",\"position\":2,\"name\":\"Podcast\",\"item\":\"https:\\\/\\\/ekoenergetyka.com\\\/pl\\\/podcast\\\/\"},{\"@type\":\"ListItem\",\"position\":3,\"name\":\"Elektromobilno\u015b\u0107 w Polsce: Jak Wygl\u0105da Przysz\u0142o\u015b\u0107?\"}]},{\"@type\":\"WebSite\",\"@id\":\"https:\\\/\\\/ekoenergetyka.com\\\/pl\\\/#website\",\"url\":\"https:\\\/\\\/ekoenergetyka.com\\\/pl\\\/\",\"name\":\"Ekoenergetyka\",\"description\":\"\",\"publisher\":{\"@id\":\"https:\\\/\\\/ekoenergetyka.com\\\/pl\\\/#organization\"},\"potentialAction\":[{\"@type\":\"SearchAction\",\"target\":{\"@type\":\"EntryPoint\",\"urlTemplate\":\"https:\\\/\\\/ekoenergetyka.com\\\/pl\\\/?s={search_term_string}\"},\"query-input\":{\"@type\":\"PropertyValueSpecification\",\"valueRequired\":true,\"valueName\":\"search_term_string\"}}],\"inLanguage\":\"pl-PL\"},{\"@type\":\"Organization\",\"@id\":\"https:\\\/\\\/ekoenergetyka.com\\\/pl\\\/#organization\",\"name\":\"Ekoenergetyka - Polska S.A.\",\"url\":\"https:\\\/\\\/ekoenergetyka.com\\\/pl\\\/\",\"logo\":{\"@type\":\"ImageObject\",\"inLanguage\":\"pl-PL\",\"@id\":\"https:\\\/\\\/ekoenergetyka.com\\\/pl\\\/#\\\/schema\\\/logo\\\/image\\\/\",\"url\":\"https:\\\/\\\/ekoenergetyka.com\\\/wp-content\\\/uploads\\\/2024\\\/11\\\/cropped-sygnet-bez-tla-black-1-2.png\",\"contentUrl\":\"https:\\\/\\\/ekoenergetyka.com\\\/wp-content\\\/uploads\\\/2024\\\/11\\\/cropped-sygnet-bez-tla-black-1-2.png\",\"width\":512,\"height\":512,\"caption\":\"Ekoenergetyka - Polska S.A.\"},\"image\":{\"@id\":\"https:\\\/\\\/ekoenergetyka.com\\\/pl\\\/#\\\/schema\\\/logo\\\/image\\\/\"},\"sameAs\":[\"https:\\\/\\\/www.facebook.com\\\/ekoenergetykaPolska\\\/\",\"https:\\\/\\\/www.linkedin.com\\\/company\\\/ekoenergetyka\",\"https:\\\/\\\/www.youtube.com\\\/channel\\\/UCfZM_rPDdrv6D0JB-uhWi8Q\\\/videos\"],\"description\":\"Established in 2009 Poland with a sole purpose of providing charging solutions, we are one of the pioneers in the e-mobility industry. In a decade, Ekoenergetyka has grown from 2 to more than 400 employees (currently around 1,000) and has acquired customers throughout Europe and are now a Central and Eastern European leader in charging technologies.\",\"email\":\"contact@ekoenergetyka.com.pl\",\"telephone\":\"+ 48 68 328 20 68\",\"numberOfEmployees\":{\"@type\":\"QuantitativeValue\",\"minValue\":\"501\",\"maxValue\":\"1000\"}}]}<\/script>\n<!-- \/ Yoast SEO Premium plugin. -->","yoast_head_json":{"title":"Elektromobilno\u015b\u0107 w Polsce: Jak Wygl\u0105da Przysz\u0142o\u015b\u0107? | Ekoenergetyka","description":"Czy Polska jest gotowa na rewolucj\u0119 elektromobilno\u015bci? W najnowszym odcinku EV Generation go\u015bcimy Kasi\u0119 Sob\u00f3tk\u0119, ekspertk\u0119 ds. elektromobilno\u015bci, kt\u00f3ra dzieli si\u0119 swoimi spostrze\u017ceniami na temat przysz\u0142o\u015bci elektrycznych pojazd\u00f3w w Polsce.","robots":{"index":"index","follow":"follow","max-snippet":"max-snippet:-1","max-image-preview":"max-image-preview:large","max-video-preview":"max-video-preview:-1"},"canonical":"https:\/\/ekoenergetyka.com\/pl\/podcast\/elektromobilnosc-w-polsce-jak-wyglada-przyszlosc\/","og_locale":"pl_PL","og_type":"article","og_title":"Elektromobilno\u015b\u0107 w Polsce: Jak Wygl\u0105da Przysz\u0142o\u015b\u0107?","og_description":"Czy Polska jest gotowa na rewolucj\u0119 elektromobilno\u015bci? W najnowszym odcinku EV Generation go\u015bcimy Kasi\u0119 Sob\u00f3tk\u0119, ekspertk\u0119 ds. elektromobilno\u015bci, kt\u00f3ra dzieli si\u0119 swoimi spostrze\u017ceniami na temat przysz\u0142o\u015bci elektrycznych pojazd\u00f3w w Polsce.","og_url":"https:\/\/ekoenergetyka.com\/pl\/podcast\/elektromobilnosc-w-polsce-jak-wyglada-przyszlosc\/","og_site_name":"Ekoenergetyka","article_publisher":"https:\/\/www.facebook.com\/ekoenergetykaPolska\/","article_modified_time":"2024-07-05T06:43:56+00:00","og_image":[{"width":1920,"height":1066,"url":"https:\/\/ekoenergetyka.com\/wp-content\/uploads\/2024\/07\/evgeneration-jak-wyglada-przyszlosc-elektomoblinosci-w-polsce.jpg","type":"image\/jpeg"}],"twitter_card":"summary_large_image","twitter_misc":{"Szacowany czas czytania":"2 minuty"},"schema":{"@context":"https:\/\/schema.org","@graph":[{"@type":"WebPage","@id":"https:\/\/ekoenergetyka.com\/pl\/podcast\/elektromobilnosc-w-polsce-jak-wyglada-przyszlosc\/","url":"https:\/\/ekoenergetyka.com\/pl\/podcast\/elektromobilnosc-w-polsce-jak-wyglada-przyszlosc\/","name":"Elektromobilno\u015b\u0107 w Polsce: Jak Wygl\u0105da Przysz\u0142o\u015b\u0107? | Ekoenergetyka","isPartOf":{"@id":"https:\/\/ekoenergetyka.com\/pl\/#website"},"primaryImageOfPage":{"@id":"https:\/\/ekoenergetyka.com\/pl\/podcast\/elektromobilnosc-w-polsce-jak-wyglada-przyszlosc\/#primaryimage"},"image":{"@id":"https:\/\/ekoenergetyka.com\/pl\/podcast\/elektromobilnosc-w-polsce-jak-wyglada-przyszlosc\/#primaryimage"},"thumbnailUrl":"https:\/\/ekoenergetyka.com\/wp-content\/uploads\/2024\/07\/evgeneration-jak-wyglada-przyszlosc-elektomoblinosci-w-polsce.jpg","datePublished":"2024-07-05T06:41:29+00:00","dateModified":"2024-07-05T06:43:56+00:00","description":"Czy Polska jest gotowa na rewolucj\u0119 elektromobilno\u015bci? W najnowszym odcinku EV Generation go\u015bcimy Kasi\u0119 Sob\u00f3tk\u0119, ekspertk\u0119 ds. elektromobilno\u015bci, kt\u00f3ra dzieli si\u0119 swoimi spostrze\u017ceniami na temat przysz\u0142o\u015bci elektrycznych pojazd\u00f3w w Polsce.","breadcrumb":{"@id":"https:\/\/ekoenergetyka.com\/pl\/podcast\/elektromobilnosc-w-polsce-jak-wyglada-przyszlosc\/#breadcrumb"},"inLanguage":"pl-PL","potentialAction":[{"@type":"ReadAction","target":["https:\/\/ekoenergetyka.com\/pl\/podcast\/elektromobilnosc-w-polsce-jak-wyglada-przyszlosc\/"]}]},{"@type":"ImageObject","inLanguage":"pl-PL","@id":"https:\/\/ekoenergetyka.com\/pl\/podcast\/elektromobilnosc-w-polsce-jak-wyglada-przyszlosc\/#primaryimage","url":"https:\/\/ekoenergetyka.com\/wp-content\/uploads\/2024\/07\/evgeneration-jak-wyglada-przyszlosc-elektomoblinosci-w-polsce.jpg","contentUrl":"https:\/\/ekoenergetyka.com\/wp-content\/uploads\/2024\/07\/evgeneration-jak-wyglada-przyszlosc-elektomoblinosci-w-polsce.jpg","width":1920,"height":1066},{"@type":"BreadcrumbList","@id":"https:\/\/ekoenergetyka.com\/pl\/podcast\/elektromobilnosc-w-polsce-jak-wyglada-przyszlosc\/#breadcrumb","itemListElement":[{"@type":"ListItem","position":1,"name":"Strona G\u0142\u00f3wna","item":"https:\/\/ekoenergetyka.com\/pl\/"},{"@type":"ListItem","position":2,"name":"Podcast","item":"https:\/\/ekoenergetyka.com\/pl\/podcast\/"},{"@type":"ListItem","position":3,"name":"Elektromobilno\u015b\u0107 w Polsce: Jak Wygl\u0105da Przysz\u0142o\u015b\u0107?"}]},{"@type":"WebSite","@id":"https:\/\/ekoenergetyka.com\/pl\/#website","url":"https:\/\/ekoenergetyka.com\/pl\/","name":"Ekoenergetyka","description":"","publisher":{"@id":"https:\/\/ekoenergetyka.com\/pl\/#organization"},"potentialAction":[{"@type":"SearchAction","target":{"@type":"EntryPoint","urlTemplate":"https:\/\/ekoenergetyka.com\/pl\/?s={search_term_string}"},"query-input":{"@type":"PropertyValueSpecification","valueRequired":true,"valueName":"search_term_string"}}],"inLanguage":"pl-PL"},{"@type":"Organization","@id":"https:\/\/ekoenergetyka.com\/pl\/#organization","name":"Ekoenergetyka - Polska S.A.","url":"https:\/\/ekoenergetyka.com\/pl\/","logo":{"@type":"ImageObject","inLanguage":"pl-PL","@id":"https:\/\/ekoenergetyka.com\/pl\/#\/schema\/logo\/image\/","url":"https:\/\/ekoenergetyka.com\/wp-content\/uploads\/2024\/11\/cropped-sygnet-bez-tla-black-1-2.png","contentUrl":"https:\/\/ekoenergetyka.com\/wp-content\/uploads\/2024\/11\/cropped-sygnet-bez-tla-black-1-2.png","width":512,"height":512,"caption":"Ekoenergetyka - Polska S.A."},"image":{"@id":"https:\/\/ekoenergetyka.com\/pl\/#\/schema\/logo\/image\/"},"sameAs":["https:\/\/www.facebook.com\/ekoenergetykaPolska\/","https:\/\/www.linkedin.com\/company\/ekoenergetyka","https:\/\/www.youtube.com\/channel\/UCfZM_rPDdrv6D0JB-uhWi8Q\/videos"],"description":"Established in 2009 Poland with a sole purpose of providing charging solutions, we are one of the pioneers in the e-mobility industry. In a decade, Ekoenergetyka has grown from 2 to more than 400 employees (currently around 1,000) and has acquired customers throughout Europe and are now a Central and Eastern European leader in charging technologies.","email":"contact@ekoenergetyka.com.pl","telephone":"+ 48 68 328 20 68","numberOfEmployees":{"@type":"QuantitativeValue","minValue":"501","maxValue":"1000"}}]}},"_links":{"self":[{"href":"https:\/\/ekoenergetyka.com\/pl\/wp-json\/wp\/v2\/podcast\/36874","targetHints":{"allow":["GET"]}}],"collection":[{"href":"https:\/\/ekoenergetyka.com\/pl\/wp-json\/wp\/v2\/podcast"}],"about":[{"href":"https:\/\/ekoenergetyka.com\/pl\/wp-json\/wp\/v2\/types\/podcast"}],"wp:featuredmedia":[{"embeddable":true,"href":"https:\/\/ekoenergetyka.com\/pl\/wp-json\/wp\/v2\/media\/36876"}],"wp:attachment":[{"href":"https:\/\/ekoenergetyka.com\/pl\/wp-json\/wp\/v2\/media?parent=36874"}],"curies":[{"name":"wp","href":"https:\/\/api.w.org\/{rel}","templated":true}]}}