{"id":36655,"date":"2024-06-20T12:34:24","date_gmt":"2024-06-20T10:34:24","guid":{"rendered":"https:\/\/ekoenergetyka.com\/?post_type=podcast&#038;p=36655"},"modified":"2024-07-03T08:46:54","modified_gmt":"2024-07-03T06:46:54","slug":"przyszlosc-transportu-publicznego-i-kompetencje-potrzebne-w-tym-obszarze","status":"publish","type":"podcast","link":"https:\/\/ekoenergetyka.com\/pl\/podcast\/przyszlosc-transportu-publicznego-i-kompetencje-potrzebne-w-tym-obszarze\/","title":{"rendered":"Przysz\u0142o\u015b\u0107 transportu publicznego i kompetencje potrzebne w tym obszarze"},"content":{"rendered":"\n<iframe loading=\"lazy\" class=\"iframe-yt\" width=\"100%\" height=\"562\" src=\"https:\/\/www.youtube.com\/embed\/HYKpEegUB5c?si=fY5e2PZNqKCKHEWO\" title=\"Przysz\u0142o\u015b\u0107 transportu publicznego i kompetencje potrzebne w tym obszarze\" frameborder=\"0\" allow=\"accelerometer; autoplay; clipboard-write; encrypted-media; gyroscope; picture-in-picture; web-share\" allowfullscreen><\/iframe>\n\n\n\n<div style=\"height:1em\" aria-hidden=\"true\" class=\"wp-block-spacer\"><\/div>\n\n\n\n<p><strong>LUB POS\u0141UCHAJ:<\/strong><\/p>\n\n\n\n<a class=\"spreaker-player\" href=\"https:\/\/www.spreaker.com\/episode\/przyszlosc-transportu-publicznego-i-kompetencje-potrzebne-w-tym-obszarze--60446902\" data-resource=\"episode_id=60446902\" data-width=\"100%\" data-height=\"200px\" data-theme=\"light\" data-playlist=\"false\" data-playlist-continuous=\"false\" data-chapters-image=\"true\" data-episode-image-position=\"left\" data-hide-logo=\"true\" data-hide-likes=\"true\" data-hide-comments=\"true\" data-hide-sharing=\"true\" data-hide-download=\"true\" data-color=\"0096a0\">Pos\u0142uchaj \"Przysz\u0142o\u015b\u0107 transportu publicznego i kompetencje potrzebne w tym obszarze\" na Spreaker.<\/a>\n\n\n\n<div style=\"height:1em\" aria-hidden=\"true\" class=\"wp-block-spacer\"><\/div>\n\n\n\n<h3 class=\"wp-block-heading\" id=\"h-kulisy-elektryfikacji-transportu-publicznego-w-europie\">Kulisy elektryfikacji transportu publicznego w Europie<\/h3>\n\n\n\n<h3 class=\"wp-block-heading\" id=\"h-jak-sie-odbywa-elektryfikacja-miast\">Jak si\u0119 odbywa elektryfikacja miast?<\/h3>\n\n\n\n<p>Zapraszamy do wyj\u0105tkowego odcinka podcastu EV Generation, w kt\u00f3rym zag\u0142\u0119bimy si\u0119 w temat elektryfikacji transportu publicznego w miastach Europy. Naszym go\u015bciem jest <strong>Oskar G\u00f3rski<\/strong>, E-Bus Sector Manager w Ekoenergetyka Polska S.A. Firma Ekoenergetyka to pionier elektromobilno\u015bci, kt\u00f3ry ju\u017c 15 lat temu, we wsp\u00f3\u0142pracy z Solarisem, rozpocz\u0105\u0142 pierwsze kroki w kierunku elektryfikacji miast, produkuj\u0105c infrastruktur\u0119 szybkiego \u0142adowania.<\/p>\n\n\n\n<p>Dzi\u015b \u0142adowarki Ekoenergetyki zasilaj\u0105 pojazdy w ponad 150 miastach Europy, takich jak Warszawa, Monachium, Berlin, Pary\u017c, Barcelona, Sztokholm i wiele innych. Jednym z najwa\u017cniejszych projekt\u00f3w firmy jest 1100 \u0142adowarek dla RATP \u2013 s\u0142ynnego operatora transportu publicznego w Pary\u017cu, znanego ze swojego doskona\u0142ego systemu metra i rozbudowanych us\u0142ug kolejowych. RATP, w ramach swojej misji dotycz\u0105cej zr\u00f3wnowa\u017conej mobilno\u015bci, implementuje sie\u0107 \u0142adowarek od Ekoenergetyki, dokonuj\u0105c ogromnego skoku rozwojowego w zakresie elektryfikacji transportu miejskiego.<\/p>\n\n\n\n<p>W tym odcinku porozmawiamy o:<\/p>\n\n\n\n<ul class=\"wp-block-list\">\n<li>Elektryfikacji transportu publicznego na po\u0142udniu i p\u00f3\u0142nocy Europy<\/li>\n\n\n\n<li>Krajach Europy \u015arodkowej, kt\u00f3re przoduj\u0105 w elektryfikacji oraz tych, kt\u00f3re dopiero zaczynaj\u0105 swoj\u0105 przygod\u0119<\/li>\n\n\n\n<li>Procesie elektryfikacji miast i tworzeniu scenariuszy \u0142adowania autobus\u00f3w (overnight lub pantografowe)<\/li>\n\n\n\n<li>Adaptacji kierowc\u00f3w z pojazd\u00f3w spalinowych na elektryczne i konieczno\u015bci specjalnych szkole\u0144<\/li>\n\n\n\n<li>Nadzorze procesu \u0142adowania na zajezdniach autobusowych i roli centrum monitoringu w Zielonej G\u00f3rze, kt\u00f3re dzia\u0142a 24\/7, rozwi\u0105zuj\u0105c ponad 60% problem\u00f3w zdalnie, cz\u0119sto zanim klient zg\u0142osi problem<\/li>\n<\/ul>\n\n\n\n<p>\ud83d\udcec Do\u0142\u0105cz do naszego <strong><a href=\"#newsletter\"><u>newslettera<\/u><\/a><\/strong> i otrzymuj najnowsze wiadomo\u015bci, trendy i artyku\u0142y bezpo\u015brednio na swoj\u0105 skrzynk\u0119 e-mailow\u0105.<\/p>\n","protected":false},"excerpt":{"rendered":"<p>Zapraszamy do wyj\u0105tkowego odcinka podcastu EV Generation, w kt\u00f3rym zag\u0142\u0119bimy si\u0119 w temat elektryfikacji transportu publicznego w miastach Europy. Naszym go\u015bciem jest Oskar G\u00f3rski, E-Bus Sector Manager w Ekoenergetyka Polska S.A. Firma Ekoenergetyka to pionier elektromobilno\u015bci, kt\u00f3ry ju\u017c 15 lat temu, we wsp\u00f3\u0142pracy z Solarisem, rozpocz\u0105\u0142 pierwsze kroki w kierunku elektryfikacji miast, produkuj\u0105c infrastruktur\u0119 szybkiego \u0142adowania.<\/p>\n","protected":false},"featured_media":36656,"template":"","class_list":["post-36655","podcast","type-podcast","status-publish","has-post-thumbnail","hentry"],"acf":[],"yoast_head":"<!-- This site is optimized with the Yoast SEO Premium plugin v27.3 (Yoast SEO v27.4) - https:\/\/yoast.com\/product\/yoast-seo-premium-wordpress\/ -->\n<title>Przysz\u0142o\u015b\u0107 transportu publicznego i kompetencje potrzebne w tym obszarze | Ekoenergetyka<\/title>\n<meta name=\"description\" content=\"Zapraszamy do wyj\u0105tkowego odcinka podcastu EV Generation, w kt\u00f3rym zag\u0142\u0119bimy si\u0119 w temat elektryfikacji transportu publicznego w miastach Europy. Naszym go\u015bciem jest Oskar G\u00f3rski, E-Bus Sector Manager w Ekoenergetyka Polska S.A\" \/>\n<meta name=\"robots\" content=\"index, follow, max-snippet:-1, max-image-preview:large, max-video-preview:-1\" \/>\n<link rel=\"canonical\" href=\"https:\/\/ekoenergetyka.com\/pl\/podcast\/przyszlosc-transportu-publicznego-i-kompetencje-potrzebne-w-tym-obszarze\/\" \/>\n<meta property=\"og:locale\" content=\"pl_PL\" \/>\n<meta property=\"og:type\" content=\"article\" \/>\n<meta property=\"og:title\" content=\"Przysz\u0142o\u015b\u0107 transportu publicznego i kompetencje potrzebne w tym obszarze\" \/>\n<meta property=\"og:description\" content=\"Zapraszamy do wyj\u0105tkowego odcinka podcastu EV Generation, w kt\u00f3rym zag\u0142\u0119bimy si\u0119 w temat elektryfikacji transportu publicznego w miastach Europy. Naszym go\u015bciem jest Oskar G\u00f3rski, E-Bus Sector Manager w Ekoenergetyka Polska S.A\" \/>\n<meta property=\"og:url\" content=\"https:\/\/ekoenergetyka.com\/pl\/podcast\/przyszlosc-transportu-publicznego-i-kompetencje-potrzebne-w-tym-obszarze\/\" \/>\n<meta property=\"og:site_name\" content=\"Ekoenergetyka\" \/>\n<meta property=\"article:publisher\" content=\"https:\/\/www.facebook.com\/ekoenergetykaPolska\/\" \/>\n<meta property=\"article:modified_time\" content=\"2024-07-03T06:46:54+00:00\" \/>\n<meta property=\"og:image\" content=\"https:\/\/ekoenergetyka.com\/wp-content\/uploads\/2024\/06\/oskar-gorski-2-5-1.jpg\" \/>\n\t<meta property=\"og:image:width\" content=\"1920\" \/>\n\t<meta property=\"og:image:height\" content=\"1080\" \/>\n\t<meta property=\"og:image:type\" content=\"image\/jpeg\" \/>\n<meta name=\"twitter:card\" content=\"summary_large_image\" \/>\n<meta name=\"twitter:label1\" content=\"Szacowany czas czytania\" \/>\n\t<meta name=\"twitter:data1\" content=\"2 minuty\" \/>\n<script type=\"application\/ld+json\" class=\"yoast-schema-graph\">{\"@context\":\"https:\\\/\\\/schema.org\",\"@graph\":[{\"@type\":\"WebPage\",\"@id\":\"https:\\\/\\\/ekoenergetyka.com\\\/pl\\\/podcast\\\/przyszlosc-transportu-publicznego-i-kompetencje-potrzebne-w-tym-obszarze\\\/\",\"url\":\"https:\\\/\\\/ekoenergetyka.com\\\/pl\\\/podcast\\\/przyszlosc-transportu-publicznego-i-kompetencje-potrzebne-w-tym-obszarze\\\/\",\"name\":\"Przysz\u0142o\u015b\u0107 transportu publicznego i kompetencje potrzebne w tym obszarze | Ekoenergetyka\",\"isPartOf\":{\"@id\":\"https:\\\/\\\/ekoenergetyka.com\\\/pl\\\/#website\"},\"primaryImageOfPage\":{\"@id\":\"https:\\\/\\\/ekoenergetyka.com\\\/pl\\\/podcast\\\/przyszlosc-transportu-publicznego-i-kompetencje-potrzebne-w-tym-obszarze\\\/#primaryimage\"},\"image\":{\"@id\":\"https:\\\/\\\/ekoenergetyka.com\\\/pl\\\/podcast\\\/przyszlosc-transportu-publicznego-i-kompetencje-potrzebne-w-tym-obszarze\\\/#primaryimage\"},\"thumbnailUrl\":\"https:\\\/\\\/ekoenergetyka.com\\\/wp-content\\\/uploads\\\/2024\\\/06\\\/oskar-gorski-2-5-1.jpg\",\"datePublished\":\"2024-06-20T10:34:24+00:00\",\"dateModified\":\"2024-07-03T06:46:54+00:00\",\"description\":\"Zapraszamy do wyj\u0105tkowego odcinka podcastu EV Generation, w kt\u00f3rym zag\u0142\u0119bimy si\u0119 w temat elektryfikacji transportu publicznego w miastach Europy. Naszym go\u015bciem jest Oskar G\u00f3rski, E-Bus Sector Manager w Ekoenergetyka Polska S.A\",\"breadcrumb\":{\"@id\":\"https:\\\/\\\/ekoenergetyka.com\\\/pl\\\/podcast\\\/przyszlosc-transportu-publicznego-i-kompetencje-potrzebne-w-tym-obszarze\\\/#breadcrumb\"},\"inLanguage\":\"pl-PL\",\"potentialAction\":[{\"@type\":\"ReadAction\",\"target\":[\"https:\\\/\\\/ekoenergetyka.com\\\/pl\\\/podcast\\\/przyszlosc-transportu-publicznego-i-kompetencje-potrzebne-w-tym-obszarze\\\/\"]}]},{\"@type\":\"ImageObject\",\"inLanguage\":\"pl-PL\",\"@id\":\"https:\\\/\\\/ekoenergetyka.com\\\/pl\\\/podcast\\\/przyszlosc-transportu-publicznego-i-kompetencje-potrzebne-w-tym-obszarze\\\/#primaryimage\",\"url\":\"https:\\\/\\\/ekoenergetyka.com\\\/wp-content\\\/uploads\\\/2024\\\/06\\\/oskar-gorski-2-5-1.jpg\",\"contentUrl\":\"https:\\\/\\\/ekoenergetyka.com\\\/wp-content\\\/uploads\\\/2024\\\/06\\\/oskar-gorski-2-5-1.jpg\",\"width\":1920,\"height\":1080},{\"@type\":\"BreadcrumbList\",\"@id\":\"https:\\\/\\\/ekoenergetyka.com\\\/pl\\\/podcast\\\/przyszlosc-transportu-publicznego-i-kompetencje-potrzebne-w-tym-obszarze\\\/#breadcrumb\",\"itemListElement\":[{\"@type\":\"ListItem\",\"position\":1,\"name\":\"Strona G\u0142\u00f3wna\",\"item\":\"https:\\\/\\\/ekoenergetyka.com\\\/pl\\\/\"},{\"@type\":\"ListItem\",\"position\":2,\"name\":\"Podcast\",\"item\":\"https:\\\/\\\/ekoenergetyka.com\\\/pl\\\/podcast\\\/\"},{\"@type\":\"ListItem\",\"position\":3,\"name\":\"Przysz\u0142o\u015b\u0107 transportu publicznego i kompetencje potrzebne w tym obszarze\"}]},{\"@type\":\"WebSite\",\"@id\":\"https:\\\/\\\/ekoenergetyka.com\\\/pl\\\/#website\",\"url\":\"https:\\\/\\\/ekoenergetyka.com\\\/pl\\\/\",\"name\":\"Ekoenergetyka\",\"description\":\"\",\"publisher\":{\"@id\":\"https:\\\/\\\/ekoenergetyka.com\\\/pl\\\/#organization\"},\"potentialAction\":[{\"@type\":\"SearchAction\",\"target\":{\"@type\":\"EntryPoint\",\"urlTemplate\":\"https:\\\/\\\/ekoenergetyka.com\\\/pl\\\/?s={search_term_string}\"},\"query-input\":{\"@type\":\"PropertyValueSpecification\",\"valueRequired\":true,\"valueName\":\"search_term_string\"}}],\"inLanguage\":\"pl-PL\"},{\"@type\":\"Organization\",\"@id\":\"https:\\\/\\\/ekoenergetyka.com\\\/pl\\\/#organization\",\"name\":\"Ekoenergetyka - Polska S.A.\",\"url\":\"https:\\\/\\\/ekoenergetyka.com\\\/pl\\\/\",\"logo\":{\"@type\":\"ImageObject\",\"inLanguage\":\"pl-PL\",\"@id\":\"https:\\\/\\\/ekoenergetyka.com\\\/pl\\\/#\\\/schema\\\/logo\\\/image\\\/\",\"url\":\"https:\\\/\\\/ekoenergetyka.com\\\/wp-content\\\/uploads\\\/2024\\\/11\\\/cropped-sygnet-bez-tla-black-1-2.png\",\"contentUrl\":\"https:\\\/\\\/ekoenergetyka.com\\\/wp-content\\\/uploads\\\/2024\\\/11\\\/cropped-sygnet-bez-tla-black-1-2.png\",\"width\":512,\"height\":512,\"caption\":\"Ekoenergetyka - Polska S.A.\"},\"image\":{\"@id\":\"https:\\\/\\\/ekoenergetyka.com\\\/pl\\\/#\\\/schema\\\/logo\\\/image\\\/\"},\"sameAs\":[\"https:\\\/\\\/www.facebook.com\\\/ekoenergetykaPolska\\\/\",\"https:\\\/\\\/www.linkedin.com\\\/company\\\/ekoenergetyka\",\"https:\\\/\\\/www.youtube.com\\\/channel\\\/UCfZM_rPDdrv6D0JB-uhWi8Q\\\/videos\"],\"description\":\"Established in 2009 Poland with a sole purpose of providing charging solutions, we are one of the pioneers in the e-mobility industry. In a decade, Ekoenergetyka has grown from 2 to more than 400 employees (currently around 1,000) and has acquired customers throughout Europe and are now a Central and Eastern European leader in charging technologies.\",\"email\":\"contact@ekoenergetyka.com.pl\",\"telephone\":\"+ 48 68 328 20 68\",\"numberOfEmployees\":{\"@type\":\"QuantitativeValue\",\"minValue\":\"501\",\"maxValue\":\"1000\"}}]}<\/script>\n<!-- \/ Yoast SEO Premium plugin. -->","yoast_head_json":{"title":"Przysz\u0142o\u015b\u0107 transportu publicznego i kompetencje potrzebne w tym obszarze | Ekoenergetyka","description":"Zapraszamy do wyj\u0105tkowego odcinka podcastu EV Generation, w kt\u00f3rym zag\u0142\u0119bimy si\u0119 w temat elektryfikacji transportu publicznego w miastach Europy. Naszym go\u015bciem jest Oskar G\u00f3rski, E-Bus Sector Manager w Ekoenergetyka Polska S.A","robots":{"index":"index","follow":"follow","max-snippet":"max-snippet:-1","max-image-preview":"max-image-preview:large","max-video-preview":"max-video-preview:-1"},"canonical":"https:\/\/ekoenergetyka.com\/pl\/podcast\/przyszlosc-transportu-publicznego-i-kompetencje-potrzebne-w-tym-obszarze\/","og_locale":"pl_PL","og_type":"article","og_title":"Przysz\u0142o\u015b\u0107 transportu publicznego i kompetencje potrzebne w tym obszarze","og_description":"Zapraszamy do wyj\u0105tkowego odcinka podcastu EV Generation, w kt\u00f3rym zag\u0142\u0119bimy si\u0119 w temat elektryfikacji transportu publicznego w miastach Europy. Naszym go\u015bciem jest Oskar G\u00f3rski, E-Bus Sector Manager w Ekoenergetyka Polska S.A","og_url":"https:\/\/ekoenergetyka.com\/pl\/podcast\/przyszlosc-transportu-publicznego-i-kompetencje-potrzebne-w-tym-obszarze\/","og_site_name":"Ekoenergetyka","article_publisher":"https:\/\/www.facebook.com\/ekoenergetykaPolska\/","article_modified_time":"2024-07-03T06:46:54+00:00","og_image":[{"width":1920,"height":1080,"url":"https:\/\/ekoenergetyka.com\/wp-content\/uploads\/2024\/06\/oskar-gorski-2-5-1.jpg","type":"image\/jpeg"}],"twitter_card":"summary_large_image","twitter_misc":{"Szacowany czas czytania":"2 minuty"},"schema":{"@context":"https:\/\/schema.org","@graph":[{"@type":"WebPage","@id":"https:\/\/ekoenergetyka.com\/pl\/podcast\/przyszlosc-transportu-publicznego-i-kompetencje-potrzebne-w-tym-obszarze\/","url":"https:\/\/ekoenergetyka.com\/pl\/podcast\/przyszlosc-transportu-publicznego-i-kompetencje-potrzebne-w-tym-obszarze\/","name":"Przysz\u0142o\u015b\u0107 transportu publicznego i kompetencje potrzebne w tym obszarze | Ekoenergetyka","isPartOf":{"@id":"https:\/\/ekoenergetyka.com\/pl\/#website"},"primaryImageOfPage":{"@id":"https:\/\/ekoenergetyka.com\/pl\/podcast\/przyszlosc-transportu-publicznego-i-kompetencje-potrzebne-w-tym-obszarze\/#primaryimage"},"image":{"@id":"https:\/\/ekoenergetyka.com\/pl\/podcast\/przyszlosc-transportu-publicznego-i-kompetencje-potrzebne-w-tym-obszarze\/#primaryimage"},"thumbnailUrl":"https:\/\/ekoenergetyka.com\/wp-content\/uploads\/2024\/06\/oskar-gorski-2-5-1.jpg","datePublished":"2024-06-20T10:34:24+00:00","dateModified":"2024-07-03T06:46:54+00:00","description":"Zapraszamy do wyj\u0105tkowego odcinka podcastu EV Generation, w kt\u00f3rym zag\u0142\u0119bimy si\u0119 w temat elektryfikacji transportu publicznego w miastach Europy. Naszym go\u015bciem jest Oskar G\u00f3rski, E-Bus Sector Manager w Ekoenergetyka Polska S.A","breadcrumb":{"@id":"https:\/\/ekoenergetyka.com\/pl\/podcast\/przyszlosc-transportu-publicznego-i-kompetencje-potrzebne-w-tym-obszarze\/#breadcrumb"},"inLanguage":"pl-PL","potentialAction":[{"@type":"ReadAction","target":["https:\/\/ekoenergetyka.com\/pl\/podcast\/przyszlosc-transportu-publicznego-i-kompetencje-potrzebne-w-tym-obszarze\/"]}]},{"@type":"ImageObject","inLanguage":"pl-PL","@id":"https:\/\/ekoenergetyka.com\/pl\/podcast\/przyszlosc-transportu-publicznego-i-kompetencje-potrzebne-w-tym-obszarze\/#primaryimage","url":"https:\/\/ekoenergetyka.com\/wp-content\/uploads\/2024\/06\/oskar-gorski-2-5-1.jpg","contentUrl":"https:\/\/ekoenergetyka.com\/wp-content\/uploads\/2024\/06\/oskar-gorski-2-5-1.jpg","width":1920,"height":1080},{"@type":"BreadcrumbList","@id":"https:\/\/ekoenergetyka.com\/pl\/podcast\/przyszlosc-transportu-publicznego-i-kompetencje-potrzebne-w-tym-obszarze\/#breadcrumb","itemListElement":[{"@type":"ListItem","position":1,"name":"Strona G\u0142\u00f3wna","item":"https:\/\/ekoenergetyka.com\/pl\/"},{"@type":"ListItem","position":2,"name":"Podcast","item":"https:\/\/ekoenergetyka.com\/pl\/podcast\/"},{"@type":"ListItem","position":3,"name":"Przysz\u0142o\u015b\u0107 transportu publicznego i kompetencje potrzebne w tym obszarze"}]},{"@type":"WebSite","@id":"https:\/\/ekoenergetyka.com\/pl\/#website","url":"https:\/\/ekoenergetyka.com\/pl\/","name":"Ekoenergetyka","description":"","publisher":{"@id":"https:\/\/ekoenergetyka.com\/pl\/#organization"},"potentialAction":[{"@type":"SearchAction","target":{"@type":"EntryPoint","urlTemplate":"https:\/\/ekoenergetyka.com\/pl\/?s={search_term_string}"},"query-input":{"@type":"PropertyValueSpecification","valueRequired":true,"valueName":"search_term_string"}}],"inLanguage":"pl-PL"},{"@type":"Organization","@id":"https:\/\/ekoenergetyka.com\/pl\/#organization","name":"Ekoenergetyka - Polska S.A.","url":"https:\/\/ekoenergetyka.com\/pl\/","logo":{"@type":"ImageObject","inLanguage":"pl-PL","@id":"https:\/\/ekoenergetyka.com\/pl\/#\/schema\/logo\/image\/","url":"https:\/\/ekoenergetyka.com\/wp-content\/uploads\/2024\/11\/cropped-sygnet-bez-tla-black-1-2.png","contentUrl":"https:\/\/ekoenergetyka.com\/wp-content\/uploads\/2024\/11\/cropped-sygnet-bez-tla-black-1-2.png","width":512,"height":512,"caption":"Ekoenergetyka - Polska S.A."},"image":{"@id":"https:\/\/ekoenergetyka.com\/pl\/#\/schema\/logo\/image\/"},"sameAs":["https:\/\/www.facebook.com\/ekoenergetykaPolska\/","https:\/\/www.linkedin.com\/company\/ekoenergetyka","https:\/\/www.youtube.com\/channel\/UCfZM_rPDdrv6D0JB-uhWi8Q\/videos"],"description":"Established in 2009 Poland with a sole purpose of providing charging solutions, we are one of the pioneers in the e-mobility industry. In a decade, Ekoenergetyka has grown from 2 to more than 400 employees (currently around 1,000) and has acquired customers throughout Europe and are now a Central and Eastern European leader in charging technologies.","email":"contact@ekoenergetyka.com.pl","telephone":"+ 48 68 328 20 68","numberOfEmployees":{"@type":"QuantitativeValue","minValue":"501","maxValue":"1000"}}]}},"_links":{"self":[{"href":"https:\/\/ekoenergetyka.com\/pl\/wp-json\/wp\/v2\/podcast\/36655","targetHints":{"allow":["GET"]}}],"collection":[{"href":"https:\/\/ekoenergetyka.com\/pl\/wp-json\/wp\/v2\/podcast"}],"about":[{"href":"https:\/\/ekoenergetyka.com\/pl\/wp-json\/wp\/v2\/types\/podcast"}],"wp:featuredmedia":[{"embeddable":true,"href":"https:\/\/ekoenergetyka.com\/pl\/wp-json\/wp\/v2\/media\/36656"}],"wp:attachment":[{"href":"https:\/\/ekoenergetyka.com\/pl\/wp-json\/wp\/v2\/media?parent=36655"}],"curies":[{"name":"wp","href":"https:\/\/api.w.org\/{rel}","templated":true}]}}