{"id":34678,"date":"2024-06-13T13:09:43","date_gmt":"2024-06-13T11:09:43","guid":{"rendered":"https:\/\/ekoenergetyka.com\/?post_type=podcast&#038;p=34678"},"modified":"2024-06-13T13:15:50","modified_gmt":"2024-06-13T11:15:50","slug":"uzytkowanie-samochodu-elektrycznego-w-praktyce","status":"publish","type":"podcast","link":"https:\/\/ekoenergetyka.com\/pl\/podcast\/uzytkowanie-samochodu-elektrycznego-w-praktyce\/","title":{"rendered":"U\u017cytkowanie samochodu elektrycznego w praktyce"},"content":{"rendered":"\n<iframe loading=\"lazy\" class=\"iframe-yt\" width=\"100%\" height=\"562\" src=\"https:\/\/www.youtube.com\/embed\/qiK41dqg1XI?si=fUBcGyjiLvZ9uvXv\" title=\"U\u017cytkowanie samochodu elektrycznego w praktyce\" frameborder=\"0\" allow=\"accelerometer; autoplay; clipboard-write; encrypted-media; gyroscope; picture-in-picture; web-share\" allowfullscreen><\/iframe>\n\n\n\n<div style=\"height:1em\" aria-hidden=\"true\" class=\"wp-block-spacer\"><\/div>\n\n\n\n<p><strong>LUB POS\u0141UCHAJ:<\/strong><\/p>\n\n\n\n<a class=\"spreaker-player\" href=\"https:\/\/www.spreaker.com\/episode\/uzytkowanie-samochodu-elektrycznego-w-praktyce--60358915\" data-resource=\"episode_id=60358915\" data-width=\"100%\" data-height=\"200px\" data-theme=\"light\" data-playlist=\"false\" data-playlist-continuous=\"false\" data-chapters-image=\"true\" data-episode-image-position=\"left\" data-hide-logo=\"true\" data-hide-likes=\"true\" data-hide-comments=\"true\" data-hide-sharing=\"true\" data-hide-download=\"true\" data-color=\"0096a0\">Pos\u0142uchaj \"U\u017cytkowanie samochodu elektrycznego w praktyce\" na Spreaker.<\/a>\n\n\n\n<div style=\"height:1em\" aria-hidden=\"true\" class=\"wp-block-spacer\"><\/div>\n\n\n\n<p>W dzisiejszym odcinku podcastu EV Generation zapraszamy do fascynuj\u0105cej podr\u00f3\u017cy przez \u015bwiat mit\u00f3w zwi\u0105zanych z u\u017cytkowaniem samochod\u00f3w elektrycznych. Naszym go\u015bciem jest <strong>Norbert Ca\u0142a<\/strong>, Techlove, kt\u00f3ry z pasj\u0105 rozwiewa popularne przekonania na temat EV.<\/p>\n\n\n\n<p>Jednym z ulubionych mit\u00f3w Norberta jest twierdzenie, \u017ce samochody elektryczne cz\u0119sto si\u0119 pal\u0105. Ale czy to naprawd\u0119 prawda? Statystyki m\u00f3wi\u0105, \u017ce co godzin\u0119 w Polsce pali si\u0119 samoch\u00f3d spalinowy. Natomiast na moment rozmowy z Norbertem (marzec 2024 r.) na terenie Polski nie odnotowano jeszcze \u017cadnego przypadku zapalenia si\u0119 EV. \ud83d\ude09<\/p>\n\n\n\n<p>A co z przekonaniem, \u017ce samochodem elektrycznym nie da si\u0119 pokona\u0107 d\u0142ugich tras? Norbert udowadnia, \u017ce to jedynie mit, dziel\u0105c si\u0119 swoimi do\u015bwiadczeniami podr\u00f3\u017cowania elektrykiem ponad 2000 km w ci\u0105gu 24 godzin!<\/p>\n\n\n\n<p>Czy faktycznie baterie w EV szybko si\u0119 degraduj\u0105, skracaj\u0105c czas u\u017cytkowania pojazdu? Poznaj prawd\u0119 na ten temat w naszym odcinku. A oto ciekawostka. Okazuje si\u0119, \u017ce problem le\u017cy w braku wystarczaj\u0105cej ilo\u015bci zu\u017cytych baterii do recyklingu. Dzi\u0119ki zaawansowanym systemom zarz\u0105dzania bateri\u0105 (BMS), baterie te degraduj\u0105 si\u0119 znacznie wolniej, ni\u017c pocz\u0105tkowo s\u0105dzono. Sytuacja ta doprowadzi\u0142a nawet do interwencji legislacyjnej, kt\u00f3ra zakazuje eksportu zdegradowanych baterii spoza obszaru Unii Europejskiej.<\/p>\n\n\n\n<p>Jakie s\u0105 spostrze\u017cenia Norberta na temat bezpiecze\u0144stwa samochod\u00f3w elektrycznych, zw\u0142aszcza w kontek\u015bcie ryzyka zwi\u0105zanego z bateriami podczas kolizji? Czy EV s\u0105 tak samo bezpieczne jak pojazdy spalinowe? Czym si\u0119 r\u00f3\u017cni u\u017cytkowanie w praktyce samochodu elektrycznego i spalinowego?<\/p>\n\n\n\n<p>Oczywi\u015bcie, to tylko cz\u0119\u015b\u0107 mit\u00f3w, kt\u00f3re rozwiewamy w naszym odcinku. Zapraszamy do wys\u0142uchania i zg\u0142\u0119bienia tajemnic \u015bwiata elektromobilno\u015bci!<\/p>\n\n\n\n<p>\ud83d\udcec Do\u0142\u0105cz do naszego <strong><a href=\"#newsletter\"><u>newslettera<\/u><\/a><\/strong> i otrzymuj najnowsze wiadomo\u015bci, trendy i artyku\u0142y bezpo\u015brednio na swoj\u0105 skrzynk\u0119 e-mailow\u0105.<\/p>\n","protected":false},"excerpt":{"rendered":"<p>W dzisiejszym odcinku podcastu EV Generation zapraszamy do fascynuj\u0105cej podr\u00f3\u017cy przez \u015bwiat mit\u00f3w zwi\u0105zanych z u\u017cytkowaniem samochod\u00f3w elektrycznych. Naszym go\u015bciem jest Norbert Ca\u0142a, Techlove, kt\u00f3ry z pasj\u0105 rozwiewa popularne przekonania na temat EV.<br \/>\nJednym z ulubionych mit\u00f3w Norberta jest twierdzenie, \u017ce samochody elektryczne cz\u0119sto si\u0119 pal\u0105. Ale czy to naprawd\u0119 prawda? <\/p>\n","protected":false},"featured_media":34680,"template":"","class_list":["post-34678","podcast","type-podcast","status-publish","has-post-thumbnail","hentry"],"acf":[],"yoast_head":"<!-- This site is optimized with the Yoast SEO Premium plugin v27.3 (Yoast SEO v27.4) - https:\/\/yoast.com\/product\/yoast-seo-premium-wordpress\/ -->\n<title>U\u017cytkowanie samochodu elektrycznego w praktyce | Ekoenergetyka<\/title>\n<meta name=\"description\" content=\"W dzisiejszym odcinku podcastu EV Generation zapraszamy do fascynuj\u0105cej podr\u00f3\u017cy przez \u015bwiat mit\u00f3w zwi\u0105zanych z u\u017cytkowaniem samochod\u00f3w elektrycznych. Naszym go\u015bciem jest Norbert Ca\u0142a, Techlove, kt\u00f3ry z pasj\u0105 rozwiewa popularne przekonania na temat EV.\" \/>\n<meta name=\"robots\" content=\"index, follow, max-snippet:-1, max-image-preview:large, max-video-preview:-1\" \/>\n<link rel=\"canonical\" href=\"https:\/\/ekoenergetyka.com\/pl\/podcast\/uzytkowanie-samochodu-elektrycznego-w-praktyce\/\" \/>\n<meta property=\"og:locale\" content=\"pl_PL\" \/>\n<meta property=\"og:type\" content=\"article\" \/>\n<meta property=\"og:title\" content=\"U\u017cytkowanie samochodu elektrycznego w praktyce\" \/>\n<meta property=\"og:description\" content=\"W dzisiejszym odcinku podcastu EV Generation zapraszamy do fascynuj\u0105cej podr\u00f3\u017cy przez \u015bwiat mit\u00f3w zwi\u0105zanych z u\u017cytkowaniem samochod\u00f3w elektrycznych. Naszym go\u015bciem jest Norbert Ca\u0142a, Techlove, kt\u00f3ry z pasj\u0105 rozwiewa popularne przekonania na temat EV.\" \/>\n<meta property=\"og:url\" content=\"https:\/\/ekoenergetyka.com\/pl\/podcast\/uzytkowanie-samochodu-elektrycznego-w-praktyce\/\" \/>\n<meta property=\"og:site_name\" content=\"Ekoenergetyka\" \/>\n<meta property=\"article:publisher\" content=\"https:\/\/www.facebook.com\/ekoenergetykaPolska\/\" \/>\n<meta property=\"article:modified_time\" content=\"2024-06-13T11:15:50+00:00\" \/>\n<meta property=\"og:image\" content=\"https:\/\/ekoenergetyka.com\/wp-content\/uploads\/2024\/06\/norbert-cala-1-6-1.jpg\" \/>\n\t<meta property=\"og:image:width\" content=\"1920\" \/>\n\t<meta property=\"og:image:height\" content=\"1080\" \/>\n\t<meta property=\"og:image:type\" content=\"image\/jpeg\" \/>\n<meta name=\"twitter:card\" content=\"summary_large_image\" \/>\n<meta name=\"twitter:label1\" content=\"Szacowany czas czytania\" \/>\n\t<meta name=\"twitter:data1\" content=\"2 minuty\" \/>\n<script type=\"application\/ld+json\" class=\"yoast-schema-graph\">{\"@context\":\"https:\\\/\\\/schema.org\",\"@graph\":[{\"@type\":\"WebPage\",\"@id\":\"https:\\\/\\\/ekoenergetyka.com\\\/pl\\\/podcast\\\/uzytkowanie-samochodu-elektrycznego-w-praktyce\\\/\",\"url\":\"https:\\\/\\\/ekoenergetyka.com\\\/pl\\\/podcast\\\/uzytkowanie-samochodu-elektrycznego-w-praktyce\\\/\",\"name\":\"U\u017cytkowanie samochodu elektrycznego w praktyce | Ekoenergetyka\",\"isPartOf\":{\"@id\":\"https:\\\/\\\/ekoenergetyka.com\\\/pl\\\/#website\"},\"primaryImageOfPage\":{\"@id\":\"https:\\\/\\\/ekoenergetyka.com\\\/pl\\\/podcast\\\/uzytkowanie-samochodu-elektrycznego-w-praktyce\\\/#primaryimage\"},\"image\":{\"@id\":\"https:\\\/\\\/ekoenergetyka.com\\\/pl\\\/podcast\\\/uzytkowanie-samochodu-elektrycznego-w-praktyce\\\/#primaryimage\"},\"thumbnailUrl\":\"https:\\\/\\\/ekoenergetyka.com\\\/wp-content\\\/uploads\\\/2024\\\/06\\\/norbert-cala-1-6-1.jpg\",\"datePublished\":\"2024-06-13T11:09:43+00:00\",\"dateModified\":\"2024-06-13T11:15:50+00:00\",\"description\":\"W dzisiejszym odcinku podcastu EV Generation zapraszamy do fascynuj\u0105cej podr\u00f3\u017cy przez \u015bwiat mit\u00f3w zwi\u0105zanych z u\u017cytkowaniem samochod\u00f3w elektrycznych. Naszym go\u015bciem jest Norbert Ca\u0142a, Techlove, kt\u00f3ry z pasj\u0105 rozwiewa popularne przekonania na temat EV.\",\"breadcrumb\":{\"@id\":\"https:\\\/\\\/ekoenergetyka.com\\\/pl\\\/podcast\\\/uzytkowanie-samochodu-elektrycznego-w-praktyce\\\/#breadcrumb\"},\"inLanguage\":\"pl-PL\",\"potentialAction\":[{\"@type\":\"ReadAction\",\"target\":[\"https:\\\/\\\/ekoenergetyka.com\\\/pl\\\/podcast\\\/uzytkowanie-samochodu-elektrycznego-w-praktyce\\\/\"]}]},{\"@type\":\"ImageObject\",\"inLanguage\":\"pl-PL\",\"@id\":\"https:\\\/\\\/ekoenergetyka.com\\\/pl\\\/podcast\\\/uzytkowanie-samochodu-elektrycznego-w-praktyce\\\/#primaryimage\",\"url\":\"https:\\\/\\\/ekoenergetyka.com\\\/wp-content\\\/uploads\\\/2024\\\/06\\\/norbert-cala-1-6-1.jpg\",\"contentUrl\":\"https:\\\/\\\/ekoenergetyka.com\\\/wp-content\\\/uploads\\\/2024\\\/06\\\/norbert-cala-1-6-1.jpg\",\"width\":1920,\"height\":1080},{\"@type\":\"BreadcrumbList\",\"@id\":\"https:\\\/\\\/ekoenergetyka.com\\\/pl\\\/podcast\\\/uzytkowanie-samochodu-elektrycznego-w-praktyce\\\/#breadcrumb\",\"itemListElement\":[{\"@type\":\"ListItem\",\"position\":1,\"name\":\"Strona G\u0142\u00f3wna\",\"item\":\"https:\\\/\\\/ekoenergetyka.com\\\/pl\\\/\"},{\"@type\":\"ListItem\",\"position\":2,\"name\":\"Podcast\",\"item\":\"https:\\\/\\\/ekoenergetyka.com\\\/pl\\\/podcast\\\/\"},{\"@type\":\"ListItem\",\"position\":3,\"name\":\"U\u017cytkowanie samochodu elektrycznego w praktyce\"}]},{\"@type\":\"WebSite\",\"@id\":\"https:\\\/\\\/ekoenergetyka.com\\\/pl\\\/#website\",\"url\":\"https:\\\/\\\/ekoenergetyka.com\\\/pl\\\/\",\"name\":\"Ekoenergetyka\",\"description\":\"\",\"publisher\":{\"@id\":\"https:\\\/\\\/ekoenergetyka.com\\\/pl\\\/#organization\"},\"potentialAction\":[{\"@type\":\"SearchAction\",\"target\":{\"@type\":\"EntryPoint\",\"urlTemplate\":\"https:\\\/\\\/ekoenergetyka.com\\\/pl\\\/?s={search_term_string}\"},\"query-input\":{\"@type\":\"PropertyValueSpecification\",\"valueRequired\":true,\"valueName\":\"search_term_string\"}}],\"inLanguage\":\"pl-PL\"},{\"@type\":\"Organization\",\"@id\":\"https:\\\/\\\/ekoenergetyka.com\\\/pl\\\/#organization\",\"name\":\"Ekoenergetyka - Polska S.A.\",\"url\":\"https:\\\/\\\/ekoenergetyka.com\\\/pl\\\/\",\"logo\":{\"@type\":\"ImageObject\",\"inLanguage\":\"pl-PL\",\"@id\":\"https:\\\/\\\/ekoenergetyka.com\\\/pl\\\/#\\\/schema\\\/logo\\\/image\\\/\",\"url\":\"https:\\\/\\\/ekoenergetyka.com\\\/wp-content\\\/uploads\\\/2024\\\/11\\\/cropped-sygnet-bez-tla-black-1-2.png\",\"contentUrl\":\"https:\\\/\\\/ekoenergetyka.com\\\/wp-content\\\/uploads\\\/2024\\\/11\\\/cropped-sygnet-bez-tla-black-1-2.png\",\"width\":512,\"height\":512,\"caption\":\"Ekoenergetyka - Polska S.A.\"},\"image\":{\"@id\":\"https:\\\/\\\/ekoenergetyka.com\\\/pl\\\/#\\\/schema\\\/logo\\\/image\\\/\"},\"sameAs\":[\"https:\\\/\\\/www.facebook.com\\\/ekoenergetykaPolska\\\/\",\"https:\\\/\\\/www.linkedin.com\\\/company\\\/ekoenergetyka\",\"https:\\\/\\\/www.youtube.com\\\/channel\\\/UCfZM_rPDdrv6D0JB-uhWi8Q\\\/videos\"],\"description\":\"Established in 2009 Poland with a sole purpose of providing charging solutions, we are one of the pioneers in the e-mobility industry. In a decade, Ekoenergetyka has grown from 2 to more than 400 employees (currently around 1,000) and has acquired customers throughout Europe and are now a Central and Eastern European leader in charging technologies.\",\"email\":\"contact@ekoenergetyka.com.pl\",\"telephone\":\"+ 48 68 328 20 68\",\"numberOfEmployees\":{\"@type\":\"QuantitativeValue\",\"minValue\":\"501\",\"maxValue\":\"1000\"}}]}<\/script>\n<!-- \/ Yoast SEO Premium plugin. -->","yoast_head_json":{"title":"U\u017cytkowanie samochodu elektrycznego w praktyce | Ekoenergetyka","description":"W dzisiejszym odcinku podcastu EV Generation zapraszamy do fascynuj\u0105cej podr\u00f3\u017cy przez \u015bwiat mit\u00f3w zwi\u0105zanych z u\u017cytkowaniem samochod\u00f3w elektrycznych. Naszym go\u015bciem jest Norbert Ca\u0142a, Techlove, kt\u00f3ry z pasj\u0105 rozwiewa popularne przekonania na temat EV.","robots":{"index":"index","follow":"follow","max-snippet":"max-snippet:-1","max-image-preview":"max-image-preview:large","max-video-preview":"max-video-preview:-1"},"canonical":"https:\/\/ekoenergetyka.com\/pl\/podcast\/uzytkowanie-samochodu-elektrycznego-w-praktyce\/","og_locale":"pl_PL","og_type":"article","og_title":"U\u017cytkowanie samochodu elektrycznego w praktyce","og_description":"W dzisiejszym odcinku podcastu EV Generation zapraszamy do fascynuj\u0105cej podr\u00f3\u017cy przez \u015bwiat mit\u00f3w zwi\u0105zanych z u\u017cytkowaniem samochod\u00f3w elektrycznych. Naszym go\u015bciem jest Norbert Ca\u0142a, Techlove, kt\u00f3ry z pasj\u0105 rozwiewa popularne przekonania na temat EV.","og_url":"https:\/\/ekoenergetyka.com\/pl\/podcast\/uzytkowanie-samochodu-elektrycznego-w-praktyce\/","og_site_name":"Ekoenergetyka","article_publisher":"https:\/\/www.facebook.com\/ekoenergetykaPolska\/","article_modified_time":"2024-06-13T11:15:50+00:00","og_image":[{"width":1920,"height":1080,"url":"https:\/\/ekoenergetyka.com\/wp-content\/uploads\/2024\/06\/norbert-cala-1-6-1.jpg","type":"image\/jpeg"}],"twitter_card":"summary_large_image","twitter_misc":{"Szacowany czas czytania":"2 minuty"},"schema":{"@context":"https:\/\/schema.org","@graph":[{"@type":"WebPage","@id":"https:\/\/ekoenergetyka.com\/pl\/podcast\/uzytkowanie-samochodu-elektrycznego-w-praktyce\/","url":"https:\/\/ekoenergetyka.com\/pl\/podcast\/uzytkowanie-samochodu-elektrycznego-w-praktyce\/","name":"U\u017cytkowanie samochodu elektrycznego w praktyce | Ekoenergetyka","isPartOf":{"@id":"https:\/\/ekoenergetyka.com\/pl\/#website"},"primaryImageOfPage":{"@id":"https:\/\/ekoenergetyka.com\/pl\/podcast\/uzytkowanie-samochodu-elektrycznego-w-praktyce\/#primaryimage"},"image":{"@id":"https:\/\/ekoenergetyka.com\/pl\/podcast\/uzytkowanie-samochodu-elektrycznego-w-praktyce\/#primaryimage"},"thumbnailUrl":"https:\/\/ekoenergetyka.com\/wp-content\/uploads\/2024\/06\/norbert-cala-1-6-1.jpg","datePublished":"2024-06-13T11:09:43+00:00","dateModified":"2024-06-13T11:15:50+00:00","description":"W dzisiejszym odcinku podcastu EV Generation zapraszamy do fascynuj\u0105cej podr\u00f3\u017cy przez \u015bwiat mit\u00f3w zwi\u0105zanych z u\u017cytkowaniem samochod\u00f3w elektrycznych. Naszym go\u015bciem jest Norbert Ca\u0142a, Techlove, kt\u00f3ry z pasj\u0105 rozwiewa popularne przekonania na temat EV.","breadcrumb":{"@id":"https:\/\/ekoenergetyka.com\/pl\/podcast\/uzytkowanie-samochodu-elektrycznego-w-praktyce\/#breadcrumb"},"inLanguage":"pl-PL","potentialAction":[{"@type":"ReadAction","target":["https:\/\/ekoenergetyka.com\/pl\/podcast\/uzytkowanie-samochodu-elektrycznego-w-praktyce\/"]}]},{"@type":"ImageObject","inLanguage":"pl-PL","@id":"https:\/\/ekoenergetyka.com\/pl\/podcast\/uzytkowanie-samochodu-elektrycznego-w-praktyce\/#primaryimage","url":"https:\/\/ekoenergetyka.com\/wp-content\/uploads\/2024\/06\/norbert-cala-1-6-1.jpg","contentUrl":"https:\/\/ekoenergetyka.com\/wp-content\/uploads\/2024\/06\/norbert-cala-1-6-1.jpg","width":1920,"height":1080},{"@type":"BreadcrumbList","@id":"https:\/\/ekoenergetyka.com\/pl\/podcast\/uzytkowanie-samochodu-elektrycznego-w-praktyce\/#breadcrumb","itemListElement":[{"@type":"ListItem","position":1,"name":"Strona G\u0142\u00f3wna","item":"https:\/\/ekoenergetyka.com\/pl\/"},{"@type":"ListItem","position":2,"name":"Podcast","item":"https:\/\/ekoenergetyka.com\/pl\/podcast\/"},{"@type":"ListItem","position":3,"name":"U\u017cytkowanie samochodu elektrycznego w praktyce"}]},{"@type":"WebSite","@id":"https:\/\/ekoenergetyka.com\/pl\/#website","url":"https:\/\/ekoenergetyka.com\/pl\/","name":"Ekoenergetyka","description":"","publisher":{"@id":"https:\/\/ekoenergetyka.com\/pl\/#organization"},"potentialAction":[{"@type":"SearchAction","target":{"@type":"EntryPoint","urlTemplate":"https:\/\/ekoenergetyka.com\/pl\/?s={search_term_string}"},"query-input":{"@type":"PropertyValueSpecification","valueRequired":true,"valueName":"search_term_string"}}],"inLanguage":"pl-PL"},{"@type":"Organization","@id":"https:\/\/ekoenergetyka.com\/pl\/#organization","name":"Ekoenergetyka - Polska S.A.","url":"https:\/\/ekoenergetyka.com\/pl\/","logo":{"@type":"ImageObject","inLanguage":"pl-PL","@id":"https:\/\/ekoenergetyka.com\/pl\/#\/schema\/logo\/image\/","url":"https:\/\/ekoenergetyka.com\/wp-content\/uploads\/2024\/11\/cropped-sygnet-bez-tla-black-1-2.png","contentUrl":"https:\/\/ekoenergetyka.com\/wp-content\/uploads\/2024\/11\/cropped-sygnet-bez-tla-black-1-2.png","width":512,"height":512,"caption":"Ekoenergetyka - Polska S.A."},"image":{"@id":"https:\/\/ekoenergetyka.com\/pl\/#\/schema\/logo\/image\/"},"sameAs":["https:\/\/www.facebook.com\/ekoenergetykaPolska\/","https:\/\/www.linkedin.com\/company\/ekoenergetyka","https:\/\/www.youtube.com\/channel\/UCfZM_rPDdrv6D0JB-uhWi8Q\/videos"],"description":"Established in 2009 Poland with a sole purpose of providing charging solutions, we are one of the pioneers in the e-mobility industry. In a decade, Ekoenergetyka has grown from 2 to more than 400 employees (currently around 1,000) and has acquired customers throughout Europe and are now a Central and Eastern European leader in charging technologies.","email":"contact@ekoenergetyka.com.pl","telephone":"+ 48 68 328 20 68","numberOfEmployees":{"@type":"QuantitativeValue","minValue":"501","maxValue":"1000"}}]}},"_links":{"self":[{"href":"https:\/\/ekoenergetyka.com\/pl\/wp-json\/wp\/v2\/podcast\/34678","targetHints":{"allow":["GET"]}}],"collection":[{"href":"https:\/\/ekoenergetyka.com\/pl\/wp-json\/wp\/v2\/podcast"}],"about":[{"href":"https:\/\/ekoenergetyka.com\/pl\/wp-json\/wp\/v2\/types\/podcast"}],"wp:featuredmedia":[{"embeddable":true,"href":"https:\/\/ekoenergetyka.com\/pl\/wp-json\/wp\/v2\/media\/34680"}],"wp:attachment":[{"href":"https:\/\/ekoenergetyka.com\/pl\/wp-json\/wp\/v2\/media?parent=34678"}],"curies":[{"name":"wp","href":"https:\/\/api.w.org\/{rel}","templated":true}]}}