{"id":34251,"date":"2024-05-23T13:50:03","date_gmt":"2024-05-23T11:50:03","guid":{"rendered":"https:\/\/ekoenergetyka.com\/?post_type=podcast&#038;p=34251"},"modified":"2024-06-25T14:06:52","modified_gmt":"2024-06-25T12:06:52","slug":"pierwsza-fala-zmian-czy-utopijne-marzenie-dlaczego-afir-to-krok-w-dobra-strone","status":"publish","type":"podcast","link":"https:\/\/ekoenergetyka.com\/pl\/podcast\/pierwsza-fala-zmian-czy-utopijne-marzenie-dlaczego-afir-to-krok-w-dobra-strone\/","title":{"rendered":"Pierwsza fala zmian czy utopijne marzenie? Dlaczego AFIR to krok w dobr\u0105 stron\u0119?"},"content":{"rendered":"\n<iframe loading=\"lazy\" class=\"iframe-yt\" width=\"100%\" height=\"562\" src=\"https:\/\/www.youtube.com\/embed\/HKLgW3KPRNQ?si=c6RW6UKvbUM0HgAP\" title=\"Pierwsza fala zmian czy utopijne marzenie? Dlaczego AFIR to krok w dobr\u0105 stron\u0119?\" frameborder=\"0\" allow=\"accelerometer; autoplay; clipboard-write; encrypted-media; gyroscope; picture-in-picture; web-share\" allowfullscreen><\/iframe>\n\n\n\n<div style=\"height:1em\" aria-hidden=\"true\" class=\"wp-block-spacer\"><\/div>\n\n\n\n<p><strong>LUB POS\u0141UCHAJ:<\/strong><\/p>\n\n\n\n<a class=\"spreaker-player\" href=\"https:\/\/www.spreaker.com\/episode\/pierwsza-fala-zmian-czy-utopijne-marzenie-dlaczego-afir-to-krok-w-dobra-strone--60132937\" data-resource=\"episode_id=60132937\" data-width=\"100%\" data-height=\"200px\" data-theme=\"light\" data-playlist=\"false\" data-playlist-continuous=\"false\" data-chapters-image=\"true\" data-episode-image-position=\"left\" data-hide-logo=\"true\" data-hide-likes=\"true\" data-hide-comments=\"true\" data-hide-sharing=\"true\" data-hide-download=\"true\" data-color=\"0096a0\">Pos\u0142uchaj \"Pierwsza fala zmian czy utopijne marzenie? Dlaczego AFIR to krok w dobr\u0105 stron\u0119?\" na Spreaker.<\/a>\n\n\n\n<div style=\"height:1em\" aria-hidden=\"true\" class=\"wp-block-spacer\"><\/div>\n\n\n\n<p>Zapraszamy na nowy odcinek podcastu EV Generation, gdzie b\u0119dziemy rozmawia\u0107 z <strong>Krzysztofem Burd\u0105<\/strong>, Prezesem Polskiej Izby Elektromobilno\u015bci, na temat AFIR - unijnego rozporz\u0105dzenia o rozwoju infrastruktury paliw alternatywnych, kt\u00f3re wesz\u0142o w \u017cycie 13 kwietnia 2024 r.<\/p>\n\n\n\n<p>Przed Polsk\u0105 stoj\u0105 ambitne wyzwania zwi\u0105zane z dostosowaniem si\u0119 do wymog\u00f3w AFIR.<\/p>\n\n\n\n<p>\ud83d\ude97 Od 2025 r. g\u0142\u00f3wne autostrady UE musz\u0105 mie\u0107 huby \u0142adowania o mocy co najmniej 400 kW co 60 km w obu kierunkach<br>\ud83d\ude9a Od 2027: pokrycie 50% sieci TEN-T hubami o mocy 2800 kW (sie\u0107 bazowa) oraz 1400 kW (sie\u0107 komplementarna) na hub \u0142adowania co najmniej co 120 km.<\/p>\n\n\n\n<p>Celem AFIRu jest zapewnienie swobodnej podr\u00f3\u017cy dla kierowc\u00f3w wszystkich typ\u00f3w pojazd\u00f3w, tworz\u0105c infrastruktur\u0119 na podobnym poziomie w ca\u0142ej Europie.<\/p>\n\n\n\n<p>Czy Polska jest gotowa na spe\u0142nienie tych wymaga\u0144? Kluczowym wyzwaniem pozostaj\u0105 przy\u0142\u0105cza. Najcz\u0119\u015bciej g\u0142\u00f3wny punkt zasilania (GPZ) znajduje si\u0119 od kilku do kilkunastu kilometr\u00f3w od MOPa. Zwykle na MOPach, gdzie nie ma stacji benzynowej, przy\u0142\u0105cze ma zaledwie 50 kW mocy, co stanowi bardzo niewielk\u0105 warto\u015b\u0107. Koszt doprowadzenia przy\u0142\u0105cza o wymaganej mocy dla infrastruktury \u0142adowania mo\u017ce wynosi\u0107 nawet kilkana\u015bcie milion\u00f3w z\u0142otych, co cz\u0119sto czyni inwestycje nieop\u0142acalnymi. Obecnie, aby doprowadzi\u0107 przy\u0142\u0105cze, konieczne jest uzyskanie zgody w\u0142a\u015bcicieli dzia\u0142ek, przez kt\u00f3re b\u0119dzie przebiega\u0107 przy\u0142\u0105cze, co znacz\u0105co wyd\u0142u\u017ca procedur\u0119.<\/p>\n\n\n\n<p>Jak wygl\u0105da proces uzyskiwania warunk\u00f3w przy\u0142\u0105czeniowych? Jak mo\u017cemy upro\u015bci\u0107 ten proces? Czy wejdzie specustawa, kt\u00f3ra uzyskanie warunk\u00f3w przy\u0142\u0105czeniowych b\u0119dzie traktowa\u0107 priorytetowo? Ponadto, nowe przepisy wymagaj\u0105 umo\u017cliwienia kierowcom p\u0142atno\u015bci ad hoc na stacjach \u0142adowania. Czy operatorzy w Polsce s\u0105 przygotowani na wprowadzenie tej mo\u017cliwo\u015bci? Jakie s\u0105 ograniczenia i wyzwania zwi\u0105zane z wprowadzeniem p\u0142atno\u015bci ad-hoc?<\/p>\n\n\n\n<p>Czy AFIR jest szans\u0105 dla Polskiej gospodarki? Jakie mo\u017cliwo\u015bci si\u0119 pojawiaj\u0105 dzi\u0119ki wprowadzeniu rozporz\u0105dzenia?Do\u0142\u0105cz do nas, aby zg\u0142\u0119bi\u0107 te tematy i dowiedzie\u0107 si\u0119 wi\u0119cej o przysz\u0142o\u015bci elektromobilno\u015bci w Polsce i Europie. \ud83d\ude97\ud83d\udd0b<\/p>\n\n\n\n<p>\ud83d\udcec Do\u0142\u0105cz do naszego <strong><a href=\"#newsletter\"><u>newslettera<\/u><\/a><\/strong> i otrzymuj najnowsze wiadomo\u015bci, trendy i artyku\u0142y bezpo\u015brednio na swoj\u0105 skrzynk\u0119 e-mailow\u0105.<\/p>\n","protected":false},"excerpt":{"rendered":"<p>Zapraszamy na nowy odcinek podcastu EV Generation, gdzie b\u0119dziemy rozmawia\u0107 z Krzysztofem Burd\u0105, Prezesem Polskiej Izby Elektromobilno\u015bci, na temat AFIR &#8211; unijnego rozporz\u0105dzenia o rozwoju infrastruktury paliw alternatywnych, kt\u00f3re wesz\u0142o w \u017cycie 13 kwietnia 2024 r. Przed Polsk\u0105 stoj\u0105 ambitne wyzwania zwi\u0105zane z dostosowaniem si\u0119 do wymog\u00f3w AFIR.<\/p>\n","protected":false},"featured_media":34252,"template":"","class_list":["post-34251","podcast","type-podcast","status-publish","has-post-thumbnail","hentry"],"acf":[],"yoast_head":"<!-- This site is optimized with the Yoast SEO Premium plugin v27.3 (Yoast SEO v27.4) - https:\/\/yoast.com\/product\/yoast-seo-premium-wordpress\/ -->\n<title>Pierwsza fala zmian czy utopijne marzenie? Dlaczego AFIR to krok w dobr\u0105 stron\u0119? | Ekoenergetyka<\/title>\n<meta name=\"description\" content=\"Zapraszamy na nowy odcinek podcastu EV Generation, gdzie b\u0119dziemy rozmawia\u0107 z Krzysztofem Burd\u0105, Prezesem Polskiej Izby Elektromobilno\u015bci, na temat AFIR - unijnego rozporz\u0105dzenia o rozwoju infrastruktury paliw alternatywnych...\" \/>\n<meta name=\"robots\" content=\"index, follow, max-snippet:-1, max-image-preview:large, max-video-preview:-1\" \/>\n<link rel=\"canonical\" href=\"https:\/\/ekoenergetyka.com\/pl\/podcast\/pierwsza-fala-zmian-czy-utopijne-marzenie-dlaczego-afir-to-krok-w-dobra-strone\/\" \/>\n<meta property=\"og:locale\" content=\"pl_PL\" \/>\n<meta property=\"og:type\" content=\"article\" \/>\n<meta property=\"og:title\" content=\"Pierwsza fala zmian czy utopijne marzenie? Dlaczego AFIR to krok w dobr\u0105 stron\u0119?\" \/>\n<meta property=\"og:description\" content=\"Zapraszamy na nowy odcinek podcastu EV Generation, gdzie b\u0119dziemy rozmawia\u0107 z Krzysztofem Burd\u0105, Prezesem Polskiej Izby Elektromobilno\u015bci, na temat AFIR - unijnego rozporz\u0105dzenia o rozwoju infrastruktury paliw alternatywnych...\" \/>\n<meta property=\"og:url\" content=\"https:\/\/ekoenergetyka.com\/pl\/podcast\/pierwsza-fala-zmian-czy-utopijne-marzenie-dlaczego-afir-to-krok-w-dobra-strone\/\" \/>\n<meta property=\"og:site_name\" content=\"Ekoenergetyka\" \/>\n<meta property=\"article:publisher\" content=\"https:\/\/www.facebook.com\/ekoenergetykaPolska\/\" \/>\n<meta property=\"article:modified_time\" content=\"2024-06-25T12:06:52+00:00\" \/>\n<meta property=\"og:image\" content=\"https:\/\/ekoenergetyka.com\/wp-content\/uploads\/2024\/05\/krzysztof-burda-1-4-1.jpg\" \/>\n\t<meta property=\"og:image:width\" content=\"1920\" \/>\n\t<meta property=\"og:image:height\" content=\"1080\" \/>\n\t<meta property=\"og:image:type\" content=\"image\/jpeg\" \/>\n<meta name=\"twitter:card\" content=\"summary_large_image\" \/>\n<meta name=\"twitter:label1\" content=\"Szacowany czas czytania\" \/>\n\t<meta name=\"twitter:data1\" content=\"2 minuty\" \/>\n<script type=\"application\/ld+json\" class=\"yoast-schema-graph\">{\"@context\":\"https:\\\/\\\/schema.org\",\"@graph\":[{\"@type\":\"WebPage\",\"@id\":\"https:\\\/\\\/ekoenergetyka.com\\\/pl\\\/podcast\\\/pierwsza-fala-zmian-czy-utopijne-marzenie-dlaczego-afir-to-krok-w-dobra-strone\\\/\",\"url\":\"https:\\\/\\\/ekoenergetyka.com\\\/pl\\\/podcast\\\/pierwsza-fala-zmian-czy-utopijne-marzenie-dlaczego-afir-to-krok-w-dobra-strone\\\/\",\"name\":\"Pierwsza fala zmian czy utopijne marzenie? Dlaczego AFIR to krok w dobr\u0105 stron\u0119? | Ekoenergetyka\",\"isPartOf\":{\"@id\":\"https:\\\/\\\/ekoenergetyka.com\\\/pl\\\/#website\"},\"primaryImageOfPage\":{\"@id\":\"https:\\\/\\\/ekoenergetyka.com\\\/pl\\\/podcast\\\/pierwsza-fala-zmian-czy-utopijne-marzenie-dlaczego-afir-to-krok-w-dobra-strone\\\/#primaryimage\"},\"image\":{\"@id\":\"https:\\\/\\\/ekoenergetyka.com\\\/pl\\\/podcast\\\/pierwsza-fala-zmian-czy-utopijne-marzenie-dlaczego-afir-to-krok-w-dobra-strone\\\/#primaryimage\"},\"thumbnailUrl\":\"https:\\\/\\\/ekoenergetyka.com\\\/wp-content\\\/uploads\\\/2024\\\/05\\\/krzysztof-burda-1-4-1.jpg\",\"datePublished\":\"2024-05-23T11:50:03+00:00\",\"dateModified\":\"2024-06-25T12:06:52+00:00\",\"description\":\"Zapraszamy na nowy odcinek podcastu EV Generation, gdzie b\u0119dziemy rozmawia\u0107 z Krzysztofem Burd\u0105, Prezesem Polskiej Izby Elektromobilno\u015bci, na temat AFIR - unijnego rozporz\u0105dzenia o rozwoju infrastruktury paliw alternatywnych...\",\"breadcrumb\":{\"@id\":\"https:\\\/\\\/ekoenergetyka.com\\\/pl\\\/podcast\\\/pierwsza-fala-zmian-czy-utopijne-marzenie-dlaczego-afir-to-krok-w-dobra-strone\\\/#breadcrumb\"},\"inLanguage\":\"pl-PL\",\"potentialAction\":[{\"@type\":\"ReadAction\",\"target\":[\"https:\\\/\\\/ekoenergetyka.com\\\/pl\\\/podcast\\\/pierwsza-fala-zmian-czy-utopijne-marzenie-dlaczego-afir-to-krok-w-dobra-strone\\\/\"]}]},{\"@type\":\"ImageObject\",\"inLanguage\":\"pl-PL\",\"@id\":\"https:\\\/\\\/ekoenergetyka.com\\\/pl\\\/podcast\\\/pierwsza-fala-zmian-czy-utopijne-marzenie-dlaczego-afir-to-krok-w-dobra-strone\\\/#primaryimage\",\"url\":\"https:\\\/\\\/ekoenergetyka.com\\\/wp-content\\\/uploads\\\/2024\\\/05\\\/krzysztof-burda-1-4-1.jpg\",\"contentUrl\":\"https:\\\/\\\/ekoenergetyka.com\\\/wp-content\\\/uploads\\\/2024\\\/05\\\/krzysztof-burda-1-4-1.jpg\",\"width\":1920,\"height\":1080},{\"@type\":\"BreadcrumbList\",\"@id\":\"https:\\\/\\\/ekoenergetyka.com\\\/pl\\\/podcast\\\/pierwsza-fala-zmian-czy-utopijne-marzenie-dlaczego-afir-to-krok-w-dobra-strone\\\/#breadcrumb\",\"itemListElement\":[{\"@type\":\"ListItem\",\"position\":1,\"name\":\"Strona G\u0142\u00f3wna\",\"item\":\"https:\\\/\\\/ekoenergetyka.com\\\/pl\\\/\"},{\"@type\":\"ListItem\",\"position\":2,\"name\":\"Podcast\",\"item\":\"https:\\\/\\\/ekoenergetyka.com\\\/pl\\\/podcast\\\/\"},{\"@type\":\"ListItem\",\"position\":3,\"name\":\"Pierwsza fala zmian czy utopijne marzenie? Dlaczego AFIR to krok w dobr\u0105 stron\u0119?\"}]},{\"@type\":\"WebSite\",\"@id\":\"https:\\\/\\\/ekoenergetyka.com\\\/pl\\\/#website\",\"url\":\"https:\\\/\\\/ekoenergetyka.com\\\/pl\\\/\",\"name\":\"Ekoenergetyka\",\"description\":\"\",\"publisher\":{\"@id\":\"https:\\\/\\\/ekoenergetyka.com\\\/pl\\\/#organization\"},\"potentialAction\":[{\"@type\":\"SearchAction\",\"target\":{\"@type\":\"EntryPoint\",\"urlTemplate\":\"https:\\\/\\\/ekoenergetyka.com\\\/pl\\\/?s={search_term_string}\"},\"query-input\":{\"@type\":\"PropertyValueSpecification\",\"valueRequired\":true,\"valueName\":\"search_term_string\"}}],\"inLanguage\":\"pl-PL\"},{\"@type\":\"Organization\",\"@id\":\"https:\\\/\\\/ekoenergetyka.com\\\/pl\\\/#organization\",\"name\":\"Ekoenergetyka - Polska S.A.\",\"url\":\"https:\\\/\\\/ekoenergetyka.com\\\/pl\\\/\",\"logo\":{\"@type\":\"ImageObject\",\"inLanguage\":\"pl-PL\",\"@id\":\"https:\\\/\\\/ekoenergetyka.com\\\/pl\\\/#\\\/schema\\\/logo\\\/image\\\/\",\"url\":\"https:\\\/\\\/ekoenergetyka.com\\\/wp-content\\\/uploads\\\/2024\\\/11\\\/cropped-sygnet-bez-tla-black-1-2.png\",\"contentUrl\":\"https:\\\/\\\/ekoenergetyka.com\\\/wp-content\\\/uploads\\\/2024\\\/11\\\/cropped-sygnet-bez-tla-black-1-2.png\",\"width\":512,\"height\":512,\"caption\":\"Ekoenergetyka - Polska S.A.\"},\"image\":{\"@id\":\"https:\\\/\\\/ekoenergetyka.com\\\/pl\\\/#\\\/schema\\\/logo\\\/image\\\/\"},\"sameAs\":[\"https:\\\/\\\/www.facebook.com\\\/ekoenergetykaPolska\\\/\",\"https:\\\/\\\/www.linkedin.com\\\/company\\\/ekoenergetyka\",\"https:\\\/\\\/www.youtube.com\\\/channel\\\/UCfZM_rPDdrv6D0JB-uhWi8Q\\\/videos\"],\"description\":\"Established in 2009 Poland with a sole purpose of providing charging solutions, we are one of the pioneers in the e-mobility industry. In a decade, Ekoenergetyka has grown from 2 to more than 400 employees (currently around 1,000) and has acquired customers throughout Europe and are now a Central and Eastern European leader in charging technologies.\",\"email\":\"contact@ekoenergetyka.com.pl\",\"telephone\":\"+ 48 68 328 20 68\",\"numberOfEmployees\":{\"@type\":\"QuantitativeValue\",\"minValue\":\"501\",\"maxValue\":\"1000\"}}]}<\/script>\n<!-- \/ Yoast SEO Premium plugin. -->","yoast_head_json":{"title":"Pierwsza fala zmian czy utopijne marzenie? Dlaczego AFIR to krok w dobr\u0105 stron\u0119? | Ekoenergetyka","description":"Zapraszamy na nowy odcinek podcastu EV Generation, gdzie b\u0119dziemy rozmawia\u0107 z Krzysztofem Burd\u0105, Prezesem Polskiej Izby Elektromobilno\u015bci, na temat AFIR - unijnego rozporz\u0105dzenia o rozwoju infrastruktury paliw alternatywnych...","robots":{"index":"index","follow":"follow","max-snippet":"max-snippet:-1","max-image-preview":"max-image-preview:large","max-video-preview":"max-video-preview:-1"},"canonical":"https:\/\/ekoenergetyka.com\/pl\/podcast\/pierwsza-fala-zmian-czy-utopijne-marzenie-dlaczego-afir-to-krok-w-dobra-strone\/","og_locale":"pl_PL","og_type":"article","og_title":"Pierwsza fala zmian czy utopijne marzenie? Dlaczego AFIR to krok w dobr\u0105 stron\u0119?","og_description":"Zapraszamy na nowy odcinek podcastu EV Generation, gdzie b\u0119dziemy rozmawia\u0107 z Krzysztofem Burd\u0105, Prezesem Polskiej Izby Elektromobilno\u015bci, na temat AFIR - unijnego rozporz\u0105dzenia o rozwoju infrastruktury paliw alternatywnych...","og_url":"https:\/\/ekoenergetyka.com\/pl\/podcast\/pierwsza-fala-zmian-czy-utopijne-marzenie-dlaczego-afir-to-krok-w-dobra-strone\/","og_site_name":"Ekoenergetyka","article_publisher":"https:\/\/www.facebook.com\/ekoenergetykaPolska\/","article_modified_time":"2024-06-25T12:06:52+00:00","og_image":[{"width":1920,"height":1080,"url":"https:\/\/ekoenergetyka.com\/wp-content\/uploads\/2024\/05\/krzysztof-burda-1-4-1.jpg","type":"image\/jpeg"}],"twitter_card":"summary_large_image","twitter_misc":{"Szacowany czas czytania":"2 minuty"},"schema":{"@context":"https:\/\/schema.org","@graph":[{"@type":"WebPage","@id":"https:\/\/ekoenergetyka.com\/pl\/podcast\/pierwsza-fala-zmian-czy-utopijne-marzenie-dlaczego-afir-to-krok-w-dobra-strone\/","url":"https:\/\/ekoenergetyka.com\/pl\/podcast\/pierwsza-fala-zmian-czy-utopijne-marzenie-dlaczego-afir-to-krok-w-dobra-strone\/","name":"Pierwsza fala zmian czy utopijne marzenie? Dlaczego AFIR to krok w dobr\u0105 stron\u0119? | Ekoenergetyka","isPartOf":{"@id":"https:\/\/ekoenergetyka.com\/pl\/#website"},"primaryImageOfPage":{"@id":"https:\/\/ekoenergetyka.com\/pl\/podcast\/pierwsza-fala-zmian-czy-utopijne-marzenie-dlaczego-afir-to-krok-w-dobra-strone\/#primaryimage"},"image":{"@id":"https:\/\/ekoenergetyka.com\/pl\/podcast\/pierwsza-fala-zmian-czy-utopijne-marzenie-dlaczego-afir-to-krok-w-dobra-strone\/#primaryimage"},"thumbnailUrl":"https:\/\/ekoenergetyka.com\/wp-content\/uploads\/2024\/05\/krzysztof-burda-1-4-1.jpg","datePublished":"2024-05-23T11:50:03+00:00","dateModified":"2024-06-25T12:06:52+00:00","description":"Zapraszamy na nowy odcinek podcastu EV Generation, gdzie b\u0119dziemy rozmawia\u0107 z Krzysztofem Burd\u0105, Prezesem Polskiej Izby Elektromobilno\u015bci, na temat AFIR - unijnego rozporz\u0105dzenia o rozwoju infrastruktury paliw alternatywnych...","breadcrumb":{"@id":"https:\/\/ekoenergetyka.com\/pl\/podcast\/pierwsza-fala-zmian-czy-utopijne-marzenie-dlaczego-afir-to-krok-w-dobra-strone\/#breadcrumb"},"inLanguage":"pl-PL","potentialAction":[{"@type":"ReadAction","target":["https:\/\/ekoenergetyka.com\/pl\/podcast\/pierwsza-fala-zmian-czy-utopijne-marzenie-dlaczego-afir-to-krok-w-dobra-strone\/"]}]},{"@type":"ImageObject","inLanguage":"pl-PL","@id":"https:\/\/ekoenergetyka.com\/pl\/podcast\/pierwsza-fala-zmian-czy-utopijne-marzenie-dlaczego-afir-to-krok-w-dobra-strone\/#primaryimage","url":"https:\/\/ekoenergetyka.com\/wp-content\/uploads\/2024\/05\/krzysztof-burda-1-4-1.jpg","contentUrl":"https:\/\/ekoenergetyka.com\/wp-content\/uploads\/2024\/05\/krzysztof-burda-1-4-1.jpg","width":1920,"height":1080},{"@type":"BreadcrumbList","@id":"https:\/\/ekoenergetyka.com\/pl\/podcast\/pierwsza-fala-zmian-czy-utopijne-marzenie-dlaczego-afir-to-krok-w-dobra-strone\/#breadcrumb","itemListElement":[{"@type":"ListItem","position":1,"name":"Strona G\u0142\u00f3wna","item":"https:\/\/ekoenergetyka.com\/pl\/"},{"@type":"ListItem","position":2,"name":"Podcast","item":"https:\/\/ekoenergetyka.com\/pl\/podcast\/"},{"@type":"ListItem","position":3,"name":"Pierwsza fala zmian czy utopijne marzenie? Dlaczego AFIR to krok w dobr\u0105 stron\u0119?"}]},{"@type":"WebSite","@id":"https:\/\/ekoenergetyka.com\/pl\/#website","url":"https:\/\/ekoenergetyka.com\/pl\/","name":"Ekoenergetyka","description":"","publisher":{"@id":"https:\/\/ekoenergetyka.com\/pl\/#organization"},"potentialAction":[{"@type":"SearchAction","target":{"@type":"EntryPoint","urlTemplate":"https:\/\/ekoenergetyka.com\/pl\/?s={search_term_string}"},"query-input":{"@type":"PropertyValueSpecification","valueRequired":true,"valueName":"search_term_string"}}],"inLanguage":"pl-PL"},{"@type":"Organization","@id":"https:\/\/ekoenergetyka.com\/pl\/#organization","name":"Ekoenergetyka - Polska S.A.","url":"https:\/\/ekoenergetyka.com\/pl\/","logo":{"@type":"ImageObject","inLanguage":"pl-PL","@id":"https:\/\/ekoenergetyka.com\/pl\/#\/schema\/logo\/image\/","url":"https:\/\/ekoenergetyka.com\/wp-content\/uploads\/2024\/11\/cropped-sygnet-bez-tla-black-1-2.png","contentUrl":"https:\/\/ekoenergetyka.com\/wp-content\/uploads\/2024\/11\/cropped-sygnet-bez-tla-black-1-2.png","width":512,"height":512,"caption":"Ekoenergetyka - Polska S.A."},"image":{"@id":"https:\/\/ekoenergetyka.com\/pl\/#\/schema\/logo\/image\/"},"sameAs":["https:\/\/www.facebook.com\/ekoenergetykaPolska\/","https:\/\/www.linkedin.com\/company\/ekoenergetyka","https:\/\/www.youtube.com\/channel\/UCfZM_rPDdrv6D0JB-uhWi8Q\/videos"],"description":"Established in 2009 Poland with a sole purpose of providing charging solutions, we are one of the pioneers in the e-mobility industry. In a decade, Ekoenergetyka has grown from 2 to more than 400 employees (currently around 1,000) and has acquired customers throughout Europe and are now a Central and Eastern European leader in charging technologies.","email":"contact@ekoenergetyka.com.pl","telephone":"+ 48 68 328 20 68","numberOfEmployees":{"@type":"QuantitativeValue","minValue":"501","maxValue":"1000"}}]}},"_links":{"self":[{"href":"https:\/\/ekoenergetyka.com\/pl\/wp-json\/wp\/v2\/podcast\/34251","targetHints":{"allow":["GET"]}}],"collection":[{"href":"https:\/\/ekoenergetyka.com\/pl\/wp-json\/wp\/v2\/podcast"}],"about":[{"href":"https:\/\/ekoenergetyka.com\/pl\/wp-json\/wp\/v2\/types\/podcast"}],"wp:featuredmedia":[{"embeddable":true,"href":"https:\/\/ekoenergetyka.com\/pl\/wp-json\/wp\/v2\/media\/34252"}],"wp:attachment":[{"href":"https:\/\/ekoenergetyka.com\/pl\/wp-json\/wp\/v2\/media?parent=34251"}],"curies":[{"name":"wp","href":"https:\/\/api.w.org\/{rel}","templated":true}]}}