{"id":33781,"date":"2024-04-19T12:07:09","date_gmt":"2024-04-19T10:07:09","guid":{"rendered":"https:\/\/ekoenergetyka.com\/?post_type=podcast&#038;p=33781"},"modified":"2024-04-19T12:07:52","modified_gmt":"2024-04-19T10:07:52","slug":"jak-producenci-samochodow-elektrycznych-daza-do-ambitnych-celow-ekologicznych","status":"publish","type":"podcast","link":"https:\/\/ekoenergetyka.com\/pl\/podcast\/jak-producenci-samochodow-elektrycznych-daza-do-ambitnych-celow-ekologicznych\/","title":{"rendered":"Jak producenci samochod\u00f3w elektrycznych d\u0105\u017c\u0105 do ambitnych cel\u00f3w ekologicznych?"},"content":{"rendered":"\n<iframe loading=\"lazy\" class=\"iframe-yt\" width=\"100%\" height=\"562\" src=\"https:\/\/www.youtube.com\/embed\/gyTBVIHRAO4?si=JVW1J2TMM75gc7R4\" title=\"Jak producenci samochod\u00f3w elektrycznych d\u0105\u017c\u0105 do ambitnych cel\u00f3w ekologicznych?\" frameborder=\"0\" allow=\"accelerometer; autoplay; clipboard-write; encrypted-media; gyroscope; picture-in-picture; web-share\" allowfullscreen><\/iframe>\n\n\n\n<div style=\"height:1em\" aria-hidden=\"true\" class=\"wp-block-spacer\"><\/div>\n\n\n\n<p><strong>LUB POS\u0141UCHAJ:<\/strong><\/p>\n\n\n\n<a class=\"spreaker-player\" href=\"https:\/\/www.spreaker.com\/episode\/jak-producenci-samochodow-elektrycznych-daza-do-ambitnych-celow-ekologicznych--59547482\" data-resource=\"episode_id=59547482\" data-width=\"100%\" data-height=\"200px\" data-theme=\"light\" data-playlist=\"false\" data-playlist-continuous=\"false\" data-chapters-image=\"true\" data-episode-image-position=\"left\" data-hide-logo=\"true\" data-hide-likes=\"true\" data-hide-comments=\"true\" data-hide-sharing=\"true\" data-hide-download=\"true\" data-color=\"0096a0\">Pos\u0142uchaj \"Jak producenci samochod\u00f3w elektrycznych d\u0105\u017c\u0105 do ambitnych cel\u00f3w ekologicznych?\" na Spreaker.<\/a>\n\n\n\n<div style=\"height:1em\" aria-hidden=\"true\" class=\"wp-block-spacer\"><\/div>\n\n\n\n<p><strong>Aleksandra Bogumi\u0142<\/strong>, kt\u00f3ra od 6 lat pracuje w KIA Polska w dziale floty w rozmowie z<strong> Agat\u0105 Rz\u0119dowsk\u0105<\/strong> opowie, jak wspiera\u0107 dealer\u00f3w w sprzeda\u017cy aut elektrycznych, czym si\u0119 zajmuj\u0119 ju\u017c ponad 2 lat.<\/p>\n\n\n\n<p>Czy auta elektryczne s\u0105 naprawd\u0119 ekologiczne? To cz\u0119sto stanowi punkt wyj\u015bcia do dyskusji z klientami na temat pojazd\u00f3w elektrycznych i jest najcz\u0119stszym argumentem, kt\u00f3ry s\u0142yszy Aleksandra. Niemniej jednak, paradoksalnie, jest to bardzo dobry punkt wyj\u015bcia do wykreowania pe\u0142nej narracji, kt\u00f3ra pokazuje szeroki kontekst elektromobilno\u015bci.<\/p>\n\n\n\n<p>Elektromobilno\u015b\u0107 to o wiele wi\u0119cej ni\u017c tylko sprzeda\u017c aut elektrycznych. To budowa kompleksowego ekosystemu, kt\u00f3ry ma na celu zmniejszenie emisji CO2. Przyk\u0142adowo, fabryki KIA korzystaj\u0105 z energii ze \u017ar\u00f3de\u0142 odnawialnych, takich jak fotowoltaika, podobnie jak dealerzy. Ca\u0142y cykl \u017cycia produktu d\u0105\u017cy do osi\u0105gni\u0119cia neutralno\u015bci CO2, obejmuj\u0105c proces budowy fabryki, pozyskiwanie surowc\u00f3w, korzystanie z materia\u0142\u00f3w pochodz\u0105cych z recyklingu, produkcj\u0119 oraz recykling samych produkt\u00f3w.<\/p>\n\n\n\n<p>W trakcie odcinka poruszymy wiele innych interesuj\u0105cych zagadnie\u0144:<\/p>\n\n\n\n<ul class=\"wp-block-list\">\n<li>Jak przekona\u0107 spo\u0142ecze\u0144stwo do aut elektrycznych, szczeg\u00f3lnie gdy pojawiaj\u0105 si\u0119 obawy co do narzucanych rozwi\u0105za\u0144 przez Uni\u0119 Europejsk\u0105?<\/li>\n\n\n\n<li>Jakie strategie wykorzystuje KIA Polska, aby wspiera\u0107 dealer\u00f3w i przekonywa\u0107 klient\u00f3w do elektrycznych pojazd\u00f3w?<\/li>\n\n\n\n<li>Co tak naprawd\u0119 kryje si\u0119 za elektromobilno\u015bci\u0105 i jakie argumenty mog\u0105 przekona\u0107 ludzi do tego typu pojazd\u00f3w?<\/li>\n\n\n\n<li>Jak wprowadzenie nowej linii pojazd\u00f3w, takiej jak Kia EV9, wp\u0142yn\u0119\u0142o na rynek i jakie wyzwania musia\u0142a pokona\u0107 firma przed wprowadzeniem tego modelu na rynek?<\/li>\n<\/ul>\n\n\n\n<p>Nie czekaj! Pos\u0142uchaj najnowszego odcinka EV Generation i pog\u0142\u0119b swoj\u0105 wiedz\u0119 na temat ekologii, ekosystemu elektromobilno\u015bci i strategii przekonywania do aut elektrycznych.<\/p>\n\n\n\n<p>\ud83d\udcec Do\u0142\u0105cz do naszego <strong><a href=\"#newsletter\"><u>newslettera<\/u><\/a><\/strong> i otrzymuj najnowsze wiadomo\u015bci, trendy i artyku\u0142y bezpo\u015brednio na swoj\u0105 skrzynk\u0119 e-mailow\u0105.<\/p>\n","protected":false},"excerpt":{"rendered":"<p>Aleksandra Bogumi\u0142, kt\u00f3ra od 6 lat pracuje w KIA Polska w dziale floty w rozmowie z Agat\u0105 Rz\u0119dowsk\u0105 opowie, jak wspiera\u0107 dealer\u00f3w w sprzeda\u017cy aut elektrycznych, czym si\u0119 zajmuj\u0119 ju\u017c ponad 2 lat. Czy auta elektryczne s\u0105 naprawd\u0119 ekologiczne? To cz\u0119sto stanowi punkt wyj\u015bcia do dyskusji z klientami na temat pojazd\u00f3w elektrycznych i jest najcz\u0119stszym argumentem, kt\u00f3ry s\u0142yszy Aleksandra. <\/p>\n","protected":false},"featured_media":33782,"template":"","class_list":["post-33781","podcast","type-podcast","status-publish","has-post-thumbnail","hentry"],"acf":[],"yoast_head":"<!-- This site is optimized with the Yoast SEO Premium plugin v27.3 (Yoast SEO v27.4) - https:\/\/yoast.com\/product\/yoast-seo-premium-wordpress\/ -->\n<title>Jak producenci samochod\u00f3w elektrycznych d\u0105\u017c\u0105 do ambitnych cel\u00f3w ekologicznych? | Ekoenergetyka<\/title>\n<meta name=\"description\" content=\"Czy auta elektryczne s\u0105 naprawd\u0119 ekologiczne? To cz\u0119sto stanowi punkt wyj\u015bcia do dyskusji z klientami na temat pojazd\u00f3w elektrycznych i jest najcz\u0119stszym argumentem, kt\u00f3ry s\u0142yszy Aleksandra.\" \/>\n<meta name=\"robots\" content=\"index, follow, max-snippet:-1, max-image-preview:large, max-video-preview:-1\" \/>\n<link rel=\"canonical\" href=\"https:\/\/ekoenergetyka.com\/pl\/podcast\/jak-producenci-samochodow-elektrycznych-daza-do-ambitnych-celow-ekologicznych\/\" \/>\n<meta property=\"og:locale\" content=\"pl_PL\" \/>\n<meta property=\"og:type\" content=\"article\" \/>\n<meta property=\"og:title\" content=\"Jak producenci samochod\u00f3w elektrycznych d\u0105\u017c\u0105 do ambitnych cel\u00f3w ekologicznych?\" \/>\n<meta property=\"og:description\" content=\"Czy auta elektryczne s\u0105 naprawd\u0119 ekologiczne? To cz\u0119sto stanowi punkt wyj\u015bcia do dyskusji z klientami na temat pojazd\u00f3w elektrycznych i jest najcz\u0119stszym argumentem, kt\u00f3ry s\u0142yszy Aleksandra.\" \/>\n<meta property=\"og:url\" content=\"https:\/\/ekoenergetyka.com\/pl\/podcast\/jak-producenci-samochodow-elektrycznych-daza-do-ambitnych-celow-ekologicznych\/\" \/>\n<meta property=\"og:site_name\" content=\"Ekoenergetyka\" \/>\n<meta property=\"article:publisher\" content=\"https:\/\/www.facebook.com\/ekoenergetykaPolska\/\" \/>\n<meta property=\"article:modified_time\" content=\"2024-04-19T10:07:52+00:00\" \/>\n<meta property=\"og:image\" content=\"https:\/\/ekoenergetyka.com\/wp-content\/uploads\/2024\/04\/aleksandra-bogumil-ev-generation.jpg\" \/>\n\t<meta property=\"og:image:width\" content=\"1920\" \/>\n\t<meta property=\"og:image:height\" content=\"1080\" \/>\n\t<meta property=\"og:image:type\" content=\"image\/jpeg\" \/>\n<meta name=\"twitter:card\" content=\"summary_large_image\" \/>\n<meta name=\"twitter:label1\" content=\"Szacowany czas czytania\" \/>\n\t<meta name=\"twitter:data1\" content=\"2 minuty\" \/>\n<script type=\"application\/ld+json\" class=\"yoast-schema-graph\">{\"@context\":\"https:\\\/\\\/schema.org\",\"@graph\":[{\"@type\":\"WebPage\",\"@id\":\"https:\\\/\\\/ekoenergetyka.com\\\/pl\\\/podcast\\\/jak-producenci-samochodow-elektrycznych-daza-do-ambitnych-celow-ekologicznych\\\/\",\"url\":\"https:\\\/\\\/ekoenergetyka.com\\\/pl\\\/podcast\\\/jak-producenci-samochodow-elektrycznych-daza-do-ambitnych-celow-ekologicznych\\\/\",\"name\":\"Jak producenci samochod\u00f3w elektrycznych d\u0105\u017c\u0105 do ambitnych cel\u00f3w ekologicznych? | Ekoenergetyka\",\"isPartOf\":{\"@id\":\"https:\\\/\\\/ekoenergetyka.com\\\/pl\\\/#website\"},\"primaryImageOfPage\":{\"@id\":\"https:\\\/\\\/ekoenergetyka.com\\\/pl\\\/podcast\\\/jak-producenci-samochodow-elektrycznych-daza-do-ambitnych-celow-ekologicznych\\\/#primaryimage\"},\"image\":{\"@id\":\"https:\\\/\\\/ekoenergetyka.com\\\/pl\\\/podcast\\\/jak-producenci-samochodow-elektrycznych-daza-do-ambitnych-celow-ekologicznych\\\/#primaryimage\"},\"thumbnailUrl\":\"https:\\\/\\\/ekoenergetyka.com\\\/wp-content\\\/uploads\\\/2024\\\/04\\\/aleksandra-bogumil-ev-generation.jpg\",\"datePublished\":\"2024-04-19T10:07:09+00:00\",\"dateModified\":\"2024-04-19T10:07:52+00:00\",\"description\":\"Czy auta elektryczne s\u0105 naprawd\u0119 ekologiczne? To cz\u0119sto stanowi punkt wyj\u015bcia do dyskusji z klientami na temat pojazd\u00f3w elektrycznych i jest najcz\u0119stszym argumentem, kt\u00f3ry s\u0142yszy Aleksandra.\",\"breadcrumb\":{\"@id\":\"https:\\\/\\\/ekoenergetyka.com\\\/pl\\\/podcast\\\/jak-producenci-samochodow-elektrycznych-daza-do-ambitnych-celow-ekologicznych\\\/#breadcrumb\"},\"inLanguage\":\"pl-PL\",\"potentialAction\":[{\"@type\":\"ReadAction\",\"target\":[\"https:\\\/\\\/ekoenergetyka.com\\\/pl\\\/podcast\\\/jak-producenci-samochodow-elektrycznych-daza-do-ambitnych-celow-ekologicznych\\\/\"]}]},{\"@type\":\"ImageObject\",\"inLanguage\":\"pl-PL\",\"@id\":\"https:\\\/\\\/ekoenergetyka.com\\\/pl\\\/podcast\\\/jak-producenci-samochodow-elektrycznych-daza-do-ambitnych-celow-ekologicznych\\\/#primaryimage\",\"url\":\"https:\\\/\\\/ekoenergetyka.com\\\/wp-content\\\/uploads\\\/2024\\\/04\\\/aleksandra-bogumil-ev-generation.jpg\",\"contentUrl\":\"https:\\\/\\\/ekoenergetyka.com\\\/wp-content\\\/uploads\\\/2024\\\/04\\\/aleksandra-bogumil-ev-generation.jpg\",\"width\":1920,\"height\":1080,\"caption\":\"Aleksandra Bogumi\u0142 ev generation\"},{\"@type\":\"BreadcrumbList\",\"@id\":\"https:\\\/\\\/ekoenergetyka.com\\\/pl\\\/podcast\\\/jak-producenci-samochodow-elektrycznych-daza-do-ambitnych-celow-ekologicznych\\\/#breadcrumb\",\"itemListElement\":[{\"@type\":\"ListItem\",\"position\":1,\"name\":\"Strona G\u0142\u00f3wna\",\"item\":\"https:\\\/\\\/ekoenergetyka.com\\\/pl\\\/\"},{\"@type\":\"ListItem\",\"position\":2,\"name\":\"Podcast\",\"item\":\"https:\\\/\\\/ekoenergetyka.com\\\/pl\\\/podcast\\\/\"},{\"@type\":\"ListItem\",\"position\":3,\"name\":\"Jak producenci samochod\u00f3w elektrycznych d\u0105\u017c\u0105 do ambitnych cel\u00f3w ekologicznych?\"}]},{\"@type\":\"WebSite\",\"@id\":\"https:\\\/\\\/ekoenergetyka.com\\\/pl\\\/#website\",\"url\":\"https:\\\/\\\/ekoenergetyka.com\\\/pl\\\/\",\"name\":\"Ekoenergetyka\",\"description\":\"\",\"publisher\":{\"@id\":\"https:\\\/\\\/ekoenergetyka.com\\\/pl\\\/#organization\"},\"potentialAction\":[{\"@type\":\"SearchAction\",\"target\":{\"@type\":\"EntryPoint\",\"urlTemplate\":\"https:\\\/\\\/ekoenergetyka.com\\\/pl\\\/?s={search_term_string}\"},\"query-input\":{\"@type\":\"PropertyValueSpecification\",\"valueRequired\":true,\"valueName\":\"search_term_string\"}}],\"inLanguage\":\"pl-PL\"},{\"@type\":\"Organization\",\"@id\":\"https:\\\/\\\/ekoenergetyka.com\\\/pl\\\/#organization\",\"name\":\"Ekoenergetyka - Polska S.A.\",\"url\":\"https:\\\/\\\/ekoenergetyka.com\\\/pl\\\/\",\"logo\":{\"@type\":\"ImageObject\",\"inLanguage\":\"pl-PL\",\"@id\":\"https:\\\/\\\/ekoenergetyka.com\\\/pl\\\/#\\\/schema\\\/logo\\\/image\\\/\",\"url\":\"https:\\\/\\\/ekoenergetyka.com\\\/wp-content\\\/uploads\\\/2024\\\/11\\\/cropped-sygnet-bez-tla-black-1-2.png\",\"contentUrl\":\"https:\\\/\\\/ekoenergetyka.com\\\/wp-content\\\/uploads\\\/2024\\\/11\\\/cropped-sygnet-bez-tla-black-1-2.png\",\"width\":512,\"height\":512,\"caption\":\"Ekoenergetyka - Polska S.A.\"},\"image\":{\"@id\":\"https:\\\/\\\/ekoenergetyka.com\\\/pl\\\/#\\\/schema\\\/logo\\\/image\\\/\"},\"sameAs\":[\"https:\\\/\\\/www.facebook.com\\\/ekoenergetykaPolska\\\/\",\"https:\\\/\\\/www.linkedin.com\\\/company\\\/ekoenergetyka\",\"https:\\\/\\\/www.youtube.com\\\/channel\\\/UCfZM_rPDdrv6D0JB-uhWi8Q\\\/videos\"],\"description\":\"Established in 2009 Poland with a sole purpose of providing charging solutions, we are one of the pioneers in the e-mobility industry. In a decade, Ekoenergetyka has grown from 2 to more than 400 employees (currently around 1,000) and has acquired customers throughout Europe and are now a Central and Eastern European leader in charging technologies.\",\"email\":\"contact@ekoenergetyka.com.pl\",\"telephone\":\"+ 48 68 328 20 68\",\"numberOfEmployees\":{\"@type\":\"QuantitativeValue\",\"minValue\":\"501\",\"maxValue\":\"1000\"}}]}<\/script>\n<!-- \/ Yoast SEO Premium plugin. -->","yoast_head_json":{"title":"Jak producenci samochod\u00f3w elektrycznych d\u0105\u017c\u0105 do ambitnych cel\u00f3w ekologicznych? | Ekoenergetyka","description":"Czy auta elektryczne s\u0105 naprawd\u0119 ekologiczne? To cz\u0119sto stanowi punkt wyj\u015bcia do dyskusji z klientami na temat pojazd\u00f3w elektrycznych i jest najcz\u0119stszym argumentem, kt\u00f3ry s\u0142yszy Aleksandra.","robots":{"index":"index","follow":"follow","max-snippet":"max-snippet:-1","max-image-preview":"max-image-preview:large","max-video-preview":"max-video-preview:-1"},"canonical":"https:\/\/ekoenergetyka.com\/pl\/podcast\/jak-producenci-samochodow-elektrycznych-daza-do-ambitnych-celow-ekologicznych\/","og_locale":"pl_PL","og_type":"article","og_title":"Jak producenci samochod\u00f3w elektrycznych d\u0105\u017c\u0105 do ambitnych cel\u00f3w ekologicznych?","og_description":"Czy auta elektryczne s\u0105 naprawd\u0119 ekologiczne? To cz\u0119sto stanowi punkt wyj\u015bcia do dyskusji z klientami na temat pojazd\u00f3w elektrycznych i jest najcz\u0119stszym argumentem, kt\u00f3ry s\u0142yszy Aleksandra.","og_url":"https:\/\/ekoenergetyka.com\/pl\/podcast\/jak-producenci-samochodow-elektrycznych-daza-do-ambitnych-celow-ekologicznych\/","og_site_name":"Ekoenergetyka","article_publisher":"https:\/\/www.facebook.com\/ekoenergetykaPolska\/","article_modified_time":"2024-04-19T10:07:52+00:00","og_image":[{"width":1920,"height":1080,"url":"https:\/\/ekoenergetyka.com\/wp-content\/uploads\/2024\/04\/aleksandra-bogumil-ev-generation.jpg","type":"image\/jpeg"}],"twitter_card":"summary_large_image","twitter_misc":{"Szacowany czas czytania":"2 minuty"},"schema":{"@context":"https:\/\/schema.org","@graph":[{"@type":"WebPage","@id":"https:\/\/ekoenergetyka.com\/pl\/podcast\/jak-producenci-samochodow-elektrycznych-daza-do-ambitnych-celow-ekologicznych\/","url":"https:\/\/ekoenergetyka.com\/pl\/podcast\/jak-producenci-samochodow-elektrycznych-daza-do-ambitnych-celow-ekologicznych\/","name":"Jak producenci samochod\u00f3w elektrycznych d\u0105\u017c\u0105 do ambitnych cel\u00f3w ekologicznych? | Ekoenergetyka","isPartOf":{"@id":"https:\/\/ekoenergetyka.com\/pl\/#website"},"primaryImageOfPage":{"@id":"https:\/\/ekoenergetyka.com\/pl\/podcast\/jak-producenci-samochodow-elektrycznych-daza-do-ambitnych-celow-ekologicznych\/#primaryimage"},"image":{"@id":"https:\/\/ekoenergetyka.com\/pl\/podcast\/jak-producenci-samochodow-elektrycznych-daza-do-ambitnych-celow-ekologicznych\/#primaryimage"},"thumbnailUrl":"https:\/\/ekoenergetyka.com\/wp-content\/uploads\/2024\/04\/aleksandra-bogumil-ev-generation.jpg","datePublished":"2024-04-19T10:07:09+00:00","dateModified":"2024-04-19T10:07:52+00:00","description":"Czy auta elektryczne s\u0105 naprawd\u0119 ekologiczne? To cz\u0119sto stanowi punkt wyj\u015bcia do dyskusji z klientami na temat pojazd\u00f3w elektrycznych i jest najcz\u0119stszym argumentem, kt\u00f3ry s\u0142yszy Aleksandra.","breadcrumb":{"@id":"https:\/\/ekoenergetyka.com\/pl\/podcast\/jak-producenci-samochodow-elektrycznych-daza-do-ambitnych-celow-ekologicznych\/#breadcrumb"},"inLanguage":"pl-PL","potentialAction":[{"@type":"ReadAction","target":["https:\/\/ekoenergetyka.com\/pl\/podcast\/jak-producenci-samochodow-elektrycznych-daza-do-ambitnych-celow-ekologicznych\/"]}]},{"@type":"ImageObject","inLanguage":"pl-PL","@id":"https:\/\/ekoenergetyka.com\/pl\/podcast\/jak-producenci-samochodow-elektrycznych-daza-do-ambitnych-celow-ekologicznych\/#primaryimage","url":"https:\/\/ekoenergetyka.com\/wp-content\/uploads\/2024\/04\/aleksandra-bogumil-ev-generation.jpg","contentUrl":"https:\/\/ekoenergetyka.com\/wp-content\/uploads\/2024\/04\/aleksandra-bogumil-ev-generation.jpg","width":1920,"height":1080,"caption":"Aleksandra Bogumi\u0142 ev generation"},{"@type":"BreadcrumbList","@id":"https:\/\/ekoenergetyka.com\/pl\/podcast\/jak-producenci-samochodow-elektrycznych-daza-do-ambitnych-celow-ekologicznych\/#breadcrumb","itemListElement":[{"@type":"ListItem","position":1,"name":"Strona G\u0142\u00f3wna","item":"https:\/\/ekoenergetyka.com\/pl\/"},{"@type":"ListItem","position":2,"name":"Podcast","item":"https:\/\/ekoenergetyka.com\/pl\/podcast\/"},{"@type":"ListItem","position":3,"name":"Jak producenci samochod\u00f3w elektrycznych d\u0105\u017c\u0105 do ambitnych cel\u00f3w ekologicznych?"}]},{"@type":"WebSite","@id":"https:\/\/ekoenergetyka.com\/pl\/#website","url":"https:\/\/ekoenergetyka.com\/pl\/","name":"Ekoenergetyka","description":"","publisher":{"@id":"https:\/\/ekoenergetyka.com\/pl\/#organization"},"potentialAction":[{"@type":"SearchAction","target":{"@type":"EntryPoint","urlTemplate":"https:\/\/ekoenergetyka.com\/pl\/?s={search_term_string}"},"query-input":{"@type":"PropertyValueSpecification","valueRequired":true,"valueName":"search_term_string"}}],"inLanguage":"pl-PL"},{"@type":"Organization","@id":"https:\/\/ekoenergetyka.com\/pl\/#organization","name":"Ekoenergetyka - Polska S.A.","url":"https:\/\/ekoenergetyka.com\/pl\/","logo":{"@type":"ImageObject","inLanguage":"pl-PL","@id":"https:\/\/ekoenergetyka.com\/pl\/#\/schema\/logo\/image\/","url":"https:\/\/ekoenergetyka.com\/wp-content\/uploads\/2024\/11\/cropped-sygnet-bez-tla-black-1-2.png","contentUrl":"https:\/\/ekoenergetyka.com\/wp-content\/uploads\/2024\/11\/cropped-sygnet-bez-tla-black-1-2.png","width":512,"height":512,"caption":"Ekoenergetyka - Polska S.A."},"image":{"@id":"https:\/\/ekoenergetyka.com\/pl\/#\/schema\/logo\/image\/"},"sameAs":["https:\/\/www.facebook.com\/ekoenergetykaPolska\/","https:\/\/www.linkedin.com\/company\/ekoenergetyka","https:\/\/www.youtube.com\/channel\/UCfZM_rPDdrv6D0JB-uhWi8Q\/videos"],"description":"Established in 2009 Poland with a sole purpose of providing charging solutions, we are one of the pioneers in the e-mobility industry. In a decade, Ekoenergetyka has grown from 2 to more than 400 employees (currently around 1,000) and has acquired customers throughout Europe and are now a Central and Eastern European leader in charging technologies.","email":"contact@ekoenergetyka.com.pl","telephone":"+ 48 68 328 20 68","numberOfEmployees":{"@type":"QuantitativeValue","minValue":"501","maxValue":"1000"}}]}},"_links":{"self":[{"href":"https:\/\/ekoenergetyka.com\/pl\/wp-json\/wp\/v2\/podcast\/33781","targetHints":{"allow":["GET"]}}],"collection":[{"href":"https:\/\/ekoenergetyka.com\/pl\/wp-json\/wp\/v2\/podcast"}],"about":[{"href":"https:\/\/ekoenergetyka.com\/pl\/wp-json\/wp\/v2\/types\/podcast"}],"wp:featuredmedia":[{"embeddable":true,"href":"https:\/\/ekoenergetyka.com\/pl\/wp-json\/wp\/v2\/media\/33782"}],"wp:attachment":[{"href":"https:\/\/ekoenergetyka.com\/pl\/wp-json\/wp\/v2\/media?parent=33781"}],"curies":[{"name":"wp","href":"https:\/\/api.w.org\/{rel}","templated":true}]}}