{"id":33633,"date":"2024-04-12T12:07:57","date_gmt":"2024-04-12T10:07:57","guid":{"rendered":"https:\/\/ekoenergetyka.com\/?post_type=podcast&#038;p=33633"},"modified":"2024-04-12T12:10:18","modified_gmt":"2024-04-12T10:10:18","slug":"prad-lokalizacje-zarobki-jak-elektromobilnosc-zmienia-biznes","status":"publish","type":"podcast","link":"https:\/\/ekoenergetyka.com\/pl\/podcast\/prad-lokalizacje-zarobki-jak-elektromobilnosc-zmienia-biznes\/","title":{"rendered":"Pr\u0105d, lokalizacje, zarobki: Jak elektromobilno\u015b\u0107 zmienia biznes?"},"content":{"rendered":"\n<iframe loading=\"lazy\" class=\"iframe-yt\" width=\"100%\" height=\"562\" src=\"https:\/\/www.youtube.com\/embed\/5oXAXr63bNQ?si=NOLea--foWXwENex\" title=\"Pr\u0105d, lokalizacje, zarobki: Jak elektromobilno\u015b\u0107 zmienia biznes?\" frameborder=\"0\" allow=\"accelerometer; autoplay; clipboard-write; encrypted-media; gyroscope; picture-in-picture; web-share\" allowfullscreen><\/iframe>\n\n\n\n<div style=\"height:1em\" aria-hidden=\"true\" class=\"wp-block-spacer\"><\/div>\n\n\n\n<p><strong>LUB POS\u0141UCHAJ:<\/strong><\/p>\n\n\n\n<a class=\"spreaker-player\" href=\"https:\/\/www.spreaker.com\/episode\/prad-lokalizacje-zarobki-jak-elektromobilnosc-zmienia-biznes--59432912\" data-resource=\"episode_id=59432912\" data-width=\"100%\" data-height=\"200px\" data-theme=\"light\" data-playlist=\"false\" data-playlist-continuous=\"false\" data-chapters-image=\"true\" data-episode-image-position=\"left\" data-hide-logo=\"true\" data-hide-likes=\"true\" data-hide-comments=\"true\" data-hide-sharing=\"true\" data-hide-download=\"true\" data-color=\"0096a0\">Pos\u0142uchaj \"Pr\u0105d, lokalizacje, zarobki: Jak elektromobilno\u015b\u0107 zmienia biznes?\" na Spreaker.<\/a>\n\n\n\n<div style=\"height:1em\" aria-hidden=\"true\" class=\"wp-block-spacer\"><\/div>\n\n\n\n<p>Zapraszamy na kolejny odcinek naszego podcastu, w kt\u00f3rym <strong>Agata Rz\u0119dzowska<\/strong> wraz z <strong>Adamem Agacki<\/strong>, Prezesem Zarz\u0105du Stacje\u0141adowania.com, poruszaj\u0105 temat elektromobilno\u015bci i si\u0119 zastanawiaj\u0105: Czy elektromobilno\u015b\u0107 to kobieta? \ud83d\ude97\ud83d\udcbc Czy bran\u017ca e-mobility jest dla kobiet? Jakie kompetencje trzeba posiada\u0107, aby sprzeda\u0107 rozwi\u0105zania zwi\u0105zane z elektromobilno\u015bci\u0105? \ud83e\udd14<\/p>\n\n\n\n<p>W trakcie odcinka Agata zadaje wiele pyta\u0144, dotycz\u0105cych lokalizacji stacji \u0142adowania.<\/p>\n\n\n\n<p>\ud83d\udccd Czy dost\u0119pno\u015b\u0107 prze\u0142\u0105cza jest g\u0142\u00f3wnym kryterium przy wyborze lokalizacji? Jakie miejsca s\u0105 najbardziej odpowiednie do postawienia stacji \u0142adowania? \ud83d\udee3\ufe0f Lokalizacje przy parkingach, gdzie gromadzi si\u0119 du\u017ca liczba pojazd\u00f3w, stanowi\u0105 kluczowy element sukcesu dla stacji \u0142adowania. Potrzebujemy miejsc o du\u017cej rotacji, takich jak centra handlowe czy parki rozrywki, aby przyci\u0105gn\u0105\u0107 jak najwi\u0119cej u\u017cytkownik\u00f3w samochod\u00f3w elektrycznych. To jedna z kluczowych strategii zarabiania na \u0142adowarkach. Co jeszcze ma wp\u0142yw na wyb\u00f3r lokalizacji? Odkryj wi\u0119cej w naszym najnowszym odcinku! \ud83c\udfa7<\/p>\n\n\n\n<p>Odcinek jest r\u00f3wnie\u017c po\u015bwi\u0119cony rozporz\u0105dzeniu AFIR, dotycz\u0105cym infrastruktury \u0142adowania, kt\u00f3re wchodzi w \u017cycie od 13 kwietnia. \ud83d\udcc5 Czy Polska jest gotowa na realizacj\u0119 tych wymaga\u0144? Rozmawiamy tak\u017ce o finansowaniu budowy infrastruktury, dotacjach, funduszach inwestycyjnych i leasingu. \ud83c\udfe6 Czym kieruj\u0105 si\u0119 firmy leasingowe przy udzielaniu leasingu na budow\u0119 stacji \u0142adowania? \ud83e\udd1d<\/p>\n\n\n\n<p>Czekaj\u0105 nas fascynuj\u0105ce dyskusje na temat przysz\u0142o\u015bci elektromobilno\u015bci, innowacyjnych rozwi\u0105za\u0144 i wyzwa\u0144, przed kt\u00f3rymi stoi bran\u017ca e-mobility. \ud83c\udf1f Nie przegapcie tego odcinka!Zapraszamy do s\u0142uchania!<\/p>\n\n\n\n<p>\ud83d\udcec Do\u0142\u0105cz do naszego <strong><a href=\"#newsletter\"><u>newslettera<\/u><\/a><\/strong> i otrzymuj najnowsze wiadomo\u015bci, trendy i artyku\u0142y bezpo\u015brednio na swoj\u0105 skrzynk\u0119 e-mailow\u0105.<\/p>\n","protected":false},"excerpt":{"rendered":"<p>Zapraszamy na kolejny odcinek naszego podcastu, w kt\u00f3rym Agata Rz\u0119dzowska wraz z Adamem Agacki, Prezesem Zarz\u0105du Stacje\u0141adowania.com, poruszaj\u0105 temat elektromobilno\u015bci i si\u0119 zastanawiaj\u0105: Czy elektromobilno\u015b\u0107 to kobieta? Czy bran\u017ca e-mobility jest dla kobiet? Jakie kompetencje trzeba posiada\u0107, aby sprzeda\u0107 rozwi\u0105zania zwi\u0105zane z elektromobilno\u015bci\u0105? <\/p>\n","protected":false},"featured_media":33634,"template":"","class_list":["post-33633","podcast","type-podcast","status-publish","has-post-thumbnail","hentry"],"acf":[],"yoast_head":"<!-- This site is optimized with the Yoast SEO Premium plugin v27.3 (Yoast SEO v27.4) - https:\/\/yoast.com\/product\/yoast-seo-premium-wordpress\/ -->\n<title>Pr\u0105d, lokalizacje, zarobki: Jak elektromobilno\u015b\u0107 zmienia biznes? | Ekoenergetyka<\/title>\n<meta name=\"description\" content=\"Zapraszamy na kolejny odcinek naszego podcastu, w kt\u00f3rym Agata Rz\u0119dzowska wraz z Adamem Agacki, Prezesem Zarz\u0105du Stacje\u0141adowania.com, poruszaj\u0105 temat elektromobilno\u015bci.\" \/>\n<meta name=\"robots\" content=\"index, follow, max-snippet:-1, max-image-preview:large, max-video-preview:-1\" \/>\n<link rel=\"canonical\" href=\"https:\/\/ekoenergetyka.com\/pl\/podcast\/prad-lokalizacje-zarobki-jak-elektromobilnosc-zmienia-biznes\/\" \/>\n<meta property=\"og:locale\" content=\"pl_PL\" \/>\n<meta property=\"og:type\" content=\"article\" \/>\n<meta property=\"og:title\" content=\"Pr\u0105d, lokalizacje, zarobki: Jak elektromobilno\u015b\u0107 zmienia biznes?\" \/>\n<meta property=\"og:description\" content=\"Zapraszamy na kolejny odcinek naszego podcastu, w kt\u00f3rym Agata Rz\u0119dzowska wraz z Adamem Agacki, Prezesem Zarz\u0105du Stacje\u0141adowania.com, poruszaj\u0105 temat elektromobilno\u015bci.\" \/>\n<meta property=\"og:url\" content=\"https:\/\/ekoenergetyka.com\/pl\/podcast\/prad-lokalizacje-zarobki-jak-elektromobilnosc-zmienia-biznes\/\" \/>\n<meta property=\"og:site_name\" content=\"Ekoenergetyka\" \/>\n<meta property=\"article:publisher\" content=\"https:\/\/www.facebook.com\/ekoenergetykaPolska\/\" \/>\n<meta property=\"article:modified_time\" content=\"2024-04-12T10:10:18+00:00\" \/>\n<meta property=\"og:image\" content=\"https:\/\/ekoenergetyka.com\/wp-content\/uploads\/2024\/04\/adam-agacki-ev-generation.jpg\" \/>\n\t<meta property=\"og:image:width\" content=\"1920\" \/>\n\t<meta property=\"og:image:height\" content=\"1080\" \/>\n\t<meta property=\"og:image:type\" content=\"image\/jpeg\" \/>\n<meta name=\"twitter:card\" content=\"summary_large_image\" \/>\n<meta name=\"twitter:label1\" content=\"Szacowany czas czytania\" \/>\n\t<meta name=\"twitter:data1\" content=\"2 minuty\" \/>\n<script type=\"application\/ld+json\" class=\"yoast-schema-graph\">{\"@context\":\"https:\\\/\\\/schema.org\",\"@graph\":[{\"@type\":\"WebPage\",\"@id\":\"https:\\\/\\\/ekoenergetyka.com\\\/pl\\\/podcast\\\/prad-lokalizacje-zarobki-jak-elektromobilnosc-zmienia-biznes\\\/\",\"url\":\"https:\\\/\\\/ekoenergetyka.com\\\/pl\\\/podcast\\\/prad-lokalizacje-zarobki-jak-elektromobilnosc-zmienia-biznes\\\/\",\"name\":\"Pr\u0105d, lokalizacje, zarobki: Jak elektromobilno\u015b\u0107 zmienia biznes? | Ekoenergetyka\",\"isPartOf\":{\"@id\":\"https:\\\/\\\/ekoenergetyka.com\\\/pl\\\/#website\"},\"primaryImageOfPage\":{\"@id\":\"https:\\\/\\\/ekoenergetyka.com\\\/pl\\\/podcast\\\/prad-lokalizacje-zarobki-jak-elektromobilnosc-zmienia-biznes\\\/#primaryimage\"},\"image\":{\"@id\":\"https:\\\/\\\/ekoenergetyka.com\\\/pl\\\/podcast\\\/prad-lokalizacje-zarobki-jak-elektromobilnosc-zmienia-biznes\\\/#primaryimage\"},\"thumbnailUrl\":\"https:\\\/\\\/ekoenergetyka.com\\\/wp-content\\\/uploads\\\/2024\\\/04\\\/adam-agacki-ev-generation.jpg\",\"datePublished\":\"2024-04-12T10:07:57+00:00\",\"dateModified\":\"2024-04-12T10:10:18+00:00\",\"description\":\"Zapraszamy na kolejny odcinek naszego podcastu, w kt\u00f3rym Agata Rz\u0119dzowska wraz z Adamem Agacki, Prezesem Zarz\u0105du Stacje\u0141adowania.com, poruszaj\u0105 temat elektromobilno\u015bci.\",\"breadcrumb\":{\"@id\":\"https:\\\/\\\/ekoenergetyka.com\\\/pl\\\/podcast\\\/prad-lokalizacje-zarobki-jak-elektromobilnosc-zmienia-biznes\\\/#breadcrumb\"},\"inLanguage\":\"pl-PL\",\"potentialAction\":[{\"@type\":\"ReadAction\",\"target\":[\"https:\\\/\\\/ekoenergetyka.com\\\/pl\\\/podcast\\\/prad-lokalizacje-zarobki-jak-elektromobilnosc-zmienia-biznes\\\/\"]}]},{\"@type\":\"ImageObject\",\"inLanguage\":\"pl-PL\",\"@id\":\"https:\\\/\\\/ekoenergetyka.com\\\/pl\\\/podcast\\\/prad-lokalizacje-zarobki-jak-elektromobilnosc-zmienia-biznes\\\/#primaryimage\",\"url\":\"https:\\\/\\\/ekoenergetyka.com\\\/wp-content\\\/uploads\\\/2024\\\/04\\\/adam-agacki-ev-generation.jpg\",\"contentUrl\":\"https:\\\/\\\/ekoenergetyka.com\\\/wp-content\\\/uploads\\\/2024\\\/04\\\/adam-agacki-ev-generation.jpg\",\"width\":1920,\"height\":1080,\"caption\":\"adam agacki ev generation\"},{\"@type\":\"BreadcrumbList\",\"@id\":\"https:\\\/\\\/ekoenergetyka.com\\\/pl\\\/podcast\\\/prad-lokalizacje-zarobki-jak-elektromobilnosc-zmienia-biznes\\\/#breadcrumb\",\"itemListElement\":[{\"@type\":\"ListItem\",\"position\":1,\"name\":\"Strona G\u0142\u00f3wna\",\"item\":\"https:\\\/\\\/ekoenergetyka.com\\\/pl\\\/\"},{\"@type\":\"ListItem\",\"position\":2,\"name\":\"Podcast\",\"item\":\"https:\\\/\\\/ekoenergetyka.com\\\/pl\\\/podcast\\\/\"},{\"@type\":\"ListItem\",\"position\":3,\"name\":\"Pr\u0105d, lokalizacje, zarobki: Jak elektromobilno\u015b\u0107 zmienia biznes?\"}]},{\"@type\":\"WebSite\",\"@id\":\"https:\\\/\\\/ekoenergetyka.com\\\/pl\\\/#website\",\"url\":\"https:\\\/\\\/ekoenergetyka.com\\\/pl\\\/\",\"name\":\"Ekoenergetyka\",\"description\":\"\",\"publisher\":{\"@id\":\"https:\\\/\\\/ekoenergetyka.com\\\/pl\\\/#organization\"},\"potentialAction\":[{\"@type\":\"SearchAction\",\"target\":{\"@type\":\"EntryPoint\",\"urlTemplate\":\"https:\\\/\\\/ekoenergetyka.com\\\/pl\\\/?s={search_term_string}\"},\"query-input\":{\"@type\":\"PropertyValueSpecification\",\"valueRequired\":true,\"valueName\":\"search_term_string\"}}],\"inLanguage\":\"pl-PL\"},{\"@type\":\"Organization\",\"@id\":\"https:\\\/\\\/ekoenergetyka.com\\\/pl\\\/#organization\",\"name\":\"Ekoenergetyka - Polska S.A.\",\"url\":\"https:\\\/\\\/ekoenergetyka.com\\\/pl\\\/\",\"logo\":{\"@type\":\"ImageObject\",\"inLanguage\":\"pl-PL\",\"@id\":\"https:\\\/\\\/ekoenergetyka.com\\\/pl\\\/#\\\/schema\\\/logo\\\/image\\\/\",\"url\":\"https:\\\/\\\/ekoenergetyka.com\\\/wp-content\\\/uploads\\\/2024\\\/11\\\/cropped-sygnet-bez-tla-black-1-2.png\",\"contentUrl\":\"https:\\\/\\\/ekoenergetyka.com\\\/wp-content\\\/uploads\\\/2024\\\/11\\\/cropped-sygnet-bez-tla-black-1-2.png\",\"width\":512,\"height\":512,\"caption\":\"Ekoenergetyka - Polska S.A.\"},\"image\":{\"@id\":\"https:\\\/\\\/ekoenergetyka.com\\\/pl\\\/#\\\/schema\\\/logo\\\/image\\\/\"},\"sameAs\":[\"https:\\\/\\\/www.facebook.com\\\/ekoenergetykaPolska\\\/\",\"https:\\\/\\\/www.linkedin.com\\\/company\\\/ekoenergetyka\",\"https:\\\/\\\/www.youtube.com\\\/channel\\\/UCfZM_rPDdrv6D0JB-uhWi8Q\\\/videos\"],\"description\":\"Established in 2009 Poland with a sole purpose of providing charging solutions, we are one of the pioneers in the e-mobility industry. In a decade, Ekoenergetyka has grown from 2 to more than 400 employees (currently around 1,000) and has acquired customers throughout Europe and are now a Central and Eastern European leader in charging technologies.\",\"email\":\"contact@ekoenergetyka.com.pl\",\"telephone\":\"+ 48 68 328 20 68\",\"numberOfEmployees\":{\"@type\":\"QuantitativeValue\",\"minValue\":\"501\",\"maxValue\":\"1000\"}}]}<\/script>\n<!-- \/ Yoast SEO Premium plugin. -->","yoast_head_json":{"title":"Pr\u0105d, lokalizacje, zarobki: Jak elektromobilno\u015b\u0107 zmienia biznes? | Ekoenergetyka","description":"Zapraszamy na kolejny odcinek naszego podcastu, w kt\u00f3rym Agata Rz\u0119dzowska wraz z Adamem Agacki, Prezesem Zarz\u0105du Stacje\u0141adowania.com, poruszaj\u0105 temat elektromobilno\u015bci.","robots":{"index":"index","follow":"follow","max-snippet":"max-snippet:-1","max-image-preview":"max-image-preview:large","max-video-preview":"max-video-preview:-1"},"canonical":"https:\/\/ekoenergetyka.com\/pl\/podcast\/prad-lokalizacje-zarobki-jak-elektromobilnosc-zmienia-biznes\/","og_locale":"pl_PL","og_type":"article","og_title":"Pr\u0105d, lokalizacje, zarobki: Jak elektromobilno\u015b\u0107 zmienia biznes?","og_description":"Zapraszamy na kolejny odcinek naszego podcastu, w kt\u00f3rym Agata Rz\u0119dzowska wraz z Adamem Agacki, Prezesem Zarz\u0105du Stacje\u0141adowania.com, poruszaj\u0105 temat elektromobilno\u015bci.","og_url":"https:\/\/ekoenergetyka.com\/pl\/podcast\/prad-lokalizacje-zarobki-jak-elektromobilnosc-zmienia-biznes\/","og_site_name":"Ekoenergetyka","article_publisher":"https:\/\/www.facebook.com\/ekoenergetykaPolska\/","article_modified_time":"2024-04-12T10:10:18+00:00","og_image":[{"width":1920,"height":1080,"url":"https:\/\/ekoenergetyka.com\/wp-content\/uploads\/2024\/04\/adam-agacki-ev-generation.jpg","type":"image\/jpeg"}],"twitter_card":"summary_large_image","twitter_misc":{"Szacowany czas czytania":"2 minuty"},"schema":{"@context":"https:\/\/schema.org","@graph":[{"@type":"WebPage","@id":"https:\/\/ekoenergetyka.com\/pl\/podcast\/prad-lokalizacje-zarobki-jak-elektromobilnosc-zmienia-biznes\/","url":"https:\/\/ekoenergetyka.com\/pl\/podcast\/prad-lokalizacje-zarobki-jak-elektromobilnosc-zmienia-biznes\/","name":"Pr\u0105d, lokalizacje, zarobki: Jak elektromobilno\u015b\u0107 zmienia biznes? | Ekoenergetyka","isPartOf":{"@id":"https:\/\/ekoenergetyka.com\/pl\/#website"},"primaryImageOfPage":{"@id":"https:\/\/ekoenergetyka.com\/pl\/podcast\/prad-lokalizacje-zarobki-jak-elektromobilnosc-zmienia-biznes\/#primaryimage"},"image":{"@id":"https:\/\/ekoenergetyka.com\/pl\/podcast\/prad-lokalizacje-zarobki-jak-elektromobilnosc-zmienia-biznes\/#primaryimage"},"thumbnailUrl":"https:\/\/ekoenergetyka.com\/wp-content\/uploads\/2024\/04\/adam-agacki-ev-generation.jpg","datePublished":"2024-04-12T10:07:57+00:00","dateModified":"2024-04-12T10:10:18+00:00","description":"Zapraszamy na kolejny odcinek naszego podcastu, w kt\u00f3rym Agata Rz\u0119dzowska wraz z Adamem Agacki, Prezesem Zarz\u0105du Stacje\u0141adowania.com, poruszaj\u0105 temat elektromobilno\u015bci.","breadcrumb":{"@id":"https:\/\/ekoenergetyka.com\/pl\/podcast\/prad-lokalizacje-zarobki-jak-elektromobilnosc-zmienia-biznes\/#breadcrumb"},"inLanguage":"pl-PL","potentialAction":[{"@type":"ReadAction","target":["https:\/\/ekoenergetyka.com\/pl\/podcast\/prad-lokalizacje-zarobki-jak-elektromobilnosc-zmienia-biznes\/"]}]},{"@type":"ImageObject","inLanguage":"pl-PL","@id":"https:\/\/ekoenergetyka.com\/pl\/podcast\/prad-lokalizacje-zarobki-jak-elektromobilnosc-zmienia-biznes\/#primaryimage","url":"https:\/\/ekoenergetyka.com\/wp-content\/uploads\/2024\/04\/adam-agacki-ev-generation.jpg","contentUrl":"https:\/\/ekoenergetyka.com\/wp-content\/uploads\/2024\/04\/adam-agacki-ev-generation.jpg","width":1920,"height":1080,"caption":"adam agacki ev generation"},{"@type":"BreadcrumbList","@id":"https:\/\/ekoenergetyka.com\/pl\/podcast\/prad-lokalizacje-zarobki-jak-elektromobilnosc-zmienia-biznes\/#breadcrumb","itemListElement":[{"@type":"ListItem","position":1,"name":"Strona G\u0142\u00f3wna","item":"https:\/\/ekoenergetyka.com\/pl\/"},{"@type":"ListItem","position":2,"name":"Podcast","item":"https:\/\/ekoenergetyka.com\/pl\/podcast\/"},{"@type":"ListItem","position":3,"name":"Pr\u0105d, lokalizacje, zarobki: Jak elektromobilno\u015b\u0107 zmienia biznes?"}]},{"@type":"WebSite","@id":"https:\/\/ekoenergetyka.com\/pl\/#website","url":"https:\/\/ekoenergetyka.com\/pl\/","name":"Ekoenergetyka","description":"","publisher":{"@id":"https:\/\/ekoenergetyka.com\/pl\/#organization"},"potentialAction":[{"@type":"SearchAction","target":{"@type":"EntryPoint","urlTemplate":"https:\/\/ekoenergetyka.com\/pl\/?s={search_term_string}"},"query-input":{"@type":"PropertyValueSpecification","valueRequired":true,"valueName":"search_term_string"}}],"inLanguage":"pl-PL"},{"@type":"Organization","@id":"https:\/\/ekoenergetyka.com\/pl\/#organization","name":"Ekoenergetyka - Polska S.A.","url":"https:\/\/ekoenergetyka.com\/pl\/","logo":{"@type":"ImageObject","inLanguage":"pl-PL","@id":"https:\/\/ekoenergetyka.com\/pl\/#\/schema\/logo\/image\/","url":"https:\/\/ekoenergetyka.com\/wp-content\/uploads\/2024\/11\/cropped-sygnet-bez-tla-black-1-2.png","contentUrl":"https:\/\/ekoenergetyka.com\/wp-content\/uploads\/2024\/11\/cropped-sygnet-bez-tla-black-1-2.png","width":512,"height":512,"caption":"Ekoenergetyka - Polska S.A."},"image":{"@id":"https:\/\/ekoenergetyka.com\/pl\/#\/schema\/logo\/image\/"},"sameAs":["https:\/\/www.facebook.com\/ekoenergetykaPolska\/","https:\/\/www.linkedin.com\/company\/ekoenergetyka","https:\/\/www.youtube.com\/channel\/UCfZM_rPDdrv6D0JB-uhWi8Q\/videos"],"description":"Established in 2009 Poland with a sole purpose of providing charging solutions, we are one of the pioneers in the e-mobility industry. In a decade, Ekoenergetyka has grown from 2 to more than 400 employees (currently around 1,000) and has acquired customers throughout Europe and are now a Central and Eastern European leader in charging technologies.","email":"contact@ekoenergetyka.com.pl","telephone":"+ 48 68 328 20 68","numberOfEmployees":{"@type":"QuantitativeValue","minValue":"501","maxValue":"1000"}}]}},"_links":{"self":[{"href":"https:\/\/ekoenergetyka.com\/pl\/wp-json\/wp\/v2\/podcast\/33633","targetHints":{"allow":["GET"]}}],"collection":[{"href":"https:\/\/ekoenergetyka.com\/pl\/wp-json\/wp\/v2\/podcast"}],"about":[{"href":"https:\/\/ekoenergetyka.com\/pl\/wp-json\/wp\/v2\/types\/podcast"}],"wp:featuredmedia":[{"embeddable":true,"href":"https:\/\/ekoenergetyka.com\/pl\/wp-json\/wp\/v2\/media\/33634"}],"wp:attachment":[{"href":"https:\/\/ekoenergetyka.com\/pl\/wp-json\/wp\/v2\/media?parent=33633"}],"curies":[{"name":"wp","href":"https:\/\/api.w.org\/{rel}","templated":true}]}}