{"id":32981,"date":"2024-03-21T12:34:18","date_gmt":"2024-03-21T11:34:18","guid":{"rendered":"https:\/\/ekoenergetyka.com\/?post_type=podcast&#038;p=32981"},"modified":"2024-03-21T12:34:19","modified_gmt":"2024-03-21T11:34:19","slug":"przyszlosc-elektromobilnosci-fazy-rozwoju-rynku","status":"publish","type":"podcast","link":"https:\/\/ekoenergetyka.com\/pl\/podcast\/przyszlosc-elektromobilnosci-fazy-rozwoju-rynku\/","title":{"rendered":"Przysz\u0142o\u015b\u0107 elektromobilno\u015bci &#8211; fazy rozwoju rynku"},"content":{"rendered":"\n<iframe loading=\"lazy\" class=\"iframe-yt\" width=\"100%\" height=\"562\" src=\"https:\/\/www.youtube.com\/embed\/O5vtJl2B0jo?si=zwErZrquWw7-XkgH\" title=\"Przysz\u0142o\u015b\u0107 elektromobilno\u015bci - fazy rozwoju rynku\" frameborder=\"0\" allow=\"accelerometer; autoplay; clipboard-write; encrypted-media; gyroscope; picture-in-picture; web-share\" allowfullscreen><\/iframe>\n\n\n\n\n<div style=\"height:1em\" aria-hidden=\"true\" class=\"wp-block-spacer\"><\/div>\n\n\n\n<p><strong>LUB POS\u0141UCHAJ:<\/strong><\/p>\n\n\n\n<a class=\"spreaker-player\" href=\"https:\/\/www.spreaker.com\/episode\/przyszlosc-elektromobilnosci-fazy-rozwoju-rynku--59123245\" data-resource=\"episode_id=59123245\" data-width=\"100%\" data-height=\"200px\" data-theme=\"light\" data-playlist=\"false\" data-playlist-continuous=\"false\" data-chapters-image=\"true\" data-episode-image-position=\"left\" data-hide-logo=\"true\" data-hide-likes=\"true\" data-hide-comments=\"true\" data-hide-sharing=\"true\" data-hide-download=\"true\" data-color=\"0096a0\">Pos\u0142uchaj \"Przysz\u0142o\u015b\u0107 elektromobilno\u015bci - fazy rozwoju rynku\" na Spreaker.<\/a>\n\n\n\n<div style=\"height:1em\" aria-hidden=\"true\" class=\"wp-block-spacer\"><\/div>\n\n\n\n<p>\ud83d\udd0b\ud83d\ude97 W tym odcinku zapraszamy Was do do\u0142\u0105czenia do ciekawej rozmowy historii i przysz\u0142o\u015bci bran\u017cy elektromobilno\u015bci.<\/p>\n\n\n\n<p>\ud83d\udca1 <strong>Maciej Woje\u0144ski<\/strong>, wsp\u00f3\u0142za\u0142o\u017cyciel Ekoenergetyka Polska S.A. podzieli si\u0119 z nami niezwyk\u0142\u0105 histori\u0105 transformacji samochod\u00f3w spalinowych w pojazdy elektryczne oraz narodzin pierwszych stacji \u0142adowania.<\/p>\n\n\n\n<p>\ud83d\ude80Kiedy ta bran\u017ca zacz\u0119\u0142a istnie\u0107? Jak wygl\u0105da\u0142y pocz\u0105tki elektromobilno\u015bci i pierwsze \u0142adowarki? Jakiej mocy by\u0142y? Jak komunikowa\u0142y si\u0119 z pojazdami, zanim pojawi\u0142 si\u0119 standard ISO 15118? O tym w\u0142a\u015bnie opowiada Maciej Woje\u0144ski.<\/p>\n\n\n\n<p>Przekroczymy granice czasu, aby zrozumie\u0107, jakie wyzwania stoj\u0105 przed nami obecnie.<\/p>\n\n\n\n<p>\ud83c\udf0d Obecny czas sprzyja rozwojowi elektromobilno\u015bci, szczeg\u00f3lnie z uwagi na regulacje AFIR, kt\u00f3re nak\u0142adaj\u0105 wymagania dotycz\u0105ce infrastruktury i proces\u00f3w dekarbonizacji. To daje nam impuls do przyspieszenia rozwoju bran\u017cy elektromobilno\u015bci. Jednak pytanie pozostaje: czy jeste\u015bmy gotowi spe\u0142ni\u0107 te wymagania?\u00a0 Jak wygl\u0105da struktura obecnego rynku elektromobilno\u015bci? Czy mo\u017cemy jeszcze zaj\u0105\u0107 swoje miejsce w tej dynamicznie rozwijaj\u0105cej si\u0119 dziedzinie, czy te\u017c poci\u0105g ju\u017c odjecha\u0142?<\/p>\n\n\n\n<p><strong>Marina Vitovtova<\/strong> w tym odcinku przeprowadza przez przesz\u0142o\u015b\u0107 oraz tera\u017aniejszo\u015b\u0107 bran\u017cy elektromobilno\u015bci a\u017c do przewidywa\u0144 na temat przysz\u0142o\u015bci. Jakie fazy rozwoju b\u0119dzie przechodzi\u0107 ta bran\u017ca? Jakie trendy b\u0119d\u0105 j\u0105 charakteryzowa\u0107? Jak b\u0119dzie wygl\u0105da\u0107 rynek elektromobilno\u015bci w 2050 roku? Czy samochody elektryczne stan\u0105 si\u0119 integraln\u0105 cz\u0119\u015bci\u0105 systemu energetycznego kraju?<\/p>\n\n\n\n<p>Zapraszamy do wys\u0142uchania kolejnego odcinka, gdzie poszukamy odpowiedzi na te pytania oraz wiele innych ciekawych zagadnie\u0144 zwi\u0105zanych z elektromobilno\u015bci\u0105. \ud83d\udd0c\u26a1<\/p>\n\n\n\n<p>\ud83d\udcec Do\u0142\u0105cz do naszego <strong><a href=\"#newsletter\"><u>newslettera<\/u><\/a><\/strong> i otrzymuj najnowsze wiadomo\u015bci, trendy i artyku\u0142y bezpo\u015brednio na swoj\u0105 skrzynk\u0119 e-mailow\u0105.<\/p>\n","protected":false},"excerpt":{"rendered":"<p>W tym odcinku zapraszamy Was do do\u0142\u0105czenia do ciekawej rozmowy historii i przysz\u0142o\u015bci bran\u017cy elektromobilno\u015bci. Maciej Woje\u0144ski, wsp\u00f3\u0142za\u0142o\u017cyciel Ekoenergetyka Polska S.A. podzieli si\u0119 z nami niezwyk\u0142\u0105 histori\u0105 transformacji samochod\u00f3w spalinowych w pojazdy elektryczne oraz narodzin pierwszych stacji \u0142adowania.<\/p>\n","protected":false},"featured_media":32982,"template":"","class_list":["post-32981","podcast","type-podcast","status-publish","has-post-thumbnail","hentry"],"acf":[],"yoast_head":"<!-- This site is optimized with the Yoast SEO Premium plugin v27.3 (Yoast SEO v27.4) - https:\/\/yoast.com\/product\/yoast-seo-premium-wordpress\/ -->\n<title>Przysz\u0142o\u015b\u0107 elektromobilno\u015bci - fazy rozwoju rynku | Ekoenergetyka<\/title>\n<meta name=\"description\" content=\"Kiedy ta bran\u017ca zacz\u0119\u0142a istnie\u0107? Jak wygl\u0105da\u0142y pocz\u0105tki elektromobilno\u015bci i pierwsze \u0142adowarki? Jakiej mocy by\u0142y? Jak komunikowa\u0142y si\u0119 z pojazdami, zanim pojawi\u0142 si\u0119 standard ISO 15118? O tym w\u0142a\u015bnie opowiada Maciej Woje\u0144ski.\" \/>\n<meta name=\"robots\" content=\"index, follow, max-snippet:-1, max-image-preview:large, max-video-preview:-1\" \/>\n<link rel=\"canonical\" href=\"https:\/\/ekoenergetyka.com\/pl\/podcast\/przyszlosc-elektromobilnosci-fazy-rozwoju-rynku\/\" \/>\n<meta property=\"og:locale\" content=\"pl_PL\" \/>\n<meta property=\"og:type\" content=\"article\" \/>\n<meta property=\"og:title\" content=\"Przysz\u0142o\u015b\u0107 elektromobilno\u015bci - fazy rozwoju rynku\" \/>\n<meta property=\"og:description\" content=\"Kiedy ta bran\u017ca zacz\u0119\u0142a istnie\u0107? Jak wygl\u0105da\u0142y pocz\u0105tki elektromobilno\u015bci i pierwsze \u0142adowarki? Jakiej mocy by\u0142y? Jak komunikowa\u0142y si\u0119 z pojazdami, zanim pojawi\u0142 si\u0119 standard ISO 15118? O tym w\u0142a\u015bnie opowiada Maciej Woje\u0144ski.\" \/>\n<meta property=\"og:url\" content=\"https:\/\/ekoenergetyka.com\/pl\/podcast\/przyszlosc-elektromobilnosci-fazy-rozwoju-rynku\/\" \/>\n<meta property=\"og:site_name\" content=\"Ekoenergetyka\" \/>\n<meta property=\"article:publisher\" content=\"https:\/\/www.facebook.com\/ekoenergetykaPolska\/\" \/>\n<meta property=\"article:modified_time\" content=\"2024-03-21T11:34:19+00:00\" \/>\n<meta property=\"og:image\" content=\"https:\/\/ekoenergetyka.com\/wp-content\/uploads\/2024\/03\/podcast-odcinek-z-maciejem-wojenskim.jpg\" \/>\n\t<meta property=\"og:image:width\" content=\"1280\" \/>\n\t<meta property=\"og:image:height\" content=\"720\" \/>\n\t<meta property=\"og:image:type\" content=\"image\/jpeg\" \/>\n<meta name=\"twitter:card\" content=\"summary_large_image\" \/>\n<meta name=\"twitter:label1\" content=\"Szacowany czas czytania\" \/>\n\t<meta name=\"twitter:data1\" content=\"2 minuty\" \/>\n<script type=\"application\/ld+json\" class=\"yoast-schema-graph\">{\"@context\":\"https:\\\/\\\/schema.org\",\"@graph\":[{\"@type\":\"WebPage\",\"@id\":\"https:\\\/\\\/ekoenergetyka.com\\\/pl\\\/podcast\\\/przyszlosc-elektromobilnosci-fazy-rozwoju-rynku\\\/\",\"url\":\"https:\\\/\\\/ekoenergetyka.com\\\/pl\\\/podcast\\\/przyszlosc-elektromobilnosci-fazy-rozwoju-rynku\\\/\",\"name\":\"Przysz\u0142o\u015b\u0107 elektromobilno\u015bci - fazy rozwoju rynku | Ekoenergetyka\",\"isPartOf\":{\"@id\":\"https:\\\/\\\/ekoenergetyka.com\\\/pl\\\/#website\"},\"primaryImageOfPage\":{\"@id\":\"https:\\\/\\\/ekoenergetyka.com\\\/pl\\\/podcast\\\/przyszlosc-elektromobilnosci-fazy-rozwoju-rynku\\\/#primaryimage\"},\"image\":{\"@id\":\"https:\\\/\\\/ekoenergetyka.com\\\/pl\\\/podcast\\\/przyszlosc-elektromobilnosci-fazy-rozwoju-rynku\\\/#primaryimage\"},\"thumbnailUrl\":\"https:\\\/\\\/ekoenergetyka.com\\\/wp-content\\\/uploads\\\/2024\\\/03\\\/podcast-odcinek-z-maciejem-wojenskim.jpg\",\"datePublished\":\"2024-03-21T11:34:18+00:00\",\"dateModified\":\"2024-03-21T11:34:19+00:00\",\"description\":\"Kiedy ta bran\u017ca zacz\u0119\u0142a istnie\u0107? Jak wygl\u0105da\u0142y pocz\u0105tki elektromobilno\u015bci i pierwsze \u0142adowarki? Jakiej mocy by\u0142y? Jak komunikowa\u0142y si\u0119 z pojazdami, zanim pojawi\u0142 si\u0119 standard ISO 15118? O tym w\u0142a\u015bnie opowiada Maciej Woje\u0144ski.\",\"breadcrumb\":{\"@id\":\"https:\\\/\\\/ekoenergetyka.com\\\/pl\\\/podcast\\\/przyszlosc-elektromobilnosci-fazy-rozwoju-rynku\\\/#breadcrumb\"},\"inLanguage\":\"pl-PL\",\"potentialAction\":[{\"@type\":\"ReadAction\",\"target\":[\"https:\\\/\\\/ekoenergetyka.com\\\/pl\\\/podcast\\\/przyszlosc-elektromobilnosci-fazy-rozwoju-rynku\\\/\"]}]},{\"@type\":\"ImageObject\",\"inLanguage\":\"pl-PL\",\"@id\":\"https:\\\/\\\/ekoenergetyka.com\\\/pl\\\/podcast\\\/przyszlosc-elektromobilnosci-fazy-rozwoju-rynku\\\/#primaryimage\",\"url\":\"https:\\\/\\\/ekoenergetyka.com\\\/wp-content\\\/uploads\\\/2024\\\/03\\\/podcast-odcinek-z-maciejem-wojenskim.jpg\",\"contentUrl\":\"https:\\\/\\\/ekoenergetyka.com\\\/wp-content\\\/uploads\\\/2024\\\/03\\\/podcast-odcinek-z-maciejem-wojenskim.jpg\",\"width\":1280,\"height\":720},{\"@type\":\"BreadcrumbList\",\"@id\":\"https:\\\/\\\/ekoenergetyka.com\\\/pl\\\/podcast\\\/przyszlosc-elektromobilnosci-fazy-rozwoju-rynku\\\/#breadcrumb\",\"itemListElement\":[{\"@type\":\"ListItem\",\"position\":1,\"name\":\"Strona G\u0142\u00f3wna\",\"item\":\"https:\\\/\\\/ekoenergetyka.com\\\/pl\\\/\"},{\"@type\":\"ListItem\",\"position\":2,\"name\":\"Podcast\",\"item\":\"https:\\\/\\\/ekoenergetyka.com\\\/pl\\\/podcast\\\/\"},{\"@type\":\"ListItem\",\"position\":3,\"name\":\"Przysz\u0142o\u015b\u0107 elektromobilno\u015bci &#8211; fazy rozwoju rynku\"}]},{\"@type\":\"WebSite\",\"@id\":\"https:\\\/\\\/ekoenergetyka.com\\\/pl\\\/#website\",\"url\":\"https:\\\/\\\/ekoenergetyka.com\\\/pl\\\/\",\"name\":\"Ekoenergetyka\",\"description\":\"\",\"publisher\":{\"@id\":\"https:\\\/\\\/ekoenergetyka.com\\\/pl\\\/#organization\"},\"potentialAction\":[{\"@type\":\"SearchAction\",\"target\":{\"@type\":\"EntryPoint\",\"urlTemplate\":\"https:\\\/\\\/ekoenergetyka.com\\\/pl\\\/?s={search_term_string}\"},\"query-input\":{\"@type\":\"PropertyValueSpecification\",\"valueRequired\":true,\"valueName\":\"search_term_string\"}}],\"inLanguage\":\"pl-PL\"},{\"@type\":\"Organization\",\"@id\":\"https:\\\/\\\/ekoenergetyka.com\\\/pl\\\/#organization\",\"name\":\"Ekoenergetyka - Polska S.A.\",\"url\":\"https:\\\/\\\/ekoenergetyka.com\\\/pl\\\/\",\"logo\":{\"@type\":\"ImageObject\",\"inLanguage\":\"pl-PL\",\"@id\":\"https:\\\/\\\/ekoenergetyka.com\\\/pl\\\/#\\\/schema\\\/logo\\\/image\\\/\",\"url\":\"https:\\\/\\\/ekoenergetyka.com\\\/wp-content\\\/uploads\\\/2024\\\/11\\\/cropped-sygnet-bez-tla-black-1-2.png\",\"contentUrl\":\"https:\\\/\\\/ekoenergetyka.com\\\/wp-content\\\/uploads\\\/2024\\\/11\\\/cropped-sygnet-bez-tla-black-1-2.png\",\"width\":512,\"height\":512,\"caption\":\"Ekoenergetyka - Polska S.A.\"},\"image\":{\"@id\":\"https:\\\/\\\/ekoenergetyka.com\\\/pl\\\/#\\\/schema\\\/logo\\\/image\\\/\"},\"sameAs\":[\"https:\\\/\\\/www.facebook.com\\\/ekoenergetykaPolska\\\/\",\"https:\\\/\\\/www.linkedin.com\\\/company\\\/ekoenergetyka\",\"https:\\\/\\\/www.youtube.com\\\/channel\\\/UCfZM_rPDdrv6D0JB-uhWi8Q\\\/videos\"],\"description\":\"Established in 2009 Poland with a sole purpose of providing charging solutions, we are one of the pioneers in the e-mobility industry. In a decade, Ekoenergetyka has grown from 2 to more than 400 employees (currently around 1,000) and has acquired customers throughout Europe and are now a Central and Eastern European leader in charging technologies.\",\"email\":\"contact@ekoenergetyka.com.pl\",\"telephone\":\"+ 48 68 328 20 68\",\"numberOfEmployees\":{\"@type\":\"QuantitativeValue\",\"minValue\":\"501\",\"maxValue\":\"1000\"}}]}<\/script>\n<!-- \/ Yoast SEO Premium plugin. -->","yoast_head_json":{"title":"Przysz\u0142o\u015b\u0107 elektromobilno\u015bci - fazy rozwoju rynku | Ekoenergetyka","description":"Kiedy ta bran\u017ca zacz\u0119\u0142a istnie\u0107? Jak wygl\u0105da\u0142y pocz\u0105tki elektromobilno\u015bci i pierwsze \u0142adowarki? Jakiej mocy by\u0142y? Jak komunikowa\u0142y si\u0119 z pojazdami, zanim pojawi\u0142 si\u0119 standard ISO 15118? O tym w\u0142a\u015bnie opowiada Maciej Woje\u0144ski.","robots":{"index":"index","follow":"follow","max-snippet":"max-snippet:-1","max-image-preview":"max-image-preview:large","max-video-preview":"max-video-preview:-1"},"canonical":"https:\/\/ekoenergetyka.com\/pl\/podcast\/przyszlosc-elektromobilnosci-fazy-rozwoju-rynku\/","og_locale":"pl_PL","og_type":"article","og_title":"Przysz\u0142o\u015b\u0107 elektromobilno\u015bci - fazy rozwoju rynku","og_description":"Kiedy ta bran\u017ca zacz\u0119\u0142a istnie\u0107? Jak wygl\u0105da\u0142y pocz\u0105tki elektromobilno\u015bci i pierwsze \u0142adowarki? Jakiej mocy by\u0142y? Jak komunikowa\u0142y si\u0119 z pojazdami, zanim pojawi\u0142 si\u0119 standard ISO 15118? O tym w\u0142a\u015bnie opowiada Maciej Woje\u0144ski.","og_url":"https:\/\/ekoenergetyka.com\/pl\/podcast\/przyszlosc-elektromobilnosci-fazy-rozwoju-rynku\/","og_site_name":"Ekoenergetyka","article_publisher":"https:\/\/www.facebook.com\/ekoenergetykaPolska\/","article_modified_time":"2024-03-21T11:34:19+00:00","og_image":[{"width":1280,"height":720,"url":"https:\/\/ekoenergetyka.com\/wp-content\/uploads\/2024\/03\/podcast-odcinek-z-maciejem-wojenskim.jpg","type":"image\/jpeg"}],"twitter_card":"summary_large_image","twitter_misc":{"Szacowany czas czytania":"2 minuty"},"schema":{"@context":"https:\/\/schema.org","@graph":[{"@type":"WebPage","@id":"https:\/\/ekoenergetyka.com\/pl\/podcast\/przyszlosc-elektromobilnosci-fazy-rozwoju-rynku\/","url":"https:\/\/ekoenergetyka.com\/pl\/podcast\/przyszlosc-elektromobilnosci-fazy-rozwoju-rynku\/","name":"Przysz\u0142o\u015b\u0107 elektromobilno\u015bci - fazy rozwoju rynku | Ekoenergetyka","isPartOf":{"@id":"https:\/\/ekoenergetyka.com\/pl\/#website"},"primaryImageOfPage":{"@id":"https:\/\/ekoenergetyka.com\/pl\/podcast\/przyszlosc-elektromobilnosci-fazy-rozwoju-rynku\/#primaryimage"},"image":{"@id":"https:\/\/ekoenergetyka.com\/pl\/podcast\/przyszlosc-elektromobilnosci-fazy-rozwoju-rynku\/#primaryimage"},"thumbnailUrl":"https:\/\/ekoenergetyka.com\/wp-content\/uploads\/2024\/03\/podcast-odcinek-z-maciejem-wojenskim.jpg","datePublished":"2024-03-21T11:34:18+00:00","dateModified":"2024-03-21T11:34:19+00:00","description":"Kiedy ta bran\u017ca zacz\u0119\u0142a istnie\u0107? Jak wygl\u0105da\u0142y pocz\u0105tki elektromobilno\u015bci i pierwsze \u0142adowarki? Jakiej mocy by\u0142y? Jak komunikowa\u0142y si\u0119 z pojazdami, zanim pojawi\u0142 si\u0119 standard ISO 15118? O tym w\u0142a\u015bnie opowiada Maciej Woje\u0144ski.","breadcrumb":{"@id":"https:\/\/ekoenergetyka.com\/pl\/podcast\/przyszlosc-elektromobilnosci-fazy-rozwoju-rynku\/#breadcrumb"},"inLanguage":"pl-PL","potentialAction":[{"@type":"ReadAction","target":["https:\/\/ekoenergetyka.com\/pl\/podcast\/przyszlosc-elektromobilnosci-fazy-rozwoju-rynku\/"]}]},{"@type":"ImageObject","inLanguage":"pl-PL","@id":"https:\/\/ekoenergetyka.com\/pl\/podcast\/przyszlosc-elektromobilnosci-fazy-rozwoju-rynku\/#primaryimage","url":"https:\/\/ekoenergetyka.com\/wp-content\/uploads\/2024\/03\/podcast-odcinek-z-maciejem-wojenskim.jpg","contentUrl":"https:\/\/ekoenergetyka.com\/wp-content\/uploads\/2024\/03\/podcast-odcinek-z-maciejem-wojenskim.jpg","width":1280,"height":720},{"@type":"BreadcrumbList","@id":"https:\/\/ekoenergetyka.com\/pl\/podcast\/przyszlosc-elektromobilnosci-fazy-rozwoju-rynku\/#breadcrumb","itemListElement":[{"@type":"ListItem","position":1,"name":"Strona G\u0142\u00f3wna","item":"https:\/\/ekoenergetyka.com\/pl\/"},{"@type":"ListItem","position":2,"name":"Podcast","item":"https:\/\/ekoenergetyka.com\/pl\/podcast\/"},{"@type":"ListItem","position":3,"name":"Przysz\u0142o\u015b\u0107 elektromobilno\u015bci &#8211; fazy rozwoju rynku"}]},{"@type":"WebSite","@id":"https:\/\/ekoenergetyka.com\/pl\/#website","url":"https:\/\/ekoenergetyka.com\/pl\/","name":"Ekoenergetyka","description":"","publisher":{"@id":"https:\/\/ekoenergetyka.com\/pl\/#organization"},"potentialAction":[{"@type":"SearchAction","target":{"@type":"EntryPoint","urlTemplate":"https:\/\/ekoenergetyka.com\/pl\/?s={search_term_string}"},"query-input":{"@type":"PropertyValueSpecification","valueRequired":true,"valueName":"search_term_string"}}],"inLanguage":"pl-PL"},{"@type":"Organization","@id":"https:\/\/ekoenergetyka.com\/pl\/#organization","name":"Ekoenergetyka - Polska S.A.","url":"https:\/\/ekoenergetyka.com\/pl\/","logo":{"@type":"ImageObject","inLanguage":"pl-PL","@id":"https:\/\/ekoenergetyka.com\/pl\/#\/schema\/logo\/image\/","url":"https:\/\/ekoenergetyka.com\/wp-content\/uploads\/2024\/11\/cropped-sygnet-bez-tla-black-1-2.png","contentUrl":"https:\/\/ekoenergetyka.com\/wp-content\/uploads\/2024\/11\/cropped-sygnet-bez-tla-black-1-2.png","width":512,"height":512,"caption":"Ekoenergetyka - Polska S.A."},"image":{"@id":"https:\/\/ekoenergetyka.com\/pl\/#\/schema\/logo\/image\/"},"sameAs":["https:\/\/www.facebook.com\/ekoenergetykaPolska\/","https:\/\/www.linkedin.com\/company\/ekoenergetyka","https:\/\/www.youtube.com\/channel\/UCfZM_rPDdrv6D0JB-uhWi8Q\/videos"],"description":"Established in 2009 Poland with a sole purpose of providing charging solutions, we are one of the pioneers in the e-mobility industry. In a decade, Ekoenergetyka has grown from 2 to more than 400 employees (currently around 1,000) and has acquired customers throughout Europe and are now a Central and Eastern European leader in charging technologies.","email":"contact@ekoenergetyka.com.pl","telephone":"+ 48 68 328 20 68","numberOfEmployees":{"@type":"QuantitativeValue","minValue":"501","maxValue":"1000"}}]}},"_links":{"self":[{"href":"https:\/\/ekoenergetyka.com\/pl\/wp-json\/wp\/v2\/podcast\/32981","targetHints":{"allow":["GET"]}}],"collection":[{"href":"https:\/\/ekoenergetyka.com\/pl\/wp-json\/wp\/v2\/podcast"}],"about":[{"href":"https:\/\/ekoenergetyka.com\/pl\/wp-json\/wp\/v2\/types\/podcast"}],"wp:featuredmedia":[{"embeddable":true,"href":"https:\/\/ekoenergetyka.com\/pl\/wp-json\/wp\/v2\/media\/32982"}],"wp:attachment":[{"href":"https:\/\/ekoenergetyka.com\/pl\/wp-json\/wp\/v2\/media?parent=32981"}],"curies":[{"name":"wp","href":"https:\/\/api.w.org\/{rel}","templated":true}]}}