{"id":32668,"date":"2024-02-29T09:04:20","date_gmt":"2024-02-29T08:04:20","guid":{"rendered":"https:\/\/ekoenergetyka.com\/?post_type=podcast&#038;p=32668"},"modified":"2024-03-14T13:23:28","modified_gmt":"2024-03-14T12:23:28","slug":"czy-to-juz-ten-czas-aby-przesiasc-sie-na-auto-elektryczne","status":"publish","type":"podcast","link":"https:\/\/ekoenergetyka.com\/pl\/podcast\/czy-to-juz-ten-czas-aby-przesiasc-sie-na-auto-elektryczne\/","title":{"rendered":"Czy to ju\u017c ten czas, aby przesi\u0105\u015b\u0107 si\u0119 na auto elektryczne?"},"content":{"rendered":"\n<iframe loading=\"lazy\" class=\"iframe-yt\" width=\"100%\" height=\"562\" src=\"https:\/\/www.youtube.com\/embed\/CAfjb1S_NiQ?si=0wfd7hAGoean8sKH\" title=\"Czy to ju\u017c ten czas, aby przesi\u0105\u015b\u0107 si\u0119 na auto elektryczne?\" frameborder=\"0\" allow=\"accelerometer; autoplay; clipboard-write; encrypted-media; gyroscope; picture-in-picture; web-share\" allowfullscreen><\/iframe>\n\n\n\n<div style=\"height:1em\" aria-hidden=\"true\" class=\"wp-block-spacer\"><\/div>\n\n\n\n<p><strong>LUB POS\u0141UCHAJ:<\/strong><\/p>\n\n\n\n<a class=\"spreaker-player\" href=\"https:\/\/www.spreaker.com\/episode\/czy-to-juz-ten-czas-aby-przesiasc-sie-na-auto-elektryczne--58873497\" data-resource=\"episode_id=58873497\" data-width=\"100%\" data-height=\"200px\" data-theme=\"light\" data-playlist=\"false\" data-playlist-continuous=\"false\" data-chapters-image=\"true\" data-episode-image-position=\"left\" data-hide-logo=\"true\" data-hide-likes=\"true\" data-hide-comments=\"true\" data-hide-sharing=\"true\" data-hide-download=\"true\" data-color=\"0096a0\">Pos\u0142uchaj \"Czy to ju\u017c ten czas, aby przesi\u0105\u015b\u0107 si\u0119 na auto elektryczne?\" na Spreaker.<\/a>\n\n\n\n<div style=\"height:1em\" aria-hidden=\"true\" class=\"wp-block-spacer\"><\/div>\n\n\n\n<p>Czy to ju\u017c ten czas, by zakupi\u0107 auto elektryczne? To g\u0142\u00f3wny temat rozmowy <strong>Mariny Vitovtovej<\/strong> i <strong>Daniela Grzyba<\/strong>, prowadz\u0105cego jednego z najwi\u0119kszych kana\u0142\u00f3w na polskim YouTube o elektromobilno\u015bci oraz w\u0142a\u015bciciela wypo\u017cyczalni aut elektrycznych Ev Rent. W tym odcinku poruszamy nast\u0119puj\u0105ce kwestie:<\/p>\n\n\n\n<ul class=\"wp-block-list\">\n<li>Czy koszty zakupu i utrzymania pojazdu elektrycznego s\u0105 obecnie konkurencyjne w por\u00f3wnaniu do tradycyjnych samochod\u00f3w spalinowych? Jednak cena nadal pozostaje g\u0142\u00f3wnym ograniczeniem w podj\u0119ciu decyzji na korzy\u015b\u0107 auta elektrycznego.<\/li>\n\n\n\n<li>Czy rz\u0105dowe zach\u0119ty i programy wspieraj\u0105ce elektromobilno\u015b\u0107 maj\u0105 wp\u0142yw na decyzje konsument\u00f3w?<\/li>\n\n\n\n<li>Jak wygl\u0105daj\u0105 koszty u\u017cytkowania pojazdu elektrycznego, szczeg\u00f3lnie je\u015bli nie ma si\u0119 w\u0142asnego domu i mo\u017cliwo\u015bci zainstalowania \u0142adowarki domowej?<\/li>\n\n\n\n<li>Drugim ograniczeniem w zakupie auta elektrycznego jest zasi\u0119g. Czy naprawd\u0119 jest to ograniczeniem?<\/li>\n\n\n\n<li>Technologia rozwija si\u0119 bardzo szybko. Wiele os\u00f3b obawia si\u0119, \u017ce je\u015bli dzisiaj kupi si\u0119 elektryka, to za rok b\u0119dzie on ju\u017c przestarza\u0142y, dlatego wstrzymuj\u0105 si\u0119 z zakupem. Czy to ju\u017c odpowiedni moment, aby przesi\u0105\u015b\u0107 si\u0119 na elektryczne auto, czy mo\u017ce warto jeszcze zaczeka\u0107 na dalszy rozw\u00f3j tej technologii?<\/li>\n<\/ul>\n\n\n\n<p><strong>Daniel Grzyb<\/strong> opowiada, \u017ce zdecydowa\u0142 si\u0119 na auto elektryczne ju\u017c 7 lat temu g\u0142\u00f3wnie ze wzgl\u0119du na oszcz\u0119dno\u015b\u0107. Cho\u0107 mo\u017ce to brzmie\u0107 kontrowersyjnie, Daniel t\u0142umaczy, \u017ce u\u017cytkowanie pojazdu elektrycznego \u0142\u0105czy si\u0119 z mniejszymi kosztami eksploatacyjnymi, zw\u0142aszcza w przypadku pierwszych modeli Tesli, kt\u00f3re oferowa\u0142y darmowe do\u017cywotnie \u0142adowanie. Tesla Daniela przekroczy\u0142a ju\u017c 500 000 km przebiegu, a Daniel nadal nic nie p\u0142aci za \u0142adowanie, podr\u00f3\u017cuj\u0105c praktycznie za darmo.Koniecznie pos\u0142uchaj tej ciekawej rozmowy i daj nam zna\u0107 swoj\u0105 opini\u0119, czy to ju\u017c czas, aby kupi\u0107 auto elektryczne?<\/p>\n\n\n\n<p>\ud83d\udcec Do\u0142\u0105cz do naszego <strong><a href=\"#newsletter\"><u>newslettera<\/u><\/a><\/strong> i otrzymuj najnowsze wiadomo\u015bci, trendy i artyku\u0142y bezpo\u015brednio na swoj\u0105 skrzynk\u0119 e-mailow\u0105.<\/p>\n","protected":false},"excerpt":{"rendered":"<p>Czy to ju\u017c ten czas, by zakupi\u0107 auto elektryczne? To g\u0142\u00f3wny temat rozmowy Mariny Vitovtovej i Daniela Grzyba, prowadz\u0105cego jednego z najwi\u0119kszych kana\u0142\u00f3w na polskim YouTube o elektromobilno\u015bci oraz w\u0142a\u015bciciela wypo\u017cyczalni aut elektrycznych Ev Rent. <\/p>\n","protected":false},"featured_media":32674,"template":"","class_list":["post-32668","podcast","type-podcast","status-publish","has-post-thumbnail","hentry"],"acf":[],"yoast_head":"<!-- This site is optimized with the Yoast SEO Premium plugin v27.3 (Yoast SEO v27.4) - https:\/\/yoast.com\/product\/yoast-seo-premium-wordpress\/ -->\n<title>Czy to ju\u017c ten czas, aby przesi\u0105\u015b\u0107 si\u0119 na auto elektryczne? | Ekoenergetyka<\/title>\n<meta name=\"description\" content=\"Czy to ju\u017c ten czas, by zakupi\u0107 auto elektryczne? To g\u0142\u00f3wny temat rozmowy Mariny Vitovtovej i Daniela Grzyba, prowadz\u0105cego jednego z najwi\u0119kszych kana\u0142\u00f3w na polskim YouTube o elektromobilno\u015bci oraz w\u0142a\u015bciciela wypo\u017cyczalni aut elektrycznych Ev Rent.\" \/>\n<meta name=\"robots\" content=\"index, follow, max-snippet:-1, max-image-preview:large, max-video-preview:-1\" \/>\n<link rel=\"canonical\" href=\"https:\/\/ekoenergetyka.com\/pl\/podcast\/czy-to-juz-ten-czas-aby-przesiasc-sie-na-auto-elektryczne\/\" \/>\n<meta property=\"og:locale\" content=\"pl_PL\" \/>\n<meta property=\"og:type\" content=\"article\" \/>\n<meta property=\"og:title\" content=\"Czy to ju\u017c ten czas, aby przesi\u0105\u015b\u0107 si\u0119 na auto elektryczne?\" \/>\n<meta property=\"og:description\" content=\"Czy to ju\u017c ten czas, by zakupi\u0107 auto elektryczne? To g\u0142\u00f3wny temat rozmowy Mariny Vitovtovej i Daniela Grzyba, prowadz\u0105cego jednego z najwi\u0119kszych kana\u0142\u00f3w na polskim YouTube o elektromobilno\u015bci oraz w\u0142a\u015bciciela wypo\u017cyczalni aut elektrycznych Ev Rent.\" \/>\n<meta property=\"og:url\" content=\"https:\/\/ekoenergetyka.com\/pl\/podcast\/czy-to-juz-ten-czas-aby-przesiasc-sie-na-auto-elektryczne\/\" \/>\n<meta property=\"og:site_name\" content=\"Ekoenergetyka\" \/>\n<meta property=\"article:publisher\" content=\"https:\/\/www.facebook.com\/ekoenergetykaPolska\/\" \/>\n<meta property=\"article:modified_time\" content=\"2024-03-14T12:23:28+00:00\" \/>\n<meta property=\"og:image\" content=\"https:\/\/ekoenergetyka.com\/wp-content\/uploads\/2024\/02\/ev-generation-odcinek-1-1.jpg\" \/>\n\t<meta property=\"og:image:width\" content=\"1280\" \/>\n\t<meta property=\"og:image:height\" content=\"720\" \/>\n\t<meta property=\"og:image:type\" content=\"image\/jpeg\" \/>\n<meta name=\"twitter:card\" content=\"summary_large_image\" \/>\n<meta name=\"twitter:label1\" content=\"Szacowany czas czytania\" \/>\n\t<meta name=\"twitter:data1\" content=\"2 minuty\" \/>\n<script type=\"application\/ld+json\" class=\"yoast-schema-graph\">{\"@context\":\"https:\\\/\\\/schema.org\",\"@graph\":[{\"@type\":\"WebPage\",\"@id\":\"https:\\\/\\\/ekoenergetyka.com\\\/pl\\\/podcast\\\/czy-to-juz-ten-czas-aby-przesiasc-sie-na-auto-elektryczne\\\/\",\"url\":\"https:\\\/\\\/ekoenergetyka.com\\\/pl\\\/podcast\\\/czy-to-juz-ten-czas-aby-przesiasc-sie-na-auto-elektryczne\\\/\",\"name\":\"Czy to ju\u017c ten czas, aby przesi\u0105\u015b\u0107 si\u0119 na auto elektryczne? | Ekoenergetyka\",\"isPartOf\":{\"@id\":\"https:\\\/\\\/ekoenergetyka.com\\\/pl\\\/#website\"},\"primaryImageOfPage\":{\"@id\":\"https:\\\/\\\/ekoenergetyka.com\\\/pl\\\/podcast\\\/czy-to-juz-ten-czas-aby-przesiasc-sie-na-auto-elektryczne\\\/#primaryimage\"},\"image\":{\"@id\":\"https:\\\/\\\/ekoenergetyka.com\\\/pl\\\/podcast\\\/czy-to-juz-ten-czas-aby-przesiasc-sie-na-auto-elektryczne\\\/#primaryimage\"},\"thumbnailUrl\":\"https:\\\/\\\/ekoenergetyka.com\\\/wp-content\\\/uploads\\\/2024\\\/02\\\/ev-generation-odcinek-1-1.jpg\",\"datePublished\":\"2024-02-29T08:04:20+00:00\",\"dateModified\":\"2024-03-14T12:23:28+00:00\",\"description\":\"Czy to ju\u017c ten czas, by zakupi\u0107 auto elektryczne? To g\u0142\u00f3wny temat rozmowy Mariny Vitovtovej i Daniela Grzyba, prowadz\u0105cego jednego z najwi\u0119kszych kana\u0142\u00f3w na polskim YouTube o elektromobilno\u015bci oraz w\u0142a\u015bciciela wypo\u017cyczalni aut elektrycznych Ev Rent.\",\"breadcrumb\":{\"@id\":\"https:\\\/\\\/ekoenergetyka.com\\\/pl\\\/podcast\\\/czy-to-juz-ten-czas-aby-przesiasc-sie-na-auto-elektryczne\\\/#breadcrumb\"},\"inLanguage\":\"pl-PL\",\"potentialAction\":[{\"@type\":\"ReadAction\",\"target\":[\"https:\\\/\\\/ekoenergetyka.com\\\/pl\\\/podcast\\\/czy-to-juz-ten-czas-aby-przesiasc-sie-na-auto-elektryczne\\\/\"]}]},{\"@type\":\"ImageObject\",\"inLanguage\":\"pl-PL\",\"@id\":\"https:\\\/\\\/ekoenergetyka.com\\\/pl\\\/podcast\\\/czy-to-juz-ten-czas-aby-przesiasc-sie-na-auto-elektryczne\\\/#primaryimage\",\"url\":\"https:\\\/\\\/ekoenergetyka.com\\\/wp-content\\\/uploads\\\/2024\\\/02\\\/ev-generation-odcinek-1-1.jpg\",\"contentUrl\":\"https:\\\/\\\/ekoenergetyka.com\\\/wp-content\\\/uploads\\\/2024\\\/02\\\/ev-generation-odcinek-1-1.jpg\",\"width\":1280,\"height\":720},{\"@type\":\"BreadcrumbList\",\"@id\":\"https:\\\/\\\/ekoenergetyka.com\\\/pl\\\/podcast\\\/czy-to-juz-ten-czas-aby-przesiasc-sie-na-auto-elektryczne\\\/#breadcrumb\",\"itemListElement\":[{\"@type\":\"ListItem\",\"position\":1,\"name\":\"Strona G\u0142\u00f3wna\",\"item\":\"https:\\\/\\\/ekoenergetyka.com\\\/pl\\\/\"},{\"@type\":\"ListItem\",\"position\":2,\"name\":\"Podcast\",\"item\":\"https:\\\/\\\/ekoenergetyka.com\\\/pl\\\/podcast\\\/\"},{\"@type\":\"ListItem\",\"position\":3,\"name\":\"Czy to ju\u017c ten czas, aby przesi\u0105\u015b\u0107 si\u0119 na auto elektryczne?\"}]},{\"@type\":\"WebSite\",\"@id\":\"https:\\\/\\\/ekoenergetyka.com\\\/pl\\\/#website\",\"url\":\"https:\\\/\\\/ekoenergetyka.com\\\/pl\\\/\",\"name\":\"Ekoenergetyka\",\"description\":\"\",\"publisher\":{\"@id\":\"https:\\\/\\\/ekoenergetyka.com\\\/pl\\\/#organization\"},\"potentialAction\":[{\"@type\":\"SearchAction\",\"target\":{\"@type\":\"EntryPoint\",\"urlTemplate\":\"https:\\\/\\\/ekoenergetyka.com\\\/pl\\\/?s={search_term_string}\"},\"query-input\":{\"@type\":\"PropertyValueSpecification\",\"valueRequired\":true,\"valueName\":\"search_term_string\"}}],\"inLanguage\":\"pl-PL\"},{\"@type\":\"Organization\",\"@id\":\"https:\\\/\\\/ekoenergetyka.com\\\/pl\\\/#organization\",\"name\":\"Ekoenergetyka - Polska S.A.\",\"url\":\"https:\\\/\\\/ekoenergetyka.com\\\/pl\\\/\",\"logo\":{\"@type\":\"ImageObject\",\"inLanguage\":\"pl-PL\",\"@id\":\"https:\\\/\\\/ekoenergetyka.com\\\/pl\\\/#\\\/schema\\\/logo\\\/image\\\/\",\"url\":\"https:\\\/\\\/ekoenergetyka.com\\\/wp-content\\\/uploads\\\/2024\\\/11\\\/cropped-sygnet-bez-tla-black-1-2.png\",\"contentUrl\":\"https:\\\/\\\/ekoenergetyka.com\\\/wp-content\\\/uploads\\\/2024\\\/11\\\/cropped-sygnet-bez-tla-black-1-2.png\",\"width\":512,\"height\":512,\"caption\":\"Ekoenergetyka - Polska S.A.\"},\"image\":{\"@id\":\"https:\\\/\\\/ekoenergetyka.com\\\/pl\\\/#\\\/schema\\\/logo\\\/image\\\/\"},\"sameAs\":[\"https:\\\/\\\/www.facebook.com\\\/ekoenergetykaPolska\\\/\",\"https:\\\/\\\/www.linkedin.com\\\/company\\\/ekoenergetyka\",\"https:\\\/\\\/www.youtube.com\\\/channel\\\/UCfZM_rPDdrv6D0JB-uhWi8Q\\\/videos\"],\"description\":\"Established in 2009 Poland with a sole purpose of providing charging solutions, we are one of the pioneers in the e-mobility industry. In a decade, Ekoenergetyka has grown from 2 to more than 400 employees (currently around 1,000) and has acquired customers throughout Europe and are now a Central and Eastern European leader in charging technologies.\",\"email\":\"contact@ekoenergetyka.com.pl\",\"telephone\":\"+ 48 68 328 20 68\",\"numberOfEmployees\":{\"@type\":\"QuantitativeValue\",\"minValue\":\"501\",\"maxValue\":\"1000\"}}]}<\/script>\n<!-- \/ Yoast SEO Premium plugin. -->","yoast_head_json":{"title":"Czy to ju\u017c ten czas, aby przesi\u0105\u015b\u0107 si\u0119 na auto elektryczne? | Ekoenergetyka","description":"Czy to ju\u017c ten czas, by zakupi\u0107 auto elektryczne? To g\u0142\u00f3wny temat rozmowy Mariny Vitovtovej i Daniela Grzyba, prowadz\u0105cego jednego z najwi\u0119kszych kana\u0142\u00f3w na polskim YouTube o elektromobilno\u015bci oraz w\u0142a\u015bciciela wypo\u017cyczalni aut elektrycznych Ev Rent.","robots":{"index":"index","follow":"follow","max-snippet":"max-snippet:-1","max-image-preview":"max-image-preview:large","max-video-preview":"max-video-preview:-1"},"canonical":"https:\/\/ekoenergetyka.com\/pl\/podcast\/czy-to-juz-ten-czas-aby-przesiasc-sie-na-auto-elektryczne\/","og_locale":"pl_PL","og_type":"article","og_title":"Czy to ju\u017c ten czas, aby przesi\u0105\u015b\u0107 si\u0119 na auto elektryczne?","og_description":"Czy to ju\u017c ten czas, by zakupi\u0107 auto elektryczne? To g\u0142\u00f3wny temat rozmowy Mariny Vitovtovej i Daniela Grzyba, prowadz\u0105cego jednego z najwi\u0119kszych kana\u0142\u00f3w na polskim YouTube o elektromobilno\u015bci oraz w\u0142a\u015bciciela wypo\u017cyczalni aut elektrycznych Ev Rent.","og_url":"https:\/\/ekoenergetyka.com\/pl\/podcast\/czy-to-juz-ten-czas-aby-przesiasc-sie-na-auto-elektryczne\/","og_site_name":"Ekoenergetyka","article_publisher":"https:\/\/www.facebook.com\/ekoenergetykaPolska\/","article_modified_time":"2024-03-14T12:23:28+00:00","og_image":[{"width":1280,"height":720,"url":"https:\/\/ekoenergetyka.com\/wp-content\/uploads\/2024\/02\/ev-generation-odcinek-1-1.jpg","type":"image\/jpeg"}],"twitter_card":"summary_large_image","twitter_misc":{"Szacowany czas czytania":"2 minuty"},"schema":{"@context":"https:\/\/schema.org","@graph":[{"@type":"WebPage","@id":"https:\/\/ekoenergetyka.com\/pl\/podcast\/czy-to-juz-ten-czas-aby-przesiasc-sie-na-auto-elektryczne\/","url":"https:\/\/ekoenergetyka.com\/pl\/podcast\/czy-to-juz-ten-czas-aby-przesiasc-sie-na-auto-elektryczne\/","name":"Czy to ju\u017c ten czas, aby przesi\u0105\u015b\u0107 si\u0119 na auto elektryczne? | Ekoenergetyka","isPartOf":{"@id":"https:\/\/ekoenergetyka.com\/pl\/#website"},"primaryImageOfPage":{"@id":"https:\/\/ekoenergetyka.com\/pl\/podcast\/czy-to-juz-ten-czas-aby-przesiasc-sie-na-auto-elektryczne\/#primaryimage"},"image":{"@id":"https:\/\/ekoenergetyka.com\/pl\/podcast\/czy-to-juz-ten-czas-aby-przesiasc-sie-na-auto-elektryczne\/#primaryimage"},"thumbnailUrl":"https:\/\/ekoenergetyka.com\/wp-content\/uploads\/2024\/02\/ev-generation-odcinek-1-1.jpg","datePublished":"2024-02-29T08:04:20+00:00","dateModified":"2024-03-14T12:23:28+00:00","description":"Czy to ju\u017c ten czas, by zakupi\u0107 auto elektryczne? To g\u0142\u00f3wny temat rozmowy Mariny Vitovtovej i Daniela Grzyba, prowadz\u0105cego jednego z najwi\u0119kszych kana\u0142\u00f3w na polskim YouTube o elektromobilno\u015bci oraz w\u0142a\u015bciciela wypo\u017cyczalni aut elektrycznych Ev Rent.","breadcrumb":{"@id":"https:\/\/ekoenergetyka.com\/pl\/podcast\/czy-to-juz-ten-czas-aby-przesiasc-sie-na-auto-elektryczne\/#breadcrumb"},"inLanguage":"pl-PL","potentialAction":[{"@type":"ReadAction","target":["https:\/\/ekoenergetyka.com\/pl\/podcast\/czy-to-juz-ten-czas-aby-przesiasc-sie-na-auto-elektryczne\/"]}]},{"@type":"ImageObject","inLanguage":"pl-PL","@id":"https:\/\/ekoenergetyka.com\/pl\/podcast\/czy-to-juz-ten-czas-aby-przesiasc-sie-na-auto-elektryczne\/#primaryimage","url":"https:\/\/ekoenergetyka.com\/wp-content\/uploads\/2024\/02\/ev-generation-odcinek-1-1.jpg","contentUrl":"https:\/\/ekoenergetyka.com\/wp-content\/uploads\/2024\/02\/ev-generation-odcinek-1-1.jpg","width":1280,"height":720},{"@type":"BreadcrumbList","@id":"https:\/\/ekoenergetyka.com\/pl\/podcast\/czy-to-juz-ten-czas-aby-przesiasc-sie-na-auto-elektryczne\/#breadcrumb","itemListElement":[{"@type":"ListItem","position":1,"name":"Strona G\u0142\u00f3wna","item":"https:\/\/ekoenergetyka.com\/pl\/"},{"@type":"ListItem","position":2,"name":"Podcast","item":"https:\/\/ekoenergetyka.com\/pl\/podcast\/"},{"@type":"ListItem","position":3,"name":"Czy to ju\u017c ten czas, aby przesi\u0105\u015b\u0107 si\u0119 na auto elektryczne?"}]},{"@type":"WebSite","@id":"https:\/\/ekoenergetyka.com\/pl\/#website","url":"https:\/\/ekoenergetyka.com\/pl\/","name":"Ekoenergetyka","description":"","publisher":{"@id":"https:\/\/ekoenergetyka.com\/pl\/#organization"},"potentialAction":[{"@type":"SearchAction","target":{"@type":"EntryPoint","urlTemplate":"https:\/\/ekoenergetyka.com\/pl\/?s={search_term_string}"},"query-input":{"@type":"PropertyValueSpecification","valueRequired":true,"valueName":"search_term_string"}}],"inLanguage":"pl-PL"},{"@type":"Organization","@id":"https:\/\/ekoenergetyka.com\/pl\/#organization","name":"Ekoenergetyka - Polska S.A.","url":"https:\/\/ekoenergetyka.com\/pl\/","logo":{"@type":"ImageObject","inLanguage":"pl-PL","@id":"https:\/\/ekoenergetyka.com\/pl\/#\/schema\/logo\/image\/","url":"https:\/\/ekoenergetyka.com\/wp-content\/uploads\/2024\/11\/cropped-sygnet-bez-tla-black-1-2.png","contentUrl":"https:\/\/ekoenergetyka.com\/wp-content\/uploads\/2024\/11\/cropped-sygnet-bez-tla-black-1-2.png","width":512,"height":512,"caption":"Ekoenergetyka - Polska S.A."},"image":{"@id":"https:\/\/ekoenergetyka.com\/pl\/#\/schema\/logo\/image\/"},"sameAs":["https:\/\/www.facebook.com\/ekoenergetykaPolska\/","https:\/\/www.linkedin.com\/company\/ekoenergetyka","https:\/\/www.youtube.com\/channel\/UCfZM_rPDdrv6D0JB-uhWi8Q\/videos"],"description":"Established in 2009 Poland with a sole purpose of providing charging solutions, we are one of the pioneers in the e-mobility industry. In a decade, Ekoenergetyka has grown from 2 to more than 400 employees (currently around 1,000) and has acquired customers throughout Europe and are now a Central and Eastern European leader in charging technologies.","email":"contact@ekoenergetyka.com.pl","telephone":"+ 48 68 328 20 68","numberOfEmployees":{"@type":"QuantitativeValue","minValue":"501","maxValue":"1000"}}]}},"_links":{"self":[{"href":"https:\/\/ekoenergetyka.com\/pl\/wp-json\/wp\/v2\/podcast\/32668","targetHints":{"allow":["GET"]}}],"collection":[{"href":"https:\/\/ekoenergetyka.com\/pl\/wp-json\/wp\/v2\/podcast"}],"about":[{"href":"https:\/\/ekoenergetyka.com\/pl\/wp-json\/wp\/v2\/types\/podcast"}],"wp:featuredmedia":[{"embeddable":true,"href":"https:\/\/ekoenergetyka.com\/pl\/wp-json\/wp\/v2\/media\/32674"}],"wp:attachment":[{"href":"https:\/\/ekoenergetyka.com\/pl\/wp-json\/wp\/v2\/media?parent=32668"}],"curies":[{"name":"wp","href":"https:\/\/api.w.org\/{rel}","templated":true}]}}