{"id":32364,"date":"2024-02-15T15:24:42","date_gmt":"2024-02-15T14:24:42","guid":{"rendered":"https:\/\/ekoenergetyka.com\/?post_type=podcast&#038;p=32364"},"modified":"2024-06-25T14:17:22","modified_gmt":"2024-06-25T12:17:22","slug":"o-czym-bedziemy-rozmawiac-w-podcascie-ev-generation","status":"publish","type":"podcast","link":"https:\/\/ekoenergetyka.com\/pl\/podcast\/o-czym-bedziemy-rozmawiac-w-podcascie-ev-generation\/","title":{"rendered":"O czym b\u0119dziemy rozmawia\u0107 w podca\u015bcie EV Generation?"},"content":{"rendered":"\n<iframe loading=\"lazy\"  class=\"iframe-yt\" width=\"100%\" height=\"562\" src=\"https:\/\/www.youtube.com\/embed\/9OSDLfZ237k?si=BLfgdRsvTjKoTeEC\" title=\"YouTube video player\" frameborder=\"0\" allow=\"accelerometer; autoplay; clipboard-write; encrypted-media; gyroscope; picture-in-picture; web-share\" allowfullscreen><\/iframe>\n\n\n\n<div style=\"height:1em\" aria-hidden=\"true\" class=\"wp-block-spacer\"><\/div>\n\n\n\n<p><strong>LUB POS\u0141UCHAJ:<\/strong><\/p>\n\n\n\n<a class=\"spreaker-player\" href=\"https:\/\/www.spreaker.com\/episode\/o-czym-bedziemy-rozmawiac-w-podcascie-ev-generation--58654701\" data-resource=\"episode_id=58654701\" data-width=\"100%\" data-height=\"200px\" data-theme=\"light\" data-playlist=\"false\" data-playlist-continuous=\"false\" data-chapters-image=\"true\" data-episode-image-position=\"left\" data-hide-logo=\"true\" data-hide-likes=\"true\" data-hide-comments=\"true\" data-hide-sharing=\"true\" data-hide-download=\"true\" data-color=\"0096a0\">Pos\u0142uchaj \"O czym b\u0119dziemy rozmawia\u0107 w podca\u015bcie EV Generation?\" na Spreaker.<\/a>\n\n\n\n<div style=\"height:1em\" aria-hidden=\"true\" class=\"wp-block-spacer\"><\/div>\n\n\n\n<p><strong>EV Generation<\/strong> to podcast, kt\u00f3ry zg\u0142\u0119bia \u015bwiat elektromobilno\u015bci w spos\u00f3b praktyczny i inspiruj\u0105cy!<\/p>\n\n\n\n<ul class=\"wp-block-list\">\n<li>Czy nadszed\u0142 ju\u017c czas, aby zainwestowa\u0107 w auto elektryczne?<\/li>\n\n\n\n<li>Jakie wyzwania przynosi elektromobilno\u015b\u0107?<\/li>\n\n\n\n<li>Jak\u0105 przysz\u0142o\u015b\u0107 niesie za sob\u0105 nowa technologia?<\/li>\n\n\n\n<li>Czy auta elektryczne s\u0105 gotowe na d\u0142u\u017csze podr\u00f3\u017ce?<\/li>\n<\/ul>\n\n\n\n<p>Odpowiedzi na te pytania oraz wiele wi\u0119cej znajdziesz w naszym podca\u015bcie.<a href=\"https:\/\/www.linkedin.com\/in\/marina-vitovtova-778a02b8\/\" target=\"_blank\" rel=\"noreferrer noopener\"> <\/a><strong><a href=\"https:\/\/www.linkedin.com\/in\/marina-vitovtova-778a02b8\/\" target=\"_blank\" rel=\"noreferrer noopener\">Marina Vitovtova<\/a> <\/strong>i<a href=\"https:\/\/www.linkedin.com\/in\/agata-rz%C4%99dowska-42638b139\/\" target=\"_blank\" rel=\"noreferrer noopener\"> <strong>Agata Rz\u0119dowska<\/strong><\/a> przeprowadz\u0105 Ci\u0119 przez tematy od ekologii i technologii do stylu \u017cycia oraz trend\u00f3w mobilno\u015bci.&nbsp;<\/p>\n\n\n\n<p>W podca\u015bcie rozmawiamy o globalnych trendach rozwoju bran\u017cy, a tak\u017ce zag\u0142\u0119biamy si\u0119 w konkretne kwestie, takie jak zakup elektryka, praktyczne rady, jak podr\u00f3\u017cowa\u0107 po Europie samochodem elektrycznym lub jak w rzeczywisto\u015bci wygl\u0105da serwisowanie takich aut. B\u0119dziemy te\u017c odkrywa\u0107 nowe aspekty elektromobilno\u015bci, zastanawiaj\u0105c si\u0119, jak najnowsze technologie, takie jak MCS i Plug&amp;Charge, wp\u0142ywaj\u0105 na bran\u017c\u0119 oraz jak przepisy AFIR kszta\u0142tuj\u0105 strategi\u0119 firm.<\/p>\n\n\n\n<p>\ud83d\udcec Do\u0142\u0105cz do naszego <strong><a href=\"#newsletter\"><u>newslettera<\/u><\/a><\/strong> i otrzymuj najnowsze wiadomo\u015bci, trendy i artyku\u0142y bezpo\u015brednio na swoj\u0105 skrzynk\u0119 e-mailow\u0105.<\/p>\n","protected":false},"excerpt":{"rendered":"<p>EV Generation to podcast, kt\u00f3ry zg\u0142\u0119bia \u015bwiat elektromobilno\u015bci w spos\u00f3b praktyczny i inspiruj\u0105cy! Czy nadszed\u0142 ju\u017c czas, aby zainwestowa\u0107 w auto elektryczne? Jakie wyzwania przynosi elektromobilno\u015b\u0107?<br \/>\nJak\u0105 przysz\u0142o\u015b\u0107 niesie za sob\u0105 nowa technologia? Czy auta elektryczne s\u0105 gotowe na d\u0142u\u017csze podr\u00f3\u017ce? <\/p>\n","protected":false},"featured_media":32355,"template":"","class_list":["post-32364","podcast","type-podcast","status-publish","has-post-thumbnail","hentry"],"acf":[],"yoast_head":"<!-- This site is optimized with the Yoast SEO Premium plugin v27.3 (Yoast SEO v27.4) - https:\/\/yoast.com\/product\/yoast-seo-premium-wordpress\/ -->\n<title>O czym b\u0119dziemy rozmawia\u0107 w podca\u015bcie EV Generation? | Ekoenergetyka<\/title>\n<meta name=\"description\" content=\"W podca\u015bcie rozmawiamy o globalnych trendach rozwoju bran\u017cy, a tak\u017ce zag\u0142\u0119biamy si\u0119 w konkretne kwestie, takie jak zakup elektryka, praktyczne rady, jak podr\u00f3\u017cowa\u0107 po Europie samochodem elektrycznym lub jak w rzeczywisto\u015bci wygl\u0105da serwisowanie...\" \/>\n<meta name=\"robots\" content=\"index, follow, max-snippet:-1, max-image-preview:large, max-video-preview:-1\" \/>\n<link rel=\"canonical\" href=\"https:\/\/ekoenergetyka.com\/pl\/podcast\/o-czym-bedziemy-rozmawiac-w-podcascie-ev-generation\/\" \/>\n<meta property=\"og:locale\" content=\"pl_PL\" \/>\n<meta property=\"og:type\" content=\"article\" \/>\n<meta property=\"og:title\" content=\"O czym b\u0119dziemy rozmawia\u0107 w podca\u015bcie EV Generation?\" \/>\n<meta property=\"og:description\" content=\"W podca\u015bcie rozmawiamy o globalnych trendach rozwoju bran\u017cy, a tak\u017ce zag\u0142\u0119biamy si\u0119 w konkretne kwestie, takie jak zakup elektryka, praktyczne rady, jak podr\u00f3\u017cowa\u0107 po Europie samochodem elektrycznym lub jak w rzeczywisto\u015bci wygl\u0105da serwisowanie...\" \/>\n<meta property=\"og:url\" content=\"https:\/\/ekoenergetyka.com\/pl\/podcast\/o-czym-bedziemy-rozmawiac-w-podcascie-ev-generation\/\" \/>\n<meta property=\"og:site_name\" content=\"Ekoenergetyka\" \/>\n<meta property=\"article:publisher\" content=\"https:\/\/www.facebook.com\/ekoenergetykaPolska\/\" \/>\n<meta property=\"article:modified_time\" content=\"2024-06-25T12:17:22+00:00\" \/>\n<meta property=\"og:image\" content=\"https:\/\/ekoenergetyka.com\/wp-content\/uploads\/2024\/02\/podcast-odcinek-1.jpg\" \/>\n\t<meta property=\"og:image:width\" content=\"1920\" \/>\n\t<meta property=\"og:image:height\" content=\"1080\" \/>\n\t<meta property=\"og:image:type\" content=\"image\/jpeg\" \/>\n<meta name=\"twitter:card\" content=\"summary_large_image\" \/>\n<meta name=\"twitter:label1\" content=\"Szacowany czas czytania\" \/>\n\t<meta name=\"twitter:data1\" content=\"1 minuta\" \/>\n<script type=\"application\/ld+json\" class=\"yoast-schema-graph\">{\"@context\":\"https:\\\/\\\/schema.org\",\"@graph\":[{\"@type\":\"WebPage\",\"@id\":\"https:\\\/\\\/ekoenergetyka.com\\\/pl\\\/podcast\\\/o-czym-bedziemy-rozmawiac-w-podcascie-ev-generation\\\/\",\"url\":\"https:\\\/\\\/ekoenergetyka.com\\\/pl\\\/podcast\\\/o-czym-bedziemy-rozmawiac-w-podcascie-ev-generation\\\/\",\"name\":\"O czym b\u0119dziemy rozmawia\u0107 w podca\u015bcie EV Generation? | Ekoenergetyka\",\"isPartOf\":{\"@id\":\"https:\\\/\\\/ekoenergetyka.com\\\/pl\\\/#website\"},\"primaryImageOfPage\":{\"@id\":\"https:\\\/\\\/ekoenergetyka.com\\\/pl\\\/podcast\\\/o-czym-bedziemy-rozmawiac-w-podcascie-ev-generation\\\/#primaryimage\"},\"image\":{\"@id\":\"https:\\\/\\\/ekoenergetyka.com\\\/pl\\\/podcast\\\/o-czym-bedziemy-rozmawiac-w-podcascie-ev-generation\\\/#primaryimage\"},\"thumbnailUrl\":\"https:\\\/\\\/ekoenergetyka.com\\\/wp-content\\\/uploads\\\/2024\\\/02\\\/podcast-odcinek-1.jpg\",\"datePublished\":\"2024-02-15T14:24:42+00:00\",\"dateModified\":\"2024-06-25T12:17:22+00:00\",\"description\":\"W podca\u015bcie rozmawiamy o globalnych trendach rozwoju bran\u017cy, a tak\u017ce zag\u0142\u0119biamy si\u0119 w konkretne kwestie, takie jak zakup elektryka, praktyczne rady, jak podr\u00f3\u017cowa\u0107 po Europie samochodem elektrycznym lub jak w rzeczywisto\u015bci wygl\u0105da serwisowanie...\",\"breadcrumb\":{\"@id\":\"https:\\\/\\\/ekoenergetyka.com\\\/pl\\\/podcast\\\/o-czym-bedziemy-rozmawiac-w-podcascie-ev-generation\\\/#breadcrumb\"},\"inLanguage\":\"pl-PL\",\"potentialAction\":[{\"@type\":\"ReadAction\",\"target\":[\"https:\\\/\\\/ekoenergetyka.com\\\/pl\\\/podcast\\\/o-czym-bedziemy-rozmawiac-w-podcascie-ev-generation\\\/\"]}]},{\"@type\":\"ImageObject\",\"inLanguage\":\"pl-PL\",\"@id\":\"https:\\\/\\\/ekoenergetyka.com\\\/pl\\\/podcast\\\/o-czym-bedziemy-rozmawiac-w-podcascie-ev-generation\\\/#primaryimage\",\"url\":\"https:\\\/\\\/ekoenergetyka.com\\\/wp-content\\\/uploads\\\/2024\\\/02\\\/podcast-odcinek-1.jpg\",\"contentUrl\":\"https:\\\/\\\/ekoenergetyka.com\\\/wp-content\\\/uploads\\\/2024\\\/02\\\/podcast-odcinek-1.jpg\",\"width\":1920,\"height\":1080},{\"@type\":\"BreadcrumbList\",\"@id\":\"https:\\\/\\\/ekoenergetyka.com\\\/pl\\\/podcast\\\/o-czym-bedziemy-rozmawiac-w-podcascie-ev-generation\\\/#breadcrumb\",\"itemListElement\":[{\"@type\":\"ListItem\",\"position\":1,\"name\":\"Strona G\u0142\u00f3wna\",\"item\":\"https:\\\/\\\/ekoenergetyka.com\\\/pl\\\/\"},{\"@type\":\"ListItem\",\"position\":2,\"name\":\"Podcast\",\"item\":\"https:\\\/\\\/ekoenergetyka.com\\\/pl\\\/podcast\\\/\"},{\"@type\":\"ListItem\",\"position\":3,\"name\":\"O czym b\u0119dziemy rozmawia\u0107 w podca\u015bcie EV Generation?\"}]},{\"@type\":\"WebSite\",\"@id\":\"https:\\\/\\\/ekoenergetyka.com\\\/pl\\\/#website\",\"url\":\"https:\\\/\\\/ekoenergetyka.com\\\/pl\\\/\",\"name\":\"Ekoenergetyka\",\"description\":\"\",\"publisher\":{\"@id\":\"https:\\\/\\\/ekoenergetyka.com\\\/pl\\\/#organization\"},\"potentialAction\":[{\"@type\":\"SearchAction\",\"target\":{\"@type\":\"EntryPoint\",\"urlTemplate\":\"https:\\\/\\\/ekoenergetyka.com\\\/pl\\\/?s={search_term_string}\"},\"query-input\":{\"@type\":\"PropertyValueSpecification\",\"valueRequired\":true,\"valueName\":\"search_term_string\"}}],\"inLanguage\":\"pl-PL\"},{\"@type\":\"Organization\",\"@id\":\"https:\\\/\\\/ekoenergetyka.com\\\/pl\\\/#organization\",\"name\":\"Ekoenergetyka - Polska S.A.\",\"url\":\"https:\\\/\\\/ekoenergetyka.com\\\/pl\\\/\",\"logo\":{\"@type\":\"ImageObject\",\"inLanguage\":\"pl-PL\",\"@id\":\"https:\\\/\\\/ekoenergetyka.com\\\/pl\\\/#\\\/schema\\\/logo\\\/image\\\/\",\"url\":\"https:\\\/\\\/ekoenergetyka.com\\\/wp-content\\\/uploads\\\/2024\\\/11\\\/cropped-sygnet-bez-tla-black-1-2.png\",\"contentUrl\":\"https:\\\/\\\/ekoenergetyka.com\\\/wp-content\\\/uploads\\\/2024\\\/11\\\/cropped-sygnet-bez-tla-black-1-2.png\",\"width\":512,\"height\":512,\"caption\":\"Ekoenergetyka - Polska S.A.\"},\"image\":{\"@id\":\"https:\\\/\\\/ekoenergetyka.com\\\/pl\\\/#\\\/schema\\\/logo\\\/image\\\/\"},\"sameAs\":[\"https:\\\/\\\/www.facebook.com\\\/ekoenergetykaPolska\\\/\",\"https:\\\/\\\/www.linkedin.com\\\/company\\\/ekoenergetyka\",\"https:\\\/\\\/www.youtube.com\\\/channel\\\/UCfZM_rPDdrv6D0JB-uhWi8Q\\\/videos\"],\"description\":\"Established in 2009 Poland with a sole purpose of providing charging solutions, we are one of the pioneers in the e-mobility industry. In a decade, Ekoenergetyka has grown from 2 to more than 400 employees (currently around 1,000) and has acquired customers throughout Europe and are now a Central and Eastern European leader in charging technologies.\",\"email\":\"contact@ekoenergetyka.com.pl\",\"telephone\":\"+ 48 68 328 20 68\",\"numberOfEmployees\":{\"@type\":\"QuantitativeValue\",\"minValue\":\"501\",\"maxValue\":\"1000\"}}]}<\/script>\n<!-- \/ Yoast SEO Premium plugin. -->","yoast_head_json":{"title":"O czym b\u0119dziemy rozmawia\u0107 w podca\u015bcie EV Generation? | Ekoenergetyka","description":"W podca\u015bcie rozmawiamy o globalnych trendach rozwoju bran\u017cy, a tak\u017ce zag\u0142\u0119biamy si\u0119 w konkretne kwestie, takie jak zakup elektryka, praktyczne rady, jak podr\u00f3\u017cowa\u0107 po Europie samochodem elektrycznym lub jak w rzeczywisto\u015bci wygl\u0105da serwisowanie...","robots":{"index":"index","follow":"follow","max-snippet":"max-snippet:-1","max-image-preview":"max-image-preview:large","max-video-preview":"max-video-preview:-1"},"canonical":"https:\/\/ekoenergetyka.com\/pl\/podcast\/o-czym-bedziemy-rozmawiac-w-podcascie-ev-generation\/","og_locale":"pl_PL","og_type":"article","og_title":"O czym b\u0119dziemy rozmawia\u0107 w podca\u015bcie EV Generation?","og_description":"W podca\u015bcie rozmawiamy o globalnych trendach rozwoju bran\u017cy, a tak\u017ce zag\u0142\u0119biamy si\u0119 w konkretne kwestie, takie jak zakup elektryka, praktyczne rady, jak podr\u00f3\u017cowa\u0107 po Europie samochodem elektrycznym lub jak w rzeczywisto\u015bci wygl\u0105da serwisowanie...","og_url":"https:\/\/ekoenergetyka.com\/pl\/podcast\/o-czym-bedziemy-rozmawiac-w-podcascie-ev-generation\/","og_site_name":"Ekoenergetyka","article_publisher":"https:\/\/www.facebook.com\/ekoenergetykaPolska\/","article_modified_time":"2024-06-25T12:17:22+00:00","og_image":[{"width":1920,"height":1080,"url":"https:\/\/ekoenergetyka.com\/wp-content\/uploads\/2024\/02\/podcast-odcinek-1.jpg","type":"image\/jpeg"}],"twitter_card":"summary_large_image","twitter_misc":{"Szacowany czas czytania":"1 minuta"},"schema":{"@context":"https:\/\/schema.org","@graph":[{"@type":"WebPage","@id":"https:\/\/ekoenergetyka.com\/pl\/podcast\/o-czym-bedziemy-rozmawiac-w-podcascie-ev-generation\/","url":"https:\/\/ekoenergetyka.com\/pl\/podcast\/o-czym-bedziemy-rozmawiac-w-podcascie-ev-generation\/","name":"O czym b\u0119dziemy rozmawia\u0107 w podca\u015bcie EV Generation? | Ekoenergetyka","isPartOf":{"@id":"https:\/\/ekoenergetyka.com\/pl\/#website"},"primaryImageOfPage":{"@id":"https:\/\/ekoenergetyka.com\/pl\/podcast\/o-czym-bedziemy-rozmawiac-w-podcascie-ev-generation\/#primaryimage"},"image":{"@id":"https:\/\/ekoenergetyka.com\/pl\/podcast\/o-czym-bedziemy-rozmawiac-w-podcascie-ev-generation\/#primaryimage"},"thumbnailUrl":"https:\/\/ekoenergetyka.com\/wp-content\/uploads\/2024\/02\/podcast-odcinek-1.jpg","datePublished":"2024-02-15T14:24:42+00:00","dateModified":"2024-06-25T12:17:22+00:00","description":"W podca\u015bcie rozmawiamy o globalnych trendach rozwoju bran\u017cy, a tak\u017ce zag\u0142\u0119biamy si\u0119 w konkretne kwestie, takie jak zakup elektryka, praktyczne rady, jak podr\u00f3\u017cowa\u0107 po Europie samochodem elektrycznym lub jak w rzeczywisto\u015bci wygl\u0105da serwisowanie...","breadcrumb":{"@id":"https:\/\/ekoenergetyka.com\/pl\/podcast\/o-czym-bedziemy-rozmawiac-w-podcascie-ev-generation\/#breadcrumb"},"inLanguage":"pl-PL","potentialAction":[{"@type":"ReadAction","target":["https:\/\/ekoenergetyka.com\/pl\/podcast\/o-czym-bedziemy-rozmawiac-w-podcascie-ev-generation\/"]}]},{"@type":"ImageObject","inLanguage":"pl-PL","@id":"https:\/\/ekoenergetyka.com\/pl\/podcast\/o-czym-bedziemy-rozmawiac-w-podcascie-ev-generation\/#primaryimage","url":"https:\/\/ekoenergetyka.com\/wp-content\/uploads\/2024\/02\/podcast-odcinek-1.jpg","contentUrl":"https:\/\/ekoenergetyka.com\/wp-content\/uploads\/2024\/02\/podcast-odcinek-1.jpg","width":1920,"height":1080},{"@type":"BreadcrumbList","@id":"https:\/\/ekoenergetyka.com\/pl\/podcast\/o-czym-bedziemy-rozmawiac-w-podcascie-ev-generation\/#breadcrumb","itemListElement":[{"@type":"ListItem","position":1,"name":"Strona G\u0142\u00f3wna","item":"https:\/\/ekoenergetyka.com\/pl\/"},{"@type":"ListItem","position":2,"name":"Podcast","item":"https:\/\/ekoenergetyka.com\/pl\/podcast\/"},{"@type":"ListItem","position":3,"name":"O czym b\u0119dziemy rozmawia\u0107 w podca\u015bcie EV Generation?"}]},{"@type":"WebSite","@id":"https:\/\/ekoenergetyka.com\/pl\/#website","url":"https:\/\/ekoenergetyka.com\/pl\/","name":"Ekoenergetyka","description":"","publisher":{"@id":"https:\/\/ekoenergetyka.com\/pl\/#organization"},"potentialAction":[{"@type":"SearchAction","target":{"@type":"EntryPoint","urlTemplate":"https:\/\/ekoenergetyka.com\/pl\/?s={search_term_string}"},"query-input":{"@type":"PropertyValueSpecification","valueRequired":true,"valueName":"search_term_string"}}],"inLanguage":"pl-PL"},{"@type":"Organization","@id":"https:\/\/ekoenergetyka.com\/pl\/#organization","name":"Ekoenergetyka - Polska S.A.","url":"https:\/\/ekoenergetyka.com\/pl\/","logo":{"@type":"ImageObject","inLanguage":"pl-PL","@id":"https:\/\/ekoenergetyka.com\/pl\/#\/schema\/logo\/image\/","url":"https:\/\/ekoenergetyka.com\/wp-content\/uploads\/2024\/11\/cropped-sygnet-bez-tla-black-1-2.png","contentUrl":"https:\/\/ekoenergetyka.com\/wp-content\/uploads\/2024\/11\/cropped-sygnet-bez-tla-black-1-2.png","width":512,"height":512,"caption":"Ekoenergetyka - Polska S.A."},"image":{"@id":"https:\/\/ekoenergetyka.com\/pl\/#\/schema\/logo\/image\/"},"sameAs":["https:\/\/www.facebook.com\/ekoenergetykaPolska\/","https:\/\/www.linkedin.com\/company\/ekoenergetyka","https:\/\/www.youtube.com\/channel\/UCfZM_rPDdrv6D0JB-uhWi8Q\/videos"],"description":"Established in 2009 Poland with a sole purpose of providing charging solutions, we are one of the pioneers in the e-mobility industry. In a decade, Ekoenergetyka has grown from 2 to more than 400 employees (currently around 1,000) and has acquired customers throughout Europe and are now a Central and Eastern European leader in charging technologies.","email":"contact@ekoenergetyka.com.pl","telephone":"+ 48 68 328 20 68","numberOfEmployees":{"@type":"QuantitativeValue","minValue":"501","maxValue":"1000"}}]}},"_links":{"self":[{"href":"https:\/\/ekoenergetyka.com\/pl\/wp-json\/wp\/v2\/podcast\/32364","targetHints":{"allow":["GET"]}}],"collection":[{"href":"https:\/\/ekoenergetyka.com\/pl\/wp-json\/wp\/v2\/podcast"}],"about":[{"href":"https:\/\/ekoenergetyka.com\/pl\/wp-json\/wp\/v2\/types\/podcast"}],"wp:featuredmedia":[{"embeddable":true,"href":"https:\/\/ekoenergetyka.com\/pl\/wp-json\/wp\/v2\/media\/32355"}],"wp:attachment":[{"href":"https:\/\/ekoenergetyka.com\/pl\/wp-json\/wp\/v2\/media?parent=32364"}],"curies":[{"name":"wp","href":"https:\/\/api.w.org\/{rel}","templated":true}]}}